{"id":148,"date":"2023-06-30T15:57:30","date_gmt":"2023-06-30T15:57:30","guid":{"rendered":"http:\/\/accesiatest.local\/?page_id=148"},"modified":"2024-08-29T21:29:36","modified_gmt":"2024-08-29T21:29:36","slug":"servicios","status":"publish","type":"page","link":"https:\/\/accesia.info\/va\/servicios\/","title":{"rendered":"Serveis"},"content":{"rendered":"<!--themify_builder_content-->\n<div id=\"themify_builder_content-148\" data-postid=\"148\" class=\"themify_builder_content themify_builder_content-148 themify_builder tf_clear\">\n    \t\t\t<!-- module_row -->\n\t<div  data-lazy=\"1\" class=\"module_row themify_builder_row tb_7bbq862 tb_first tf_w tf_clearfix\">\n\t    \t\t\t<div class=\"row_inner col_align_top tb_col_count_1 tf_box tf_rel\">\n\t\t            <div  data-lazy=\"1\" class=\"module_column tb-column col-full tb_ahvv862 first\">\n                                                        <div class=\"tb-column-inner tf_box tf_w\">\n                        <!-- module text -->\n<div  class=\"module module-text tb_s6oh862\" data-lazy=\"1\">\n        <div  class=\"tb_text_wrap\">\n    <h2 style=\"text-align: center;\"><strong>Els nostres serveis<\/strong><\/h2>    <\/div>\n<\/div>\n<!-- \/module text --><!-- module divider -->\n<div  class=\"module tf_mw module-divider tb_jvvn862 solid\" style=\"border-width: 3px;border-color: #ffffff;margin-top: 1px;\" data-lazy=\"1\" id=\"h1-servicios\">\n    <\/div>\n<!-- \/module divider -->\n                    <\/div><!-- .tb-column-inner -->\n                            <\/div><!-- .module_column -->\n            \t    <\/div><!-- .row_inner -->\n\t<\/div><!-- .module_row -->\n\t\t\t\t<!-- module_row -->\n\t<div  data-css_id=\"drms505\" data-lazy=\"1\" class=\"module_row themify_builder_row fullwidth tb_drms505 tf_w tf_clearfix\">\n\t    \t\t\t<div class=\"row_inner col_align_top tb_col_count_1 tf_box tf_rel\">\n\t\t            <div  data-lazy=\"1\" class=\"module_column tb-column col-full tb_dj30505 first\">\n                                                        <div class=\"tb-column-inner tf_box tf_w\">\n                        \t<div  data-lazy=\"1\" class=\"module_subrow themify_builder_sub_row tb_9s64505 tf_w tf_clearfix\">\n\t    \t\t\t<div class=\"subrow_inner col_align_top tb_col_count_2 tf_box tf_w\">\n\t\t            <div  data-lazy=\"1\" class=\"module_column sub_column col4-2 tb_24n4505 first\">\n                                                        <div class=\"tb-column-inner tf_box tf_w\">\n                        <!-- module text -->\n<div  class=\"module module-text tb_0iyq505  repeat\" data-lazy=\"1\">\n        <div  class=\"tb_text_wrap\">\n    <h3>Assistent d&#039;accessibilitat<\/h3>    <\/div>\n<\/div>\n<!-- \/module text --><!-- module text -->\n<div  class=\"module module-text tb_sldp505  repeat\" data-lazy=\"1\">\n        <div  class=\"tb_text_wrap\">\n    <p><span style=\"white-space-collapse: preserve;\">El nostre<strong> Assistent d&#039;accessibilitat<\/strong>, un panell que s&#039;integra al teu lloc web i <strong>adapta i refor\u00e7a els continguts per trencar les barreres d&#039;accessibilitat i que tots els usuaris puguin accedir, utilitzar i navegar al teu lloc web sense dificultats<\/strong>.<br><br>Compta amb diferents <strong>funcionalitats<\/strong> que li permeten <span style=\"font-weight: bold;\">adaptar el contingut de la teva web<\/span>, adequant-se a cada usuari i atenent les seves necessitats individuals.<\/span><\/p><p><span style=\"white-space-collapse: preserve;\">A m\u00e9s, <\/span><span style=\"background-color: transparent; font-family: Arial, sans-serif; font-size: 12pt; white-space-collapse: preserve;\"><b>col\u00b7laborem amb associacions de diversitat <\/b>per <b>construir, validar i millorar<\/b> la nostra eina.<\/span><\/p>    <\/div>\n<\/div>\n<!-- \/module text --><!-- module buttons -->\n<div  class=\"module module-buttons tb_xtop505 buttons-horizontal solid  rounded buttons-fullwidth\" data-lazy=\"1\">\n    \t<div class=\"module-buttons-item tf_inline_b\">\n\t\t\t\t\t\t\t<a href=\"\/asistente-accesibilidad\/\" class=\"ui builder_button tb_default_color\"  id=\"boton15\">\n\t\t\t\t\t\t\t\t\t\t\t<span class=\"tf_inline_b tf_vmiddle\">Veure m\u00e9s<\/span>\n\t\t\t\t\t\t\t\t\t<em class=\"tf_inline_b tf_vmiddle\"><svg  class=\"tf_fa tf-ti-angle-right\" aria-hidden=\"true\"><use href=\"#tf-ti-angle-right\"><\/use><\/svg><\/em>\t\t\t\t\t\t\t\t\t\t\t<\/a>\n\t\t\t    \t<\/div>\n    <\/div>\n<!-- \/module buttons -->\n<!-- module image -->\n<div  class=\"module module-image tb_psfz505 rounded drop-shadow bordered  image-overlay tf_mw\" data-lazy=\"1\">\n        <div class=\"image-wrap tf_rel tf_mw\">\n\t\t    <a href=\"\/asistente-accesibilidad\"\n\t       \t       >\n\t\t   \t\t<img loading=\"lazy\" decoding=\"async\" src=\"https:\/\/accesia.info\/wp-content\/uploads\/2023\/07\/web-accesible-ciegos-433x219.webp\" width=\"433\" height=\"219\" class=\"wp-post-image wp-image-167\" title=\"Teclat d&#039;ordinador amb bot\u00f3 d&#039;accessibilitat web\" alt=\"Teclado de ordenador con bot\u00f3n de accesibilidad web\">\t    <\/a>\n\t\n\t\n    \t\t\t<\/div>\n\t\t<!-- \/image-wrap -->\n\t<\/div>\n<!-- \/module image -->                    <\/div><!-- .tb-column-inner -->\n                            <\/div><!-- .module_column -->\n                        <div  data-lazy=\"1\" class=\"module_column sub_column col4-2 tb_wbbd236 last\">\n                                                        <div class=\"tb-column-inner tf_box tf_w\">\n                        <!-- module text -->\n<div  class=\"module module-text tb_dns9505  repeat\" data-lazy=\"1\">\n        <div  class=\"tb_text_wrap\">\n    <h3>Interpretaci\u00f3 de Signes per a esdeveniments<\/h3>    <\/div>\n<\/div>\n<!-- \/module text --><!-- module text -->\n<div  class=\"module module-text tb_5v1p505  repeat\" data-lazy=\"1\">\n        <div  class=\"tb_text_wrap\">\n    <p><span style=\"white-space-collapse: preserve;\">Posem a la teva disposici\u00f3 <span style=\"font-weight: bold;\">la nostra plantilla d&#039;int\u00e8rprets altament capacitats formada per professionals amb m\u00e9s de 10 anys d&#039;experi\u00e8ncia<\/span> per a:<\/span><\/p>\n<ul>\n<li><span style=\"white-space-collapse: preserve;\"><span style=\"font-weight: bold;\">confer\u00e8ncies<\/span><\/span><\/li>\n<li><span style=\"white-space-collapse: preserve;\"><span style=\"font-weight: bold;\">esdeveniments<\/span><\/span><\/li>\n<li><span style=\"white-space-collapse: preserve;\"><span style=\"font-weight: bold;\">sessions formatives, <\/span>etc<\/span><\/li>\n<\/ul>\n<p><span style=\"white-space-collapse: preserve;\"><span style=\"font-weight: bold;\">Tant en modalitat presencial com en l\u00ednia<\/span>, adaptem la comunicaci\u00f3 a les teves necessitats i garantim una experi\u00e8ncia fluida.<\/span><\/p>    <\/div>\n<\/div>\n<!-- \/module text --><!-- module buttons -->\n<div  class=\"module module-buttons tb_suk8505 buttons-horizontal solid  rounded buttons-fullwidth\" data-lazy=\"1\">\n    \t<div class=\"module-buttons-item tf_inline_b\">\n\t\t\t\t\t\t\t<a href=\"\/servicio-interpretacion-signos\/\" class=\"ui builder_button tb_default_color\"  id=\"boton16\">\n\t\t\t\t\t\t\t\t\t\t\t<span class=\"tf_inline_b tf_vmiddle\">Veure m\u00e9s<\/span>\n\t\t\t\t\t\t\t\t\t<em class=\"tf_inline_b tf_vmiddle\"><svg  class=\"tf_fa tf-ti-angle-right\" aria-hidden=\"true\"><use href=\"#tf-ti-angle-right\"><\/use><\/svg><\/em>\t\t\t\t\t\t\t\t\t\t\t<\/a>\n\t\t\t    \t<\/div>\n    <\/div>\n<!-- \/module buttons -->\n<!-- module image -->\n<div  class=\"module module-image tb_wwm7505 rounded drop-shadow bordered  image-overlay tf_mw\" data-lazy=\"1\">\n        <div class=\"image-wrap tf_rel tf_mw\">\n\t\t    <a href=\"\/servicio-interpretacion-signos\"\n\t       \t       >\n\t\t   \t\t<img loading=\"lazy\" decoding=\"async\" src=\"https:\/\/accesia.info\/wp-content\/uploads\/2023\/07\/gemma_ayats_1100x550_2-1024x512-433x219.jpg\" width=\"433\" height=\"219\" class=\"wp-post-image wp-image-162\" title=\"Servei d&#039;interpretaci\u00f3 de signes per a esdeveniments\" alt=\"La imagen muestra una persona interpretando en signos el contenido de los ponentes de un evento.\">\t    <\/a>\n\t\n\t\n    \t\t\t<\/div>\n\t\t<!-- \/image-wrap -->\n\t<\/div>\n<!-- \/module image -->                    <\/div><!-- .tb-column-inner -->\n                            <\/div><!-- .module_column -->\n            \t    <\/div><!-- .subrow_inner -->\n\t<\/div><!-- .themify_builder_sub_row -->\n\t\t<div  data-lazy=\"1\" class=\"module_subrow themify_builder_sub_row tb_a7dt505 tf_w tf_clearfix\">\n\t    \t\t\t<div class=\"subrow_inner col_align_top tb_col_count_2 tf_box tf_w\">\n\t\t            <div  data-lazy=\"1\" class=\"module_column sub_column col4-2 tb_6j71505 first\">\n                                                        <div class=\"tb-column-inner tf_box tf_w\">\n                        <!-- module text -->\n<div  class=\"module module-text tb_e4io505  repeat\" data-lazy=\"1\">\n        <div  class=\"tb_text_wrap\">\n    <h3>El teu lloc web en format App<\/h3>    <\/div>\n<\/div>\n<!-- \/module text --><!-- module text -->\n<div  class=\"module module-text tb_gns2505  repeat\" data-lazy=\"1\">\n        <div  class=\"tb_text_wrap\">\n    <p><span style=\"white-space-collapse: preserve;\">La teva web comptar\u00e0 amb la seva pr\u00f2pia <b>aplicaci\u00f3 per a Android, iPhone (iOS) i Windows<\/b>, sense necessitat de preocupar-se per la seva actualitzaci\u00f3 ni per la publicaci\u00f3 de les \u00faltimes not\u00edcies i contingut, ja que <b>s&#039;actualitzar\u00e0 autom\u00e0ticament<\/b> reflectint els canvis realitzats al lloc web.<\/span><\/p>\n<p><span style=\"white-space-collapse: preserve;\"><b>Qu\u00e8 passa si l&#039;aplicaci\u00f3 es troba en un lloc sense connexi\u00f3? <\/b>Cap problema. L&#039;aplicaci\u00f3 intentar\u00e0 connectar-vos per actualitzar el contingut m\u00e9s recent.<br><\/span><\/p>    <\/div>\n<\/div>\n<!-- \/module text --><!-- module buttons -->\n<div  class=\"module module-buttons tb_402p505 buttons-horizontal solid  rounded buttons-fullwidth\" data-lazy=\"1\">\n    \t<div class=\"module-buttons-item tf_inline_b\">\n\t\t\t\t\t\t\t<a href=\"\/tu-web-en-formato-app\/\" class=\"ui builder_button tb_default_color\"  title=\"Veure m\u00e9s 4\" id=\"boton17\">\n\t\t\t\t\t\t\t\t\t\t\t<span class=\"tf_inline_b tf_vmiddle\">Veure m\u00e9s<\/span>\n\t\t\t\t\t\t\t\t\t<em class=\"tf_inline_b tf_vmiddle\"><svg  class=\"tf_fa tf-ti-angle-right\" aria-hidden=\"true\"><use href=\"#tf-ti-angle-right\"><\/use><\/svg><\/em>\t\t\t\t\t\t\t\t\t\t\t<\/a>\n\t\t\t    \t<\/div>\n    <\/div>\n<!-- \/module buttons -->\n<!-- module image -->\n<div  class=\"module module-image tb_sjdc505 rounded drop-shadow bordered  image-overlay tf_mw\" data-lazy=\"1\">\n        <div class=\"image-wrap tf_rel tf_mw\">\n\t\t    <a href=\"\/contacto\"\n\t       \t       >\n\t\t   \t\t<img loading=\"lazy\" decoding=\"async\" src=\"https:\/\/accesia.info\/wp-content\/uploads\/2023\/07\/istockphoto-1130294493-612x612-1-433x219.jpg\" width=\"433\" height=\"219\" class=\"wp-post-image wp-image-166\" title=\"Pantalla inicial d&#039;un tel\u00e8fon intel\u00b7ligent.\" alt=\"La imagen muestra la pantalla de inicio de un tel\u00e9fono inteligente, con el \u00edcono del clima en primer plano. En la pantalla se encuentran listadas las aplicaciones m\u00f3viles instaladas.\">\t    <\/a>\n\t\n\t\n    \t\t\t<\/div>\n\t\t<!-- \/image-wrap -->\n\t<\/div>\n<!-- \/module image -->                    <\/div><!-- .tb-column-inner -->\n                            <\/div><!-- .module_column -->\n                        <div  data-lazy=\"1\" class=\"module_column sub_column col4-2 tb_sfoi716 last\">\n                                                        <div class=\"tb-column-inner tf_box tf_w\">\n                        <!-- module text -->\n<div  class=\"module module-text tb_http500  repeat\" data-lazy=\"1\">\n        <div  class=\"tb_text_wrap\">\n    <h3><strong>Productes jur\u00eddics<\/strong><\/h3>    <\/div>\n<\/div>\n<!-- \/module text --><!-- module text -->\n<div  class=\"module module-text tb_m2pg500  repeat\" data-lazy=\"1\">\n        <div  class=\"tb_text_wrap\">\n    <p><span style=\"white-space-collapse: preserve; font-size: 1em;\">En col\u00b7laboraci\u00f3 amb el prestigi\u00f3s bufet d&#039;advocats <span style=\"font-weight: bold; color: #2d5099;\">Advocat Amic<\/span> \u2013<span style=\"font-weight: bold;\">especialistes en Dret Civil, Mercantil i Noves tecnologies<\/span>-. ens assegurem de mantenir la integritat del teu lloc web, proporcionant un <span style=\"font-weight: bold;\">entorn segur i fiable que inspiri confian\u00e7a en els usuaris.<\/span><\/span>&nbsp;<\/p><div>\n<div><span style=\"white-space-collapse: preserve; font-size: 1em;\">Oferim tot tipus de serveis jur\u00eddics: <\/span><span style=\"white-space-collapse: preserve; font-size: 1em; font-weight: bold;\">plans antifrau<\/span><span style=\"white-space-collapse: preserve; font-size: 1em;\">, <\/span><span style=\"white-space-collapse: preserve; font-size: 1em; font-weight: bold;\">b\u00fastia an\u00f2nima de den\u00fancies<\/span><span style=\"white-space-collapse: preserve; font-size: 1em;\">, <\/span><span style=\"white-space-collapse: preserve; font-size: 1em; font-weight: bold;\">serveis de transpar\u00e8ncia i participaci\u00f3, consultoria en mat\u00e8ria de protecci\u00f3 de dades<\/span><span style=\"white-space-collapse: preserve; font-size: 1em;\">, etc.<\/span><\/div>\n<\/div>    <\/div>\n<\/div>\n<!-- \/module text --><!-- module buttons -->\n<div  class=\"module module-buttons tb_2e9q500 buttons-horizontal solid  rounded buttons-fullwidth\" data-lazy=\"1\">\n    \t<div class=\"module-buttons-item tf_inline_b\">\n\t\t\t\t\t\t\t<a href=\"\/contacto\/\" class=\"ui builder_button tb_default_color\"  id=\"boton9\">\n\t\t\t\t\t\t\t\t\t\t\t<span class=\"tf_inline_b tf_vmiddle\">Contactar<\/span>\n\t\t\t\t\t\t\t\t\t<em class=\"tf_inline_b tf_vmiddle\"><svg  class=\"tf_fa tf-ti-angle-right\" aria-hidden=\"true\"><use href=\"#tf-ti-angle-right\"><\/use><\/svg><\/em>\t\t\t\t\t\t\t\t\t\t\t<\/a>\n\t\t\t    \t<\/div>\n    <\/div>\n<!-- \/module buttons -->\n<!-- module image -->\n<div  class=\"module module-image tb_8axv500 rounded drop-shadow bordered  image-overlay tf_mw\" data-lazy=\"1\">\n        <div class=\"image-wrap tf_rel tf_mw\">\n\t\t    <a href=\"\/contacto\"\n\t       \t       >\n\t\t   \t\t<img loading=\"lazy\" decoding=\"async\" src=\"https:\/\/accesia.info\/wp-content\/uploads\/2023\/07\/istockphoto-1294453859-612x612-1-433x219.jpg\" width=\"433\" height=\"219\" class=\"wp-post-image wp-image-168\" title=\"Productes jur\u00eddics d&#039;Accessia\" alt=\"Un martillo de juez descansa sobre un libro de leyes abierto, con una balanza de justicia y una columna griega en el fondo.\">\t    <\/a>\n\t\n\t\n    \t\t\t<\/div>\n\t\t<!-- \/image-wrap -->\n\t<\/div>\n<!-- \/module image -->                    <\/div><!-- .tb-column-inner -->\n                            <\/div><!-- .module_column -->\n            \t    <\/div><!-- .subrow_inner -->\n\t<\/div><!-- .themify_builder_sub_row -->\n\t\t<div  data-lazy=\"1\" class=\"module_subrow themify_builder_sub_row tb_j5bi236 tf_w tf_clearfix\">\n\t    \t\t\t<div class=\"subrow_inner col_align_top tb_col_count_2 tf_box tf_w\">\n\t\t            <div  data-lazy=\"1\" class=\"module_column sub_column col4-2 tb_t37c236 first\">\n                                                        <div class=\"tb-column-inner tf_box tf_w\">\n                        <!-- module text -->\n<div  class=\"module module-text tb_z8cq505  repeat\" data-lazy=\"1\">\n        <div  class=\"tb_text_wrap\">\n    <h3>Estrat\u00e8gia i campanyes de comunicaci\u00f3<\/h3>    <\/div>\n<\/div>\n<!-- \/module text --><!-- module text -->\n<div  class=\"module module-text tb_l8nv505  repeat\" data-lazy=\"1\">\n        <div  class=\"tb_text_wrap\">\n    <p><span style=\"white-space-collapse: preserve;\">A Accessia <b>som experts en comunicaci\u00f3 per a AAPPs, empreses i tercer sector<\/b>. <\/span><\/p><p><span style=\"white-space-collapse: preserve;\">Tant <b>si la vostra organitzaci\u00f3 requereix de crear o redissenyar la vostra estrat\u00e8gia<\/b>, com si vol <b>dur-la a terme<\/b>, el nostre equip treballar\u00e0 colze a colze amb vosaltres. <\/span><\/p><p><span style=\"white-space-collapse: preserve;\">Sempre posarem al centre la nostra visi\u00f3 de la comunicaci\u00f3: <b>amb el major impacte possible i accessible per a tothom.<\/b>\n<\/span><\/p>    <\/div>\n<\/div>\n<!-- \/module text --><!-- module buttons -->\n<div  class=\"module module-buttons tb_58wt505 buttons-horizontal solid  rounded buttons-fullwidth\" data-lazy=\"1\">\n    \t<div class=\"module-buttons-item tf_inline_b\">\n\t\t\t\t\t\t\t<a href=\"\/contacto\/\" class=\"ui builder_button tb_default_color\"  id=\"boton18\">\n\t\t\t\t\t\t\t\t\t\t\t<span class=\"tf_inline_b tf_vmiddle\">Contactar<\/span>\n\t\t\t\t\t\t\t\t\t<em class=\"tf_inline_b tf_vmiddle\"><svg  class=\"tf_fa tf-ti-angle-right\" aria-hidden=\"true\"><use href=\"#tf-ti-angle-right\"><\/use><\/svg><\/em>\t\t\t\t\t\t\t\t\t\t\t<\/a>\n\t\t\t    \t<\/div>\n    <\/div>\n<!-- \/module buttons -->\n<!-- module image -->\n<div  class=\"module module-image tb_hrhd505 rounded drop-shadow bordered  image-overlay tf_mw\" data-lazy=\"1\">\n        <div class=\"image-wrap tf_rel tf_mw\">\n\t\t    <a href=\"\/servicio-interpretacion-signos\"\n\t       \t       >\n\t\t   \t\t<img loading=\"lazy\" decoding=\"async\" src=\"https:\/\/accesia.info\/wp-content\/uploads\/2024\/06\/blogosur-blog-por-que-es-importante-tener-una-estrategia-de-comunicacion-sevilla-433x219.png\" width=\"433\" height=\"219\" class=\"wp-post-image wp-image-1504\" title=\"Estrat\u00e8gies de Comunicaci\u00f3 Digital Efica\u00e7\" alt=\"La imagen ilustra una mano sosteniendo un meg\u00e1fono que emerge de la pantalla de una computadora port\u00e1til. Alrededor del meg\u00e1fono, hay diversos \u00edconos representando herramientas de comunicaci\u00f3n digital: un gr\u00e1fico de barras ascendente, una rueda dentada, un gr\u00e1fico circular, un icono de compartir y un globo terr\u00e1queo con un cursor. Esta escena simboliza la integraci\u00f3n de distintas herramientas y estrategias para una comunicaci\u00f3n digital efectiva y accesible.\" srcset=\"https:\/\/accesia.info\/wp-content\/uploads\/2024\/06\/blogosur-blog-por-que-es-importante-tener-una-estrategia-de-comunicacion-sevilla-433x219.png 433w, https:\/\/accesia.info\/wp-content\/uploads\/2024\/06\/blogosur-blog-por-que-es-importante-tener-una-estrategia-de-comunicacion-sevilla-18x10.png 18w\" sizes=\"auto, (max-width: 433px) 100vw, 433px\" \/>\t    <\/a>\n\t\n\t\n    \t\t\t<\/div>\n\t\t<!-- \/image-wrap -->\n\t<\/div>\n<!-- \/module image -->                    <\/div><!-- .tb-column-inner -->\n                            <\/div><!-- .module_column -->\n                        <div  data-lazy=\"1\" class=\"module_column sub_column col4-2 tb_irfm505 last\">\n                                                        <div class=\"tb-column-inner tf_box tf_w\">\n                        <!-- module text -->\n<div  class=\"module module-text tb_xv9m505  repeat\" data-lazy=\"1\">\n        <div  class=\"tb_text_wrap\">\n    <h3>Creaci\u00f3 i gesti\u00f3 web<\/h3>    <\/div>\n<\/div>\n<!-- \/module text --><!-- module text -->\n<div  class=\"module module-text tb_4won505  repeat\" data-lazy=\"1\">\n        <div  class=\"tb_text_wrap\">\n    <p><span style=\"white-space-collapse: preserve;\">Si busques una <b>web dissenyada des de zero<\/b>, necessites <b>donar una nova imatge al teu lloc actual<\/b>, o vols <b>dotar-la de contingut amb els est\u00e0ndards d&#039;accessibilitat m\u00e9s alts<\/b> i <b>complint la legislaci\u00f3 existent<\/b>, a Accesia et podem ajudar.\n<\/span><\/p><p><span style=\"white-space-collapse: preserve;\">A m\u00e9s, tan important com crear una web, \u00e9s <b>mantenir-la adequadament<\/b> i nosaltres, <b>podem fer-nos c\u00e0rrec de la teva infraestructura tecnol\u00f2gica<\/b>: Gesti\u00f3 de <b>dominis<\/b>, <b>hosting<\/b>, <b>correu<\/b>, <b>backups<\/b>, <b>seguretat<\/b>, etc.<\/span><\/p><p><span style=\"font-size: 1em; white-space-collapse: preserve;\">Explica&#039;ns les teves necessitats.<\/span><\/p>    <\/div>\n<\/div>\n<!-- \/module text --><!-- module buttons -->\n<div  class=\"module module-buttons tb_3gel505 buttons-horizontal solid  rounded buttons-fullwidth\" data-lazy=\"1\">\n    \t<div class=\"module-buttons-item tf_inline_b\">\n\t\t\t\t\t\t\t<a href=\"\/contacto\/\" class=\"ui builder_button tb_default_color\"  id=\"boton19\">\n\t\t\t\t\t\t\t\t\t\t\t<span class=\"tf_inline_b tf_vmiddle\">Contactar<\/span>\n\t\t\t\t\t\t\t\t\t<em class=\"tf_inline_b tf_vmiddle\"><svg  class=\"tf_fa tf-ti-angle-right\" aria-hidden=\"true\"><use href=\"#tf-ti-angle-right\"><\/use><\/svg><\/em>\t\t\t\t\t\t\t\t\t\t\t<\/a>\n\t\t\t    \t<\/div>\n    <\/div>\n<!-- \/module buttons -->\n<!-- module image -->\n<div  class=\"module module-image tb_jy2v505 rounded drop-shadow bordered  image-overlay tf_mw\" data-lazy=\"1\">\n        <div class=\"image-wrap tf_rel tf_mw\">\n\t\t    <a href=\"\/asistente-accesibilidad\"\n\t       \t       >\n\t\t   \t\t<img loading=\"lazy\" decoding=\"async\" src=\"https:\/\/accesia.info\/wp-content\/uploads\/2024\/06\/mitgliederbereich_252720652-t-1024x538-433x219.png\" width=\"433\" height=\"219\" class=\"wp-post-image wp-image-1503\" title=\"Creaci\u00f3 i gesti\u00f3 web\" alt=\"La imagen muestra una persona utilizando simult\u00e1neamente una computadora port\u00e1til y un tel\u00e9fono m\u00f3vil. Ambos dispositivos tienen la misma p\u00e1gina web abierta, con un dise\u00f1o de bienvenida que incluye un formulario de inicio de sesi\u00f3n. En el fondo, se observa una mesa de madera con una taza de caf\u00e9, un l\u00e1piz, algunos documentos gr\u00e1ficos y una planta. Esta escena transmite una sensaci\u00f3n de trabajo digital y accesibilidad desde m\u00faltiples dispositivos.\" srcset=\"https:\/\/accesia.info\/wp-content\/uploads\/2024\/06\/mitgliederbereich_252720652-t-1024x538-433x219.png 433w, https:\/\/accesia.info\/wp-content\/uploads\/2024\/06\/mitgliederbereich_252720652-t-18x9.png 18w\" sizes=\"auto, (max-width: 433px) 100vw, 433px\" \/>\t    <\/a>\n\t\n\t\n    \t\t\t<\/div>\n\t\t<!-- \/image-wrap -->\n\t<\/div>\n<!-- \/module image -->                    <\/div><!-- .tb-column-inner -->\n                            <\/div><!-- .module_column -->\n            \t    <\/div><!-- .subrow_inner -->\n\t<\/div><!-- .themify_builder_sub_row -->\n\t\t<div  data-lazy=\"1\" class=\"module_subrow themify_builder_sub_row tb_3kc2716 tf_w tf_clearfix\">\n\t    \t\t\t<div class=\"subrow_inner col_align_top tb_col_count_2 tf_box tf_w\">\n\t\t            <div  data-lazy=\"1\" class=\"module_column sub_column col4-2 tb_vc7s505 first\">\n                                                        <div class=\"tb-column-inner tf_box tf_w\">\n                        <!-- module text -->\n<div  class=\"module module-text tb_3r0e505  repeat\" data-lazy=\"1\">\n        <div  class=\"tb_text_wrap\">\n    <h3>Gesti\u00f3 de xarxes socials<\/h3>    <\/div>\n<\/div>\n<!-- \/module text --><!-- module text -->\n<div  class=\"module module-text tb_lefr505  repeat\" data-lazy=\"1\">\n        <div  class=\"tb_text_wrap\">\n    <p><span style=\"white-space-collapse: preserve;\">Tant <strong>si parteixes des de zero<\/strong> i no comptes amb xarxes socials, s<strong>i necessites una gesti\u00f3 integral<\/strong> de les mateixes, <strong>desitges dissenyar una estrat\u00e8gia comunicativa o campanyes<\/strong> espec\u00edfiques <strong>som els teus aliats ideals.<\/strong><\/span><\/p>\n<p><span style=\"white-space-collapse: preserve;\">Comptem amb una <strong>\u00e0mplia xarxa d&#039;experts CMs<\/strong> col\u00b7laboradors per cobrir totes les teves necessitats en tot moment.<br><\/span><\/p>    <\/div>\n<\/div>\n<!-- \/module text --><!-- module buttons -->\n<div  class=\"module module-buttons tb_46c1505 buttons-horizontal solid  rounded buttons-fullwidth\" data-lazy=\"1\">\n    \t<div class=\"module-buttons-item tf_inline_b\">\n\t\t\t\t\t\t\t<a href=\"\/contacto\/\" class=\"ui builder_button tb_default_color\"  id=\"boton20\">\n\t\t\t\t\t\t\t\t\t\t\t<span class=\"tf_inline_b tf_vmiddle\">Contactar<\/span>\n\t\t\t\t\t\t\t\t\t<em class=\"tf_inline_b tf_vmiddle\"><svg  class=\"tf_fa tf-ti-angle-right\" aria-hidden=\"true\"><use href=\"#tf-ti-angle-right\"><\/use><\/svg><\/em>\t\t\t\t\t\t\t\t\t\t\t<\/a>\n\t\t\t    \t<\/div>\n    <\/div>\n<!-- \/module buttons -->\n<!-- module image -->\n<div  class=\"module module-image tb_ongm505 rounded drop-shadow bordered  image-overlay tf_mw\" data-lazy=\"1\">\n        <div class=\"image-wrap tf_rel tf_mw\">\n\t\t    <a href=\"\/asistente-accesibilidad\"\n\t       \t       >\n\t\t   \t\t<img loading=\"lazy\" decoding=\"async\" src=\"https:\/\/accesia.info\/wp-content\/uploads\/2024\/06\/mac_estrategia_y_gestion_de_redes_sociales_1529200939-1024x576-433x219.jpg\" width=\"433\" height=\"219\" class=\"wp-post-image wp-image-1505\" title=\"Gesti\u00f3 Integral de Xarxes Socials\" alt=\"La imagen muestra un teclado con teclas que representan diversos \u00edconos de redes sociales populares como Facebook, YouTube, Twitter, Pinterest, Instagram, LinkedIn, y Blogger. Esta escena simboliza la importancia de una estrategia y gesti\u00f3n eficiente de redes sociales para alcanzar y conectar con una audiencia m\u00e1s amplia y diversa.\" srcset=\"https:\/\/accesia.info\/wp-content\/uploads\/2024\/06\/mac_estrategia_y_gestion_de_redes_sociales_1529200939-1024x576-433x219.jpg 433w, https:\/\/accesia.info\/wp-content\/uploads\/2024\/06\/mac_estrategia_y_gestion_de_redes_sociales_1529200939-18x10.jpg 18w\" sizes=\"auto, (max-width: 433px) 100vw, 433px\" \/>\t    <\/a>\n\t\n\t\n    \t\t\t<\/div>\n\t\t<!-- \/image-wrap -->\n\t<\/div>\n<!-- \/module image -->                    <\/div><!-- .tb-column-inner -->\n                            <\/div><!-- .module_column -->\n                        <div  data-lazy=\"1\" class=\"module_column sub_column col4-2 tb_bx9j716 last\">\n                                                        <div class=\"tb-column-inner tf_box tf_w\">\n                        <!-- module text -->\n<div  class=\"module module-text tb_ncgo236  repeat\" data-lazy=\"1\">\n        <div  class=\"tb_text_wrap\">\n    <h3>M\u00e0rqueting i posicionament web (SEO)<\/h3>    <\/div>\n<\/div>\n<!-- \/module text --><!-- module text -->\n<div  class=\"module module-text tb_fs2b236  repeat\" data-lazy=\"1\">\n        <div  class=\"tb_text_wrap\">\n    <p>A <strong>Accesia<\/strong>, desenvolupem <strong>estrat\u00e8gies i campanyes de m\u00e0rqueting<\/strong> digital personalitzades per potenciar la teva pres\u00e8ncia en l\u00ednia.<\/p>\n<p>A m\u00e9s, optimitzem el <strong>posicionament web SEO<\/strong> de les teves p\u00e0gines, assegurant que el teu lloc web sigui <strong>visible i accessible per a la teva audi\u00e8ncia objectiu<\/strong>.<\/p>\n<p>Confia en nosaltres per portar el teu negoci al seg\u00fcent nivell.<\/p>    <\/div>\n<\/div>\n<!-- \/module text --><!-- module buttons -->\n<div  class=\"module module-buttons tb_to8q236 buttons-horizontal solid  rounded buttons-fullwidth\" data-lazy=\"1\">\n    \t<div class=\"module-buttons-item tf_inline_b\">\n\t\t\t\t\t\t\t<a href=\"\/contacto\/\" class=\"ui builder_button tb_default_color\"  id=\"boton21\">\n\t\t\t\t\t\t\t\t\t\t\t<span class=\"tf_inline_b tf_vmiddle\">Contactar<\/span>\n\t\t\t\t\t\t\t\t\t<em class=\"tf_inline_b tf_vmiddle\"><svg  class=\"tf_fa tf-ti-angle-right\" aria-hidden=\"true\"><use href=\"#tf-ti-angle-right\"><\/use><\/svg><\/em>\t\t\t\t\t\t\t\t\t\t\t<\/a>\n\t\t\t    \t<\/div>\n    <\/div>\n<!-- \/module buttons -->\n<!-- module image -->\n<div  class=\"module module-image tb_byrd236 rounded drop-shadow bordered  image-overlay tf_mw\" data-lazy=\"1\">\n        <div class=\"image-wrap tf_rel tf_mw\">\n\t\t    <a href=\"\/servicio-interpretacion-signos\"\n\t       \t       >\n\t\t   \t\t<img loading=\"lazy\" decoding=\"async\" src=\"https:\/\/accesia.info\/wp-content\/uploads\/2024\/06\/7-estrategias-de-Marketing-Internacional-433x219.jpg\" width=\"433\" height=\"219\" class=\"wp-post-image wp-image-1523\" title=\"Campanya de m\u00e0rqueting i SEO\" alt=\"Campa\u00f1a de marketing y SEO\" srcset=\"https:\/\/accesia.info\/wp-content\/uploads\/2024\/06\/7-estrategias-de-Marketing-Internacional-433x219.jpg 433w, https:\/\/accesia.info\/wp-content\/uploads\/2024\/06\/7-estrategias-de-Marketing-Internacional-18x10.jpg 18w\" sizes=\"auto, (max-width: 433px) 100vw, 433px\" \/>\t    <\/a>\n\t\n\t\n    \t\t\t<\/div>\n\t\t<!-- \/image-wrap -->\n\t<\/div>\n<!-- \/module image -->                    <\/div><!-- .tb-column-inner -->\n                            <\/div><!-- .module_column -->\n            \t    <\/div><!-- .subrow_inner -->\n\t<\/div><!-- .themify_builder_sub_row -->\n\t\t<div  data-lazy=\"1\" class=\"module_subrow themify_builder_sub_row tb_1ctq505 tf_w tf_clearfix\">\n\t    \t\t\t<div class=\"subrow_inner col_align_top tb_col_count_1 tf_box tf_w\">\n\t\t            <div  data-lazy=\"1\" class=\"module_column sub_column col-full tb_jr9z505 first\">\n                                                        <div class=\"tb-column-inner tf_box tf_w\">\n                                            <\/div><!-- .tb-column-inner -->\n                            <\/div><!-- .module_column -->\n            \t    <\/div><!-- .subrow_inner -->\n\t<\/div><!-- .themify_builder_sub_row -->\n\t                    <\/div><!-- .tb-column-inner -->\n                            <\/div><!-- .module_column -->\n            \t    <\/div><!-- .row_inner -->\n\t<\/div><!-- .module_row -->\n\t\t\t\t<!-- module_row -->\n\t<div  data-css_id=\"48lp829\" data-lazy=\"1\" class=\"module_row themify_builder_row fullwidth tb_48lp829 tf_w tf_clearfix\">\n\t    \t\t\t<div class=\"row_inner col_align_top tb_col_count_1 tf_box tf_rel\">\n\t\t            <div  data-lazy=\"1\" class=\"module_column tb-column col-full tb_m0pl829 first\">\n                                                        <div class=\"tb-column-inner tf_box tf_w\">\n                        \t<div  data-lazy=\"1\" class=\"module_subrow themify_builder_sub_row tb_hreo829 tf_w tf_clearfix\">\n\t    \t\t\t<div class=\"subrow_inner col_align_top gutter-none tb_col_count_2 tf_box tf_w\">\n\t\t            <div  data-lazy=\"1\" class=\"module_column sub_column col3-1 tb_xubl829 first\">\n                                                        <div class=\"tb-column-inner tf_box tf_w\">\n                        <!-- module image -->\n<div  class=\"module module-image tb_j5dh829   image-top auto_fullwidth tf_mw hide-desktop hide-tablet hide-tablet_landscape\" data-lazy=\"1\">\n        <div class=\"image-wrap tf_rel tf_mw\">\n\t\t    <img loading=\"lazy\" decoding=\"async\" src=\"https:\/\/accesia.info\/wp-content\/uploads\/2023\/07\/istockphoto-879813798-612x612-1-445x451.jpg\" width=\"445\" height=\"451\" class=\"wp-post-image wp-image-165\" title=\"Mans duna persona treballant en un ordinador.\" alt=\"La imagen muestra un primer plano de las manos de una persona de negocios, con la persona trabajando en una computadora. Est\u00e1 utilizando activamente internet y participando en plataformas de redes sociales.\">\t\n\t\t<\/div>\n\t<!-- \/image-wrap -->\n    \n    \t<\/div>\n<!-- \/module image --><!-- module image -->\n<div  class=\"module module-image tb_2uxy829   image-overlay auto_fullwidth tf_mw hide-mobile\" data-lazy=\"1\">\n        <div class=\"image-wrap tf_rel tf_mw\">\n\t\t    <img loading=\"lazy\" decoding=\"async\" src=\"https:\/\/accesia.info\/wp-content\/uploads\/2023\/07\/istockphoto-879813798-612x612-1-445x373.jpg\" width=\"445\" height=\"373\" class=\"wp-post-image wp-image-165\" title=\"Mans duna persona treballant en un ordinador.\" alt=\"La imagen muestra un primer plano de las manos de una persona de negocios, con la persona trabajando en una computadora. Est\u00e1 utilizando activamente internet y participando en plataformas de redes sociales.\">\t\n\t\n    \t\t\t<\/div>\n\t\t<!-- \/image-wrap -->\n\t<\/div>\n<!-- \/module image -->                    <\/div><!-- .tb-column-inner -->\n                            <\/div><!-- .module_column -->\n                        <div  data-lazy=\"1\" class=\"module_column sub_column col3-2 tb_3ndf829 last\">\n                                                        <div class=\"tb-column-inner tf_box tf_w\">\n                        <!-- module text -->\n<div  class=\"module module-text tb_knsv829\" data-lazy=\"1\">\n        <div  class=\"tb_text_wrap\">\n    <h3 style=\"text-align: center;\">El nostre equip d&#039;experts est\u00e0 llest per ajudar-te a crear una experi\u00e8ncia inclusiva per als visitants<\/h3>    <\/div>\n<\/div>\n<!-- \/module text --><!-- module buttons -->\n<div  class=\"module module-buttons tb_a026829 buttons-horizontal solid  rounded buttons-fullwidth\" data-lazy=\"1\">\n    \t<div class=\"module-buttons-item tf_inline_b\">\n\t\t\t\t\t\t\t<a href=\"\/contacto\" class=\"ui builder_button tb_default_color\"  id=\"boton10\">\n\t\t\t\t\t\t\t\t\t\t\t<span class=\"tf_inline_b tf_vmiddle\">Contactar<\/span>\n\t\t\t\t\t\t\t\t\t<em class=\"tf_inline_b tf_vmiddle\"><svg  class=\"tf_fa tf-ti-angle-right\" aria-hidden=\"true\"><use href=\"#tf-ti-angle-right\"><\/use><\/svg><\/em>\t\t\t\t\t\t\t\t\t\t\t<\/a>\n\t\t\t    \t<\/div>\n    <\/div>\n<!-- \/module buttons -->\n<!-- module text -->\n<div  class=\"module module-text tb_env8829\" data-lazy=\"1\">\n        <div  class=\"tb_text_wrap\">\n    <p style=\"text-align: center;\">No perdis l'oportunitat de marcar la difer\u00e8ncia.<br>Contacta&#039;ns ara i comen\u00e7a a construir un entorn digital accessible per a tothom!<\/p>    <\/div>\n<\/div>\n<!-- \/module text -->                    <\/div><!-- .tb-column-inner -->\n                            <\/div><!-- .module_column -->\n            \t    <\/div><!-- .subrow_inner -->\n\t<\/div><!-- .themify_builder_sub_row -->\n\t                    <\/div><!-- .tb-column-inner -->\n                            <\/div><!-- .module_column -->\n            \t    <\/div><!-- .row_inner -->\n\t<\/div><!-- .module_row -->\n\t<\/div>\n<!--\/themify_builder_content-->","protected":false},"excerpt":{"rendered":"<p>Els nostres serveis<\/p>","protected":false},"author":3,"featured_media":0,"parent":0,"menu_order":0,"comment_status":"closed","ping_status":"closed","template":"","meta":{"footnotes":""},"class_list":["post-148","page","type-page","status-publish","hentry","has-post-title","has-post-date","has-post-category","has-post-tag","has-post-comment","has-post-author",""],"yoast_head":"<!-- This site is optimized with the Yoast SEO plugin v27.1.1 - https:\/\/yoast.com\/product\/yoast-seo-wordpress\/ -->\n<title>Servicios - Accesia<\/title>\n<meta name=\"robots\" content=\"index, follow, max-snippet:-1, max-image-preview:large, max-video-preview:-1\" \/>\n<link rel=\"canonical\" href=\"https:\/\/accesia.info\/va\/servicios\/\" \/>\n<meta property=\"og:locale\" content=\"ca_ES\" \/>\n<meta property=\"og:type\" content=\"article\" \/>\n<meta property=\"og:title\" content=\"Servicios - Accesia\" \/>\n<meta property=\"og:description\" content=\"Nuestros servicios\" \/>\n<meta property=\"og:url\" content=\"https:\/\/accesia.info\/va\/servicios\/\" \/>\n<meta property=\"og:site_name\" content=\"Accesia\" \/>\n<meta property=\"article:publisher\" content=\"https:\/\/www.facebook.com\/people\/Accesia-Soluciones\/100093845105950\/?_rdr\" \/>\n<meta property=\"article:modified_time\" content=\"2024-08-29T21:29:36+00:00\" \/>\n<meta name=\"twitter:card\" content=\"summary_large_image\" \/>\n<meta name=\"twitter:site\" content=\"@Accesia_\" \/>\n<script type=\"application\/ld+json\" class=\"yoast-schema-graph\">{\"@context\":\"https:\/\/schema.org\",\"@graph\":[{\"@type\":\"WebPage\",\"@id\":\"https:\/\/accesia.info\/servicios\/\",\"url\":\"https:\/\/accesia.info\/servicios\/\",\"name\":\"Servicios - Accesia\",\"isPartOf\":{\"@id\":\"https:\/\/accesia.info\/#website\"},\"datePublished\":\"2023-06-30T15:57:30+00:00\",\"dateModified\":\"2024-08-29T21:29:36+00:00\",\"breadcrumb\":{\"@id\":\"https:\/\/accesia.info\/servicios\/#breadcrumb\"},\"inLanguage\":\"ca\",\"potentialAction\":[{\"@type\":\"ReadAction\",\"target\":[\"https:\/\/accesia.info\/servicios\/\"]}]},{\"@type\":\"BreadcrumbList\",\"@id\":\"https:\/\/accesia.info\/servicios\/#breadcrumb\",\"itemListElement\":[{\"@type\":\"ListItem\",\"position\":1,\"name\":\"Portada\",\"item\":\"https:\/\/accesia.info\/\"},{\"@type\":\"ListItem\",\"position\":2,\"name\":\"Servicios\"}]},{\"@type\":\"WebSite\",\"@id\":\"https:\/\/accesia.info\/#website\",\"url\":\"https:\/\/accesia.info\/\",\"name\":\"Accesia Soluciones\",\"description\":\"\",\"publisher\":{\"@id\":\"https:\/\/accesia.info\/#organization\"},\"potentialAction\":[{\"@type\":\"SearchAction\",\"target\":{\"@type\":\"EntryPoint\",\"urlTemplate\":\"https:\/\/accesia.info\/?s={search_term_string}\"},\"query-input\":{\"@type\":\"PropertyValueSpecification\",\"valueRequired\":true,\"valueName\":\"search_term_string\"}}],\"inLanguage\":\"ca\"},{\"@type\":\"Organization\",\"@id\":\"https:\/\/accesia.info\/#organization\",\"name\":\"Accesia Soluciones\",\"url\":\"https:\/\/accesia.info\/\",\"logo\":{\"@type\":\"ImageObject\",\"inLanguage\":\"ca\",\"@id\":\"https:\/\/accesia.info\/#\/schema\/logo\/image\/\",\"url\":\"https:\/\/accesia.info\/wp-content\/uploads\/2023\/07\/cropped-Diseno-sin-titulo-15.png\",\"contentUrl\":\"https:\/\/accesia.info\/wp-content\/uploads\/2023\/07\/cropped-Diseno-sin-titulo-15.png\",\"width\":512,\"height\":512,\"caption\":\"Accesia Soluciones\"},\"image\":{\"@id\":\"https:\/\/accesia.info\/#\/schema\/logo\/image\/\"},\"sameAs\":[\"https:\/\/www.facebook.com\/people\/Accesia-Soluciones\/100093845105950\/?_rdr\",\"https:\/\/x.com\/Accesia_\",\"https:\/\/www.instagram.com\/accesiasoluciones\/\",\"https:\/\/es.linkedin.com\/company\/accesia-soluciones\"]}]}<\/script>\n<!-- \/ Yoast SEO plugin. -->","yoast_head_json":{"title":"Serveis - Accessia","robots":{"index":"index","follow":"follow","max-snippet":"max-snippet:-1","max-image-preview":"max-image-preview:large","max-video-preview":"max-video-preview:-1"},"canonical":"https:\/\/accesia.info\/va\/servicios\/","og_locale":"ca_ES","og_type":"article","og_title":"Servicios - Accesia","og_description":"Nuestros servicios","og_url":"https:\/\/accesia.info\/va\/servicios\/","og_site_name":"Accesia","article_publisher":"https:\/\/www.facebook.com\/people\/Accesia-Soluciones\/100093845105950\/?_rdr","article_modified_time":"2024-08-29T21:29:36+00:00","twitter_card":"summary_large_image","twitter_site":"@Accesia_","schema":{"@context":"https:\/\/schema.org","@graph":[{"@type":"WebPage","@id":"https:\/\/accesia.info\/servicios\/","url":"https:\/\/accesia.info\/servicios\/","name":"Serveis - Accessia","isPartOf":{"@id":"https:\/\/accesia.info\/#website"},"datePublished":"2023-06-30T15:57:30+00:00","dateModified":"2024-08-29T21:29:36+00:00","breadcrumb":{"@id":"https:\/\/accesia.info\/servicios\/#breadcrumb"},"inLanguage":"ca","potentialAction":[{"@type":"ReadAction","target":["https:\/\/accesia.info\/servicios\/"]}]},{"@type":"BreadcrumbList","@id":"https:\/\/accesia.info\/servicios\/#breadcrumb","itemListElement":[{"@type":"ListItem","position":1,"name":"Portada","item":"https:\/\/accesia.info\/"},{"@type":"ListItem","position":2,"name":"Servicios"}]},{"@type":"WebSite","@id":"https:\/\/accesia.info\/#website","url":"https:\/\/accesia.info\/","name":"Accessia Solucions","description":"","publisher":{"@id":"https:\/\/accesia.info\/#organization"},"potentialAction":[{"@type":"SearchAction","target":{"@type":"EntryPoint","urlTemplate":"https:\/\/accesia.info\/?s={search_term_string}"},"query-input":{"@type":"PropertyValueSpecification","valueRequired":true,"valueName":"search_term_string"}}],"inLanguage":"ca"},{"@type":"Organization","@id":"https:\/\/accesia.info\/#organization","name":"Accessia Solucions","url":"https:\/\/accesia.info\/","logo":{"@type":"ImageObject","inLanguage":"ca","@id":"https:\/\/accesia.info\/#\/schema\/logo\/image\/","url":"https:\/\/accesia.info\/wp-content\/uploads\/2023\/07\/cropped-Diseno-sin-titulo-15.png","contentUrl":"https:\/\/accesia.info\/wp-content\/uploads\/2023\/07\/cropped-Diseno-sin-titulo-15.png","width":512,"height":512,"caption":"Accesia Soluciones"},"image":{"@id":"https:\/\/accesia.info\/#\/schema\/logo\/image\/"},"sameAs":["https:\/\/www.facebook.com\/people\/Accesia-Soluciones\/100093845105950\/?_rdr","https:\/\/x.com\/Accesia_","https:\/\/www.instagram.com\/accesiasoluciones\/","https:\/\/es.linkedin.com\/company\/accesia-soluciones"]}]}},"builder_content":"<h2 style=\"text-align: center;\"><strong>Nuestros servicios<\/strong><\/h2>\n\n<h3>Asistente de Accesibilidad<\/h3>\n<p>Nuestro<strong> Asistente de Accesibilidad<\/strong>, un panel que se integra en tu sitio web y <strong>adapta y refuerza los contenidos para romper las barreras de accesibilidad y que todos los usuarios puedan acceder, utilizar y navegar en tu sitio web sin dificultades<\/strong>.<br><br>Cuenta con distintas <strong>funcionalidades<\/strong> que le permiten adaptar el contenido de tu web, adecuandose a cada usuario y atendiendo a sus necesidades individuales.<\/p><p>Adem\u00e1s, <b>colaboramos con asociaciones de diversidad <\/b>para <b>construir, validar y mejorar<\/b> nuestra herramienta.<\/p>\n<a href=\"\/asistente-accesibilidad\/\" id=\"boton15\"> Ver m\u00e1s <em><svg aria-hidden=\"true\"><use href=\"#tf-ti-angle-right\"><\/use><\/svg><\/em> <\/a>\n<a href=\"\/asistente-accesibilidad\" > <img src=\"https:\/\/accesia.info\/wp-content\/uploads\/2023\/07\/web-accesible-ciegos-433x219.webp\" width=\"433\" height=\"219\" title=\"Teclado de ordenador con bot\u00f3n de accesibilidad web\" alt=\"Teclado de ordenador con bot\u00f3n de accesibilidad web\"> <\/a>\n<h3>Interpretaci\u00f3n de Signos para eventos<\/h3>\n<p>Ponemos a tu disposici\u00f3n nuestra plantilla de int\u00e9rpretes altamente capacitados formada por prefesionales con m\u00e1s de 10 a\u00f1os de experiencia para:<\/p> <ul> <li>conferencias<\/li> <li>eventos<\/li> <li>sesiones formativas, etc<\/li> <\/ul> <p>Tanto en modalidad presencial como online, adaptamos la comunicaci\u00f3n a tus necesidades y garantizamos una experiencia fluida.<\/p>\n<a href=\"\/servicio-interpretacion-signos\/\" id=\"boton16\"> Ver m\u00e1s <em><svg aria-hidden=\"true\"><use href=\"#tf-ti-angle-right\"><\/use><\/svg><\/em> <\/a>\n<a href=\"\/servicio-interpretacion-signos\" > <img src=\"https:\/\/accesia.info\/wp-content\/uploads\/2023\/07\/gemma_ayats_1100x550_2-1024x512-433x219.jpg\" width=\"433\" height=\"219\" title=\"Servicio de interpretaci\u00f3n de signos para eventos\" alt=\"La imagen muestra una persona interpretando en signos el contenido de los ponentes de un evento.\"> <\/a>\n<h3>Tu sitio web en formato App<\/h3>\n<p>Tu web contar\u00e1 con su propia <b>aplicaci\u00f3n para Android, iPhone (iOS) y Windows<\/b>, sin necesidad de preocuparse por su actualizaci\u00f3n ni por la publicaci\u00f3n de las \u00faltimas noticias y contenido, ya que <b>se actualizar\u00e1 autom\u00e1ticamente<\/b> reflejando los cambios realizados en el sitio web.<\/p> <p><b>\u00bfQu\u00e9 sucede si la aplicaci\u00f3n se encuentra en un lugar sin conexi\u00f3n? <\/b>No hay problema. La aplicaci\u00f3n intentar\u00e1 conectarse para actualizar el contenido m\u00e1s reciente.<br><\/p>\n<a href=\"\/tu-web-en-formato-app\/\" title=\"Ver m\u00e1s 4\" id=\"boton17\"> Ver m\u00e1s <em><svg aria-hidden=\"true\"><use href=\"#tf-ti-angle-right\"><\/use><\/svg><\/em> <\/a>\n<a href=\"\/contacto\" > <img src=\"https:\/\/accesia.info\/wp-content\/uploads\/2023\/07\/istockphoto-1130294493-612x612-1-433x219.jpg\" width=\"433\" height=\"219\" title=\"Pantalla de inicio de un tel\u00e9fono inteligente.\" alt=\"La imagen muestra la pantalla de inicio de un tel\u00e9fono inteligente, con el \u00edcono del clima en primer plano. En la pantalla se encuentran listadas las aplicaciones m\u00f3viles instaladas.\"> <\/a>\n<h3><strong>Productos jur\u00eddicos<\/strong><\/h3>\n<p>En colaboraci\u00f3n con el prestigioso bufete de abogados Abogado Amigo -especialistas en Derecho Civil, Mercantil y Nuevas tecnolog\u00edas-. nos aseguramos de mantener la integridad de tu sitio web, proporcionando un entorno seguro y confiable que inspire confianza en tus usuarios.&nbsp;<\/p> Ofrecemos todo tipo de servicios jur\u00eddicos: planes antifraude, buz\u00f3n an\u00f3nimo de denuncias, servicios de transparencia y participaci\u00f3n, consultor\u00eda en materia de protecci\u00f3n de datos, etc.\n<a href=\"\/contacto\/\" id=\"boton9\"> Contactar <em><svg aria-hidden=\"true\"><use href=\"#tf-ti-angle-right\"><\/use><\/svg><\/em> <\/a>\n<a href=\"\/contacto\" > <img src=\"https:\/\/accesia.info\/wp-content\/uploads\/2023\/07\/istockphoto-1294453859-612x612-1-433x219.jpg\" width=\"433\" height=\"219\" title=\"Producos jur\u00eddicos de Accesia\" alt=\"Un martillo de juez descansa sobre un libro de leyes abierto, con una balanza de justicia y una columna griega en el fondo.\"> <\/a>\n<h3>Estrategia y campa\u00f1as de comunicaci\u00f3n<\/h3>\n<p>En Accesia <b>somos expertos en comunicaci\u00f3n para AAPPs, empresas y tercer sector<\/b>. <\/p><p>Tanto <b>si tu organizaci\u00f3n requiere de crear o redise\u00f1ar su estrategia<\/b>, como si quiere <b>llevarla a cabo<\/b>, nuestro equipo trabajar\u00e1 codo con codo con vosotros. <\/p><p>Siempre pondremos en el centro nuestra visi\u00f3n de la comunicaci\u00f3n: <b>con el mayor impacto posible y accesible para todos.<\/b> <\/p>\n<a href=\"\/contacto\/\" id=\"boton18\"> Contactar <em><svg aria-hidden=\"true\"><use href=\"#tf-ti-angle-right\"><\/use><\/svg><\/em> <\/a>\n<a href=\"\/servicio-interpretacion-signos\" > <img src=\"https:\/\/accesia.info\/wp-content\/uploads\/2024\/06\/blogosur-blog-por-que-es-importante-tener-una-estrategia-de-comunicacion-sevilla-433x219.png\" width=\"433\" height=\"219\" title=\"Estrategias de Comunicaci\u00f3n Digital Eficaz\" alt=\"La imagen ilustra una mano sosteniendo un meg\u00e1fono que emerge de la pantalla de una computadora port\u00e1til. Alrededor del meg\u00e1fono, hay diversos \u00edconos representando herramientas de comunicaci\u00f3n digital: un gr\u00e1fico de barras ascendente, una rueda dentada, un gr\u00e1fico circular, un icono de compartir y un globo terr\u00e1queo con un cursor. Esta escena simboliza la integraci\u00f3n de distintas herramientas y estrategias para una comunicaci\u00f3n digital efectiva y accesible.\" srcset=\"https:\/\/accesia.info\/wp-content\/uploads\/2024\/06\/blogosur-blog-por-que-es-importante-tener-una-estrategia-de-comunicacion-sevilla-433x219.png 433w, https:\/\/accesia.info\/wp-content\/uploads\/2024\/06\/blogosur-blog-por-que-es-importante-tener-una-estrategia-de-comunicacion-sevilla-18x10.png 18w\" sizes=\"(max-width: 433px) 100vw, 433px\" \/> <\/a>\n<h3>Creaci\u00f3n y gesti\u00f3n web<\/h3>\n<p>Si buscas una <b>web dise\u00f1ada desde cero<\/b>, necesitas <b>darle una nueva imagen a tu actual sitio<\/b>, o quieres <b>dotarla de contenido con los est\u00e1ndares de accesibilidad m\u00e1s altos<\/b> y <b>cumpliendo la legislaci\u00f3n existente<\/b>, en Accesia te podemos ayudar. <\/p><p>Adem\u00e1s, tan importante como crear una web, es <b>mantenerla adecuadamente<\/b> y nosotros, <b>podemos hacernos cargo de tu infraestructura tecnol\u00f3gica<\/b>: Gesti\u00f3n de <b>dominios<\/b>, <b>hosting<\/b>, <b>correo<\/b>, <b>backups<\/b>, <b>seguridad<\/b>, etc.<\/p><p>Cu\u00e9ntanos tus necesidades.<\/p>\n<a href=\"\/contacto\/\" id=\"boton19\"> Contactar <em><svg aria-hidden=\"true\"><use href=\"#tf-ti-angle-right\"><\/use><\/svg><\/em> <\/a>\n<a href=\"\/asistente-accesibilidad\" > <img src=\"https:\/\/accesia.info\/wp-content\/uploads\/2024\/06\/mitgliederbereich_252720652-t-1024x538-433x219.png\" width=\"433\" height=\"219\" title=\"Creacion y gestion web\" alt=\"La imagen muestra una persona utilizando simult\u00e1neamente una computadora port\u00e1til y un tel\u00e9fono m\u00f3vil. Ambos dispositivos tienen la misma p\u00e1gina web abierta, con un dise\u00f1o de bienvenida que incluye un formulario de inicio de sesi\u00f3n. En el fondo, se observa una mesa de madera con una taza de caf\u00e9, un l\u00e1piz, algunos documentos gr\u00e1ficos y una planta. Esta escena transmite una sensaci\u00f3n de trabajo digital y accesibilidad desde m\u00faltiples dispositivos.\" srcset=\"https:\/\/accesia.info\/wp-content\/uploads\/2024\/06\/mitgliederbereich_252720652-t-1024x538-433x219.png 433w, https:\/\/accesia.info\/wp-content\/uploads\/2024\/06\/mitgliederbereich_252720652-t-18x9.png 18w\" sizes=\"(max-width: 433px) 100vw, 433px\" \/> <\/a>\n<h3>Gesti\u00f3n de redes sociales<\/h3>\n<p>Tanto <strong>si partes desde cero<\/strong> y no cuentas con redes sociales, s<strong>i necesitas una gesti\u00f3n integral<\/strong> de las mismas, <strong>deseas dise\u00f1ar una estrategia comunicativa o campa\u00f1as<\/strong> espec\u00edficas <strong>somos tus aliados ideales.<\/strong><\/p> <p>Contamos con una <strong>amplia red de expertos CMs<\/strong> colaboradores para cubrir todas tus necesidades en todo momento.<br><\/p>\n<a href=\"\/contacto\/\" id=\"boton20\"> Contactar <em><svg aria-hidden=\"true\"><use href=\"#tf-ti-angle-right\"><\/use><\/svg><\/em> <\/a>\n<a href=\"\/asistente-accesibilidad\" > <img src=\"https:\/\/accesia.info\/wp-content\/uploads\/2024\/06\/mac_estrategia_y_gestion_de_redes_sociales_1529200939-1024x576-433x219.jpg\" width=\"433\" height=\"219\" title=\"Gesti\u00f3n Integral de Redes Sociales\" alt=\"La imagen muestra un teclado con teclas que representan diversos \u00edconos de redes sociales populares como Facebook, YouTube, Twitter, Pinterest, Instagram, LinkedIn, y Blogger. Esta escena simboliza la importancia de una estrategia y gesti\u00f3n eficiente de redes sociales para alcanzar y conectar con una audiencia m\u00e1s amplia y diversa.\" srcset=\"https:\/\/accesia.info\/wp-content\/uploads\/2024\/06\/mac_estrategia_y_gestion_de_redes_sociales_1529200939-1024x576-433x219.jpg 433w, https:\/\/accesia.info\/wp-content\/uploads\/2024\/06\/mac_estrategia_y_gestion_de_redes_sociales_1529200939-18x10.jpg 18w\" sizes=\"(max-width: 433px) 100vw, 433px\" \/> <\/a>\n<h3>Marketing y posicionamiento web (SEO)<\/h3>\n<p>En <strong>Accesia<\/strong>, desarrollamos <strong>estrategias y campa\u00f1as de marketing<\/strong> digital personalizadas para potenciar tu presencia en l\u00ednea.<\/p> <p>Adem\u00e1s, optimizamos el <strong>posicionamiento web SEO<\/strong> de tus p\u00e1ginas, asegurando que tu sitio web sea <strong>visible y accesible para tu audiencia objetivo<\/strong>.<\/p> <p>Conf\u00eda en nosotros para llevar tu negocio al siguiente nivel.<\/p>\n<a href=\"\/contacto\/\" id=\"boton21\"> Contactar <em><svg aria-hidden=\"true\"><use href=\"#tf-ti-angle-right\"><\/use><\/svg><\/em> <\/a>\n<a href=\"\/servicio-interpretacion-signos\" > <img src=\"https:\/\/accesia.info\/wp-content\/uploads\/2024\/06\/7-estrategias-de-Marketing-Internacional-433x219.jpg\" width=\"433\" height=\"219\" title=\"Campa\u00f1a de marketing y SEO\" alt=\"Campa\u00f1a de marketing y SEO\" srcset=\"https:\/\/accesia.info\/wp-content\/uploads\/2024\/06\/7-estrategias-de-Marketing-Internacional-433x219.jpg 433w, https:\/\/accesia.info\/wp-content\/uploads\/2024\/06\/7-estrategias-de-Marketing-Internacional-18x10.jpg 18w\" sizes=\"(max-width: 433px) 100vw, 433px\" \/> <\/a>\n\n<img src=\"https:\/\/accesia.info\/wp-content\/uploads\/2023\/07\/istockphoto-879813798-612x612-1-445x451.jpg\" width=\"445\" height=\"451\" title=\"Manos de una persona trabajando en una computadora.\" alt=\"La imagen muestra un primer plano de las manos de una persona de negocios, con la persona trabajando en una computadora. Est\u00e1 utilizando activamente internet y participando en plataformas de redes sociales.\">\n<img src=\"https:\/\/accesia.info\/wp-content\/uploads\/2023\/07\/istockphoto-879813798-612x612-1-445x373.jpg\" width=\"445\" height=\"373\" title=\"Manos de una persona trabajando en una computadora.\" alt=\"La imagen muestra un primer plano de las manos de una persona de negocios, con la persona trabajando en una computadora. Est\u00e1 utilizando activamente internet y participando en plataformas de redes sociales.\">\n<h3 style=\"text-align: center;\">Nuestro equipo de expertos est\u00e1 listo para ayudarte a crear una experiencia inclusiva para tus visitantes<\/h3>\n<a href=\"\/contacto\" id=\"boton10\"> Contactar <em><svg aria-hidden=\"true\"><use href=\"#tf-ti-angle-right\"><\/use><\/svg><\/em> <\/a>\n<p style=\"text-align: center;\">No pierdas la oportunidad de marcar la diferencia.<br>\u00a1Cont\u00e1ctanos ahora y comienza a construir un entorno digital accesible para todos!<\/p>","_links":{"self":[{"href":"https:\/\/accesia.info\/va\/wp-json\/wp\/v2\/pages\/148","targetHints":{"allow":["GET"]}}],"collection":[{"href":"https:\/\/accesia.info\/va\/wp-json\/wp\/v2\/pages"}],"about":[{"href":"https:\/\/accesia.info\/va\/wp-json\/wp\/v2\/types\/page"}],"author":[{"embeddable":true,"href":"https:\/\/accesia.info\/va\/wp-json\/wp\/v2\/users\/3"}],"replies":[{"embeddable":true,"href":"https:\/\/accesia.info\/va\/wp-json\/wp\/v2\/comments?post=148"}],"version-history":[{"count":102,"href":"https:\/\/accesia.info\/va\/wp-json\/wp\/v2\/pages\/148\/revisions"}],"predecessor-version":[{"id":1598,"href":"https:\/\/accesia.info\/va\/wp-json\/wp\/v2\/pages\/148\/revisions\/1598"}],"wp:attachment":[{"href":"https:\/\/accesia.info\/va\/wp-json\/wp\/v2\/media?parent=148"}],"curies":[{"name":"wp","href":"https:\/\/api.w.org\/{rel}","templated":true}]}}