{"id":555,"date":"2023-10-17T16:57:55","date_gmt":"2023-10-17T16:57:55","guid":{"rendered":"https:\/\/accesia.info\/?page_id=555"},"modified":"2025-02-26T18:26:44","modified_gmt":"2025-02-26T18:26:44","slug":"clientes-colaboradores","status":"publish","type":"page","link":"https:\/\/accesia.info\/va\/clientes-colaboradores\/","title":{"rendered":"Clients"},"content":{"rendered":"<!--themify_builder_content-->\n<div id=\"themify_builder_content-555\" data-postid=\"555\" class=\"themify_builder_content themify_builder_content-555 themify_builder tf_clear\">\n    \t\t\t<!-- module_row -->\n\t<div  data-css_id=\"c33386\" data-lazy=\"1\" class=\"module_row themify_builder_row fullwidth tb_c33386 tb_first tf_w tf_clearfix\">\n\t    \t\t\t<div class=\"row_inner col_align_top tb_col_count_1 tf_box tf_rel\">\n\t\t            <div  data-lazy=\"1\" class=\"module_column tb-column col-full tb_68q286 first\">\n                                                        <div class=\"tb-column-inner tf_box tf_w\">\n                        <!-- module text -->\n<div  class=\"module module-text tb_x0sa86  repeat\" data-lazy=\"1\">\n        <div  class=\"tb_text_wrap\">\n    <h1 style=\"text-align: center;\"><strong>Clients i col\u00b7laboradors<\/strong><\/h1>    <\/div>\n<\/div>\n<!-- \/module text -->                    <\/div><!-- .tb-column-inner -->\n                            <\/div><!-- .module_column -->\n            \t    <\/div><!-- .row_inner -->\n\t<\/div><!-- .module_row -->\n\t\t\t\t<!-- module_row -->\n\t<div  data-lazy=\"1\" class=\"module_row themify_builder_row tb_m25u490 tf_w tf_clearfix\">\n\t    \t\t\t<div class=\"row_inner col_align_top tb_col_count_1 tf_box tf_rel\">\n\t\t            <div  data-lazy=\"1\" class=\"module_column tb-column col-full tb_o4em490 first\">\n                                                        <div class=\"tb-column-inner tf_box tf_w\">\n                        \t<div  data-lazy=\"1\" class=\"module_subrow themify_builder_sub_row tb_28sp490 tf_w tf_clearfix\">\n\t    \t\t\t<div class=\"subrow_inner col_align_top tb_col_count_1 tf_box tf_w\">\n\t\t            <div  data-lazy=\"1\" class=\"module_column sub_column col-full tb_wwf8490 first\">\n                                                        <div class=\"tb-column-inner tf_box tf_w\">\n                        <!-- module text -->\n<div  class=\"module module-text tb_8jkt490\" data-lazy=\"1\">\n        <div  class=\"tb_text_wrap\">\n    <p>A <strong>Accessia Solucions<\/strong>, el nostre comprom\u00eds amb la satisfacci\u00f3 del client \u00e9s essencial.<\/p>\n<p><span style=\"font-size: 1em;\">Hem tingut el privilegi de treballar amb una \u00e0mplia gamma de clients que han confiat en nosaltres per millorar l&#039;accessibilitat i la usabilitat dels seus llocs web. Estem orgullosos de compartir les vostres experi\u00e8ncies i testimonis, que reflecteixen l&#039;impacte positiu que hem aconseguit junts<\/span><\/p>    <\/div>\n<\/div>\n<!-- \/module text -->                    <\/div><!-- .tb-column-inner -->\n                            <\/div><!-- .module_column -->\n            \t    <\/div><!-- .subrow_inner -->\n\t<\/div><!-- .themify_builder_sub_row -->\n\t                    <\/div><!-- .tb-column-inner -->\n                            <\/div><!-- .module_column -->\n            \t    <\/div><!-- .row_inner -->\n\t<\/div><!-- .module_row -->\n\t\t\t\t<!-- module_row -->\n\t<div  data-lazy=\"1\" class=\"module_row themify_builder_row tb_43gd709 tf_w tf_clearfix\">\n\t    \t\t\t<div class=\"row_inner col_align_top tb_col_count_1 tf_box tf_rel\">\n\t\t            <div  data-lazy=\"1\" class=\"module_column tb-column col-full tb_0a0o709 first\">\n                                                        <div class=\"tb-column-inner tf_box tf_w\">\n                        \t<div  data-lazy=\"1\" class=\"module_subrow themify_builder_sub_row tb_ds9l4 tf_w tf_clearfix\" data-tb_link=\"#acpv\">\n\t    \t\t\t<div class=\"subrow_inner col_align_middle tb_col_count_2 tf_box tf_w\">\n\t\t            <div  data-lazy=\"1\" class=\"module_column sub_column col4-2 tb_fyd34 first\">\n                                                        <div class=\"tb-column-inner tf_box tf_w\">\n                        <!-- module image -->\n<div  class=\"module module-image tb_hui04   image-left tf_mw hide-tablet hide-tablet_landscape hide-mobile\" data-lazy=\"1\">\n        <div class=\"image-wrap tf_rel tf_mw\">\n\t\t    <img loading=\"lazy\" decoding=\"async\" src=\"https:\/\/accesia.info\/wp-content\/uploads\/2024\/02\/logo-fxj1-1024x891-154x133.png\" width=\"154\" height=\"133\" class=\"wp-post-image wp-image-1220\" title=\"Logo de Fundaci\u00f3 per la Just\u00edcia\" alt=\"Logo de Fundaci\u00f3n por la Justicia\" srcset=\"https:\/\/accesia.info\/wp-content\/uploads\/2024\/02\/logo-fxj1-1024x891-154x133.png 154w, https:\/\/accesia.info\/wp-content\/uploads\/2024\/02\/logo-fxj1-300x261.png 300w, https:\/\/accesia.info\/wp-content\/uploads\/2024\/02\/logo-fxj1-1024x891.png 1024w, https:\/\/accesia.info\/wp-content\/uploads\/2024\/02\/logo-fxj1-768x668.png 768w, https:\/\/accesia.info\/wp-content\/uploads\/2024\/02\/logo-fxj1-14x12.png 14w, https:\/\/accesia.info\/wp-content\/uploads\/2024\/02\/logo-fxj1-1024x891-163x141.png 163w, https:\/\/accesia.info\/wp-content\/uploads\/2024\/02\/logo-fxj1-1024x891-161x140.png 161w, https:\/\/accesia.info\/wp-content\/uploads\/2024\/02\/logo-fxj1.png 1531w\" sizes=\"auto, (max-width: 154px) 100vw, 154px\" \/>\t\n\t\t<\/div>\n\t<!-- \/image-wrap -->\n    \n    \t<\/div>\n<!-- \/module image --><!-- module image -->\n<div  class=\"module module-image tb_5ooo4   image-center tf_mw hide-desktop\" data-lazy=\"1\">\n        <div class=\"image-wrap tf_rel tf_mw\">\n\t\t    <img loading=\"lazy\" decoding=\"async\" src=\"https:\/\/accesia.info\/wp-content\/uploads\/2024\/02\/logo-fxj1-1024x891-161x140.png\" width=\"161\" height=\"140\" class=\"wp-post-image wp-image-1220\" title=\"Logo de Fundaci\u00f3 per la Just\u00edcia\" alt=\"Logo de Fundaci\u00f3n por la Justicia\" srcset=\"https:\/\/accesia.info\/wp-content\/uploads\/2024\/02\/logo-fxj1-1024x891-161x140.png 161w, https:\/\/accesia.info\/wp-content\/uploads\/2024\/02\/logo-fxj1-300x261.png 300w, https:\/\/accesia.info\/wp-content\/uploads\/2024\/02\/logo-fxj1-1024x891.png 1024w, https:\/\/accesia.info\/wp-content\/uploads\/2024\/02\/logo-fxj1-768x668.png 768w, https:\/\/accesia.info\/wp-content\/uploads\/2024\/02\/logo-fxj1-14x12.png 14w, https:\/\/accesia.info\/wp-content\/uploads\/2024\/02\/logo-fxj1-1024x891-163x141.png 163w, https:\/\/accesia.info\/wp-content\/uploads\/2024\/02\/logo-fxj1-1024x891-154x133.png 154w, https:\/\/accesia.info\/wp-content\/uploads\/2024\/02\/logo-fxj1.png 1531w\" sizes=\"auto, (max-width: 161px) 100vw, 161px\" \/>\t\n\t\t<\/div>\n\t<!-- \/image-wrap -->\n    \n    \t<\/div>\n<!-- \/module image --><!-- module text -->\n<div  class=\"module module-text tb_g73i4\" data-lazy=\"1\">\n        <div  class=\"tb_text_wrap\">\n    <h2>Fundaci\u00f3 per la Just\u00edcia<\/h2><div><br><\/div>\n<p><b>Fundaci\u00f3 per la Just\u00edcia<\/b> \u00e9s una <b>organitzaci\u00f3 sense \u00e0nim de lucre que treballa a favor dels Drets Humans i de la just\u00edcia social<\/b>, per tal d&#039;assolir una societat en pau, m\u00e9s justa, i m\u00e9s solid\u00e0ria. A m\u00e9s, organitzen el Festival de DDHH, HumansFest.<br><\/p>\n<p>La col\u00b7laboraci\u00f3 no ha deixat de cr\u00e9ixer. Comencem <b>auditant les vostres webs en mat\u00e8ria d&#039;accessibilitat<\/b> i <b>realitzant els canvis necessaris per complir els est\u00e0ndards<\/b>.<\/p><p>Actualment <b>gestionem i mantenim la seva infraestructura tecnol\u00f2gica<\/b>.<\/p><div><br><\/div>    <\/div>\n<\/div>\n<!-- \/module text --><!-- module image -->\n<div  class=\"module module-image tb_ii994 rounded  image-center auto_fullwidth tf_mw hide-desktop hide-tablet_landscape\" data-lazy=\"1\">\n        <div class=\"image-wrap tf_rel tf_mw\">\n\t\t    <a href=\"https:\/\/fundacionporlajusticia.org\/\"\n\t        rel=\"noopener\" target=\"_blank\"\t       >\n\t\t   \t\t<img loading=\"lazy\" decoding=\"async\" width=\"1233\" height=\"803\" src=\"https:\/\/accesia.info\/wp-content\/uploads\/2024\/04\/unnamed-file.jpg\" class=\"wp-post-image wp-image-1361\" title=\"Web de Fundaci\u00f3 per la Just\u00edcia\" alt=\"Web de Fundaci\u00f3n por la Justicia\" srcset=\"https:\/\/accesia.info\/wp-content\/uploads\/2024\/04\/unnamed-file.jpg 1233w, https:\/\/accesia.info\/wp-content\/uploads\/2024\/04\/unnamed-file-300x195.jpg 300w, https:\/\/accesia.info\/wp-content\/uploads\/2024\/04\/unnamed-file-1024x667.jpg 1024w, https:\/\/accesia.info\/wp-content\/uploads\/2024\/04\/unnamed-file-768x500.jpg 768w, https:\/\/accesia.info\/wp-content\/uploads\/2024\/04\/unnamed-file-18x12.jpg 18w\" sizes=\"auto, (max-width: 1233px) 100vw, 1233px\" \/>\t    <\/a>\n\t\n\t\t<\/div>\n\t<!-- \/image-wrap -->\n    \n    \t<\/div>\n<!-- \/module image -->                    <\/div><!-- .tb-column-inner -->\n                            <\/div><!-- .module_column -->\n                        <div  data-lazy=\"1\" class=\"module_column sub_column col4-2 tb_f2lh4 last\">\n                                                        <div class=\"tb-column-inner tf_box tf_w\">\n                        <!-- module image -->\n<div  class=\"module module-image tb_fpxt4 rounded  image-center auto_fullwidth tf_mw hide-tablet hide-mobile\" data-lazy=\"1\">\n        <div class=\"image-wrap tf_rel tf_mw\">\n\t\t    <a href=\"https:\/\/fundacionporlajusticia.org\/\"\n\t        rel=\"noopener\" target=\"_blank\"\t       >\n\t\t   \t\t<img loading=\"lazy\" decoding=\"async\" width=\"1233\" height=\"803\" src=\"https:\/\/accesia.info\/wp-content\/uploads\/2024\/04\/unnamed-file.jpg\" class=\"wp-post-image wp-image-1361\" title=\"Web de Fundaci\u00f3 per la Just\u00edcia\" alt=\"Web de Fundaci\u00f3n por la Justicia\" srcset=\"https:\/\/accesia.info\/wp-content\/uploads\/2024\/04\/unnamed-file.jpg 1233w, https:\/\/accesia.info\/wp-content\/uploads\/2024\/04\/unnamed-file-300x195.jpg 300w, https:\/\/accesia.info\/wp-content\/uploads\/2024\/04\/unnamed-file-1024x667.jpg 1024w, https:\/\/accesia.info\/wp-content\/uploads\/2024\/04\/unnamed-file-768x500.jpg 768w, https:\/\/accesia.info\/wp-content\/uploads\/2024\/04\/unnamed-file-18x12.jpg 18w\" sizes=\"auto, (max-width: 1233px) 100vw, 1233px\" \/>\t    <\/a>\n\t\n\t\t<\/div>\n\t<!-- \/image-wrap -->\n    \n    \t<\/div>\n<!-- \/module image -->                    <\/div><!-- .tb-column-inner -->\n                            <\/div><!-- .module_column -->\n            \t    <\/div><!-- .subrow_inner -->\n\t<\/div><!-- .themify_builder_sub_row -->\n\t\t<div  data-lazy=\"1\" class=\"module_subrow themify_builder_sub_row tb_4ncp710 tf_w tf_clearfix\">\n\t    \t\t\t<div class=\"subrow_inner col_align_middle tb_col_count_2 tf_box tf_w\">\n\t\t            <div  data-lazy=\"1\" class=\"module_column sub_column col4-2 tb_0ang710 first\">\n                                                        <div class=\"tb-column-inner tf_box tf_w\">\n                        <!-- module image -->\n<div  class=\"module module-image tb_wjqf710 rounded  image-center tf_mw hide-tablet hide-mobile\" data-lazy=\"1\">\n        <div class=\"image-wrap tf_rel tf_mw\">\n\t\t    <a href=\"http:\/\/lazona.eu\"\n\t        rel=\"noopener\" target=\"_blank\"\t       >\n\t\t   \t\t<img loading=\"lazy\" decoding=\"async\" src=\"https:\/\/accesia.info\/wp-content\/uploads\/2024\/06\/ea099293fbafc528865613b0dc1883c9-1024x631-561x342.png\" width=\"561\" height=\"342\" class=\"wp-post-image wp-image-1448\" title=\"LaZona Produccions AdA\" alt=\"LaZona Producciones Web\" srcset=\"https:\/\/accesia.info\/wp-content\/uploads\/2024\/06\/ea099293fbafc528865613b0dc1883c9-1024x631-561x342.png 561w, https:\/\/accesia.info\/wp-content\/uploads\/2024\/06\/ea099293fbafc528865613b0dc1883c9-18x12.png 18w\" sizes=\"auto, (max-width: 561px) 100vw, 561px\" \/>\t    <\/a>\n\t\n\t\t<\/div>\n\t<!-- \/image-wrap -->\n    \n    \t<\/div>\n<!-- \/module image -->                    <\/div><!-- .tb-column-inner -->\n                            <\/div><!-- .module_column -->\n                        <div  data-lazy=\"1\" class=\"module_column sub_column col4-2 tb_jlw1710 last\">\n                                                        <div class=\"tb-column-inner tf_box tf_w\">\n                        <!-- module image -->\n<div  class=\"module module-image tb_xqjz346   image-center tf_mw hide-desktop\" data-lazy=\"1\">\n        <div class=\"image-wrap tf_rel tf_mw\">\n\t\t    <img loading=\"lazy\" decoding=\"async\" src=\"https:\/\/accesia.info\/wp-content\/uploads\/2024\/06\/lazona_logo-removebg-preview-194x162.png\" width=\"194\" height=\"162\" class=\"wp-post-image wp-image-1430\" title=\"LaZona Producciones Logo\" alt=\"LaZona Producciones Logo\">\t\n\t\t<\/div>\n\t<!-- \/image-wrap -->\n    \n    \t<\/div>\n<!-- \/module image --><!-- module image -->\n<div  class=\"module module-image tb_bteq158   image-left tf_mw hide-tablet hide-tablet_landscape hide-mobile\" data-lazy=\"1\">\n        <div class=\"image-wrap tf_rel tf_mw\">\n\t\t    <img loading=\"lazy\" decoding=\"async\" src=\"https:\/\/accesia.info\/wp-content\/uploads\/2024\/06\/lazona_logo-removebg-preview-194x162.png\" width=\"194\" height=\"162\" class=\"wp-post-image wp-image-1430\" title=\"LaZona Producciones Logo\" alt=\"LaZona Producciones Logo\">\t\n\t\t<\/div>\n\t<!-- \/image-wrap -->\n    \n    \t<\/div>\n<!-- \/module image --><!-- module text -->\n<div  class=\"module module-text tb_84n0710\" data-lazy=\"1\">\n        <div  class=\"tb_text_wrap\">\n    <h2>LaZona Produccions<\/h2>\n<p><b><br>LaZona \u00e9s una productora<\/b> (cinema, teatre, s\u00e8ries, pictures) que des de la seva creaci\u00f3 l&#039;any 2003 ha produ\u00eft <b>14 llargmetratges i m\u00e9s de 50 obres teatrals<\/b>, combinant tant \u00e8xits de taquilla com de cr\u00edtica i premis.<\/p><p>Hem <span style=\"font-weight: bold;\">implementant el nostre innovador <a href=\"\/asistente-accesibilidad\/\">Assistent d&#039;accessibilitat<\/a>,<\/span> a <span style=\"font-weight: bold;\">la seva web<\/span>, assegurant que el vostre lloc ofereixi una accessibilitat completa i sense barreres.<\/p><div><br><\/div>    <\/div>\n<\/div>\n<!-- \/module text --><!-- module image -->\n<div  class=\"module module-image tb_znnd857 rounded  image-center tf_mw hide-desktop hide-tablet_landscape\" data-lazy=\"1\">\n        <div class=\"image-wrap tf_rel tf_mw\">\n\t\t    <a href=\"http:\/\/lazona.eu\"\n\t        rel=\"noopener\" target=\"_blank\"\t       >\n\t\t   \t\t<img loading=\"lazy\" decoding=\"async\" src=\"https:\/\/accesia.info\/wp-content\/uploads\/2024\/06\/ea099293fbafc528865613b0dc1883c9-1024x631-673x430.png\" width=\"673\" height=\"430\" class=\"wp-post-image wp-image-1448\" title=\"LaZona Produccions AdA\" alt=\"LaZona Producciones Web\" srcset=\"https:\/\/accesia.info\/wp-content\/uploads\/2024\/06\/ea099293fbafc528865613b0dc1883c9-1024x631-673x430.png 673w, https:\/\/accesia.info\/wp-content\/uploads\/2024\/06\/ea099293fbafc528865613b0dc1883c9-18x12.png 18w\" sizes=\"auto, (max-width: 673px) 100vw, 673px\" \/>\t    <\/a>\n\t\n\t\t<\/div>\n\t<!-- \/image-wrap -->\n    \n    \t<\/div>\n<!-- \/module image -->                    <\/div><!-- .tb-column-inner -->\n                            <\/div><!-- .module_column -->\n            \t    <\/div><!-- .subrow_inner -->\n\t<\/div><!-- .themify_builder_sub_row -->\n\t\t<div  data-lazy=\"1\" class=\"module_subrow themify_builder_sub_row tb_gn5y370 tf_w tf_clearfix\" data-tb_link=\"#acpv\">\n\t    \t\t\t<div class=\"subrow_inner col_align_middle tb_col_count_2 tf_box tf_w\">\n\t\t            <div  data-lazy=\"1\" class=\"module_column sub_column col4-2 tb_cc3s370 first\">\n                                                        <div class=\"tb-column-inner tf_box tf_w\">\n                        <!-- module image -->\n<div  class=\"module module-image tb_7lxh370   image-left tf_mw hide-tablet hide-tablet_landscape hide-mobile\" data-lazy=\"1\">\n        <div class=\"image-wrap tf_rel tf_mw\">\n\t\t    <img loading=\"lazy\" decoding=\"async\" src=\"https:\/\/accesia.info\/wp-content\/uploads\/2023\/11\/1-VLC-1024x273-599x115.png\" width=\"599\" height=\"115\" class=\"wp-post-image wp-image-978\" title=\"Logo de Missions Val\u00e8ncia 2030 i de l&#039;Ajuntament de Val\u00e8ncia\" alt=\"Logo de Missions Valencia 2030 y del Ayuntamiento de Valencia\">\t\n\t\t<\/div>\n\t<!-- \/image-wrap -->\n    \n    \t<\/div>\n<!-- \/module image --><!-- module image -->\n<div  class=\"module module-image tb_19ig370   image-center tf_mw hide-desktop\" data-lazy=\"1\">\n        <div class=\"image-wrap tf_rel tf_mw\">\n\t\t    <img loading=\"lazy\" decoding=\"async\" src=\"https:\/\/accesia.info\/wp-content\/uploads\/2023\/11\/1-VLC-1024x273-582x115.png\" width=\"582\" height=\"115\" class=\"wp-post-image wp-image-978\" title=\"Logo de Missions Val\u00e8ncia 2030 i de l&#039;Ajuntament de Val\u00e8ncia\" alt=\"Logo de Missions Valencia 2030 y del Ayuntamiento de Valencia\">\t\n\t\t<\/div>\n\t<!-- \/image-wrap -->\n    \n    \t<\/div>\n<!-- \/module image --><!-- module text -->\n<div  class=\"module module-text tb_n7a4370\" data-lazy=\"1\">\n        <div  class=\"tb_text_wrap\">\n    <h2>Missions 2030<\/h2>\n<p><br>Accesia Soluciones SL \u00e9s <b>Organitzaci\u00f3&nbsp;<span style=\"background-color: initial; font-size: 1em;\">Ambaixadora de Missions Val\u00e8ncia 2030 en col\u00b7laboraci\u00f3 amb l&#039;Ajuntament de Val\u00e8ncia.<\/span><\/b><\/p>\n<p><span style=\"background-color: initial; font-size: 1em;\">El 2020, Val\u00e8ncia va prendre la decisi\u00f3 auda\u00e7 de participar activament en <b>Missions 2030<\/b>, un innovador sistema de governan\u00e7a que busca no nom\u00e9s transformar la ciutat, sin\u00f3 tamb\u00e9 millorar la qualitat de vida dels seus habitants. <b>En aquest comprom\u00eds ambici\u00f3s pel progr\u00e9s i el benestar, un dels aspectes clau que Val\u00e8ncia ha abra\u00e7at amb fermesa \u00e9s l&#039;accessibilitat digital.<\/b><\/span><\/p>\n<p>Aquest <b>comprom\u00eds amb l&#039;accessibilitat digital <\/b>dins de Missions 2030 reflecteix la visi\u00f3 de Val\u00e8ncia de <b>construir una ciutat inclusiva i tecnol\u00f2gicament avan\u00e7ada.&nbsp;<\/b><\/p>    <\/div>\n<\/div>\n<!-- \/module text --><!-- module image -->\n<div  class=\"module module-image tb_swzj370 rounded  image-center tf_mw hide-desktop hide-tablet_landscape\" data-lazy=\"1\">\n        <div class=\"image-wrap tf_rel tf_mw\">\n\t\t    <a href=\"https:\/\/www.missionsvalencia.eu\/?lang=es\"\n\t        rel=\"noopener\" target=\"_blank\"\t       >\n\t\t   \t\t<img loading=\"lazy\" decoding=\"async\" src=\"https:\/\/accesia.info\/wp-content\/uploads\/2023\/11\/ddf-614x490.png\" width=\"614\" height=\"490\" class=\"wp-post-image wp-image-981\" title=\"Cartell de Missions Val\u00e8ncia 2030\" alt=\"Cartel de Missions Valencia 2030\">\t    <\/a>\n\t\n\t\t<\/div>\n\t<!-- \/image-wrap -->\n    \n    \t<\/div>\n<!-- \/module image -->                    <\/div><!-- .tb-column-inner -->\n                            <\/div><!-- .module_column -->\n                        <div  data-lazy=\"1\" class=\"module_column sub_column col4-2 tb_ya4c370 last\">\n                                                        <div class=\"tb-column-inner tf_box tf_w\">\n                        <!-- module image -->\n<div  class=\"module module-image tb_fhoe370 rounded  image-center tf_mw hide-tablet hide-mobile\" data-lazy=\"1\">\n        <div class=\"image-wrap tf_rel tf_mw\">\n\t\t    <a href=\"https:\/\/www.missionsvalencia.eu\/?lang=es\"\n\t        rel=\"noopener\" target=\"_blank\"\t       >\n\t\t   \t\t<img loading=\"lazy\" decoding=\"async\" src=\"https:\/\/accesia.info\/wp-content\/uploads\/2023\/11\/ddf-614x490.png\" width=\"614\" height=\"490\" class=\"wp-post-image wp-image-981\" title=\"Cartell de Missions Val\u00e8ncia 2030\" alt=\"Cartel de Missions Valencia 2030\">\t    <\/a>\n\t\n\t\t<\/div>\n\t<!-- \/image-wrap -->\n    \n    \t<\/div>\n<!-- \/module image -->                    <\/div><!-- .tb-column-inner -->\n                            <\/div><!-- .module_column -->\n            \t    <\/div><!-- .subrow_inner -->\n\t<\/div><!-- .themify_builder_sub_row -->\n\t\t<div  data-lazy=\"1\" class=\"module_subrow themify_builder_sub_row tb_6elt743 tf_w tf_clearfix\">\n\t    \t\t\t<div class=\"subrow_inner col_align_middle tb_col_count_2 tf_box tf_w\">\n\t\t            <div  data-lazy=\"1\" class=\"module_column sub_column col4-2 tb_1r1h743 first\">\n                                                        <div class=\"tb-column-inner tf_box tf_w\">\n                        <!-- module image -->\n<div  class=\"module module-image tb_nqfd743 rounded  image-center tf_mw hide-tablet hide-mobile\" data-lazy=\"1\">\n        <div class=\"image-wrap tf_rel tf_mw\">\n\t\t    <a href=\"https:\/\/caudetedelasfuentes.es\/\"\n\t        rel=\"noopener\" target=\"_blank\"\t       >\n\t\t   \t\t<img loading=\"lazy\" decoding=\"async\" src=\"https:\/\/accesia.info\/wp-content\/uploads\/2023\/10\/60cbbffdb1b8e3acea932f59c086cd5c-1-1024x508-639x490.jpg\" width=\"639\" height=\"490\" class=\"wp-post-image wp-image-562\" title=\"Captura de Pantalla del Lloc web de l&#039;Ajuntament de Caudete de las Fuentes, realitzat per Accesia Soluciones.\" alt=\"Captura de Pantalla del Sitio web del Ayuntamiento de Caudete de las Fuentes, realizado por Accesia Soluciones.\">\t    <\/a>\n\t\n\t\t<\/div>\n\t<!-- \/image-wrap -->\n    \n    \t<\/div>\n<!-- \/module image -->                    <\/div><!-- .tb-column-inner -->\n                            <\/div><!-- .module_column -->\n                        <div  data-lazy=\"1\" class=\"module_column sub_column col4-2 tb_hwr1743 last\">\n                                                        <div class=\"tb-column-inner tf_box tf_w\">\n                        <!-- module image -->\n<div  class=\"module module-image tb_gmqi743   image-center tf_mw hide-desktop\" data-lazy=\"1\">\n        <div class=\"image-wrap tf_rel tf_mw\">\n\t\t    <img loading=\"lazy\" decoding=\"async\" src=\"https:\/\/accesia.info\/wp-content\/uploads\/2023\/10\/1200px-Escudo_Caudete_de_las_Fuentes.svg-588x1024-71x124.png\" width=\"71\" height=\"124\" class=\"wp-post-image wp-image-578\" title=\"Escut de Caudete de las Fuentes\" alt=\"Escudo de Caudete de las Fuentes\" srcset=\"https:\/\/accesia.info\/wp-content\/uploads\/2023\/10\/1200px-Escudo_Caudete_de_las_Fuentes.svg-588x1024-71x124.png 71w, https:\/\/accesia.info\/wp-content\/uploads\/2023\/10\/1200px-Escudo_Caudete_de_las_Fuentes.svg-172x300.png 172w, https:\/\/accesia.info\/wp-content\/uploads\/2023\/10\/1200px-Escudo_Caudete_de_las_Fuentes.svg-588x1024.png 588w, https:\/\/accesia.info\/wp-content\/uploads\/2023\/10\/1200px-Escudo_Caudete_de_las_Fuentes.svg-768x1338.png 768w, https:\/\/accesia.info\/wp-content\/uploads\/2023\/10\/1200px-Escudo_Caudete_de_las_Fuentes.svg-882x1536.png 882w, https:\/\/accesia.info\/wp-content\/uploads\/2023\/10\/1200px-Escudo_Caudete_de_las_Fuentes.svg-1176x2048.png 1176w, https:\/\/accesia.info\/wp-content\/uploads\/2023\/10\/1200px-Escudo_Caudete_de_las_Fuentes.svg-588x1024-79x138.png 79w, https:\/\/accesia.info\/wp-content\/uploads\/2023\/10\/1200px-Escudo_Caudete_de_las_Fuentes.svg-588x1024-98x171.png 98w, https:\/\/accesia.info\/wp-content\/uploads\/2023\/10\/1200px-Escudo_Caudete_de_las_Fuentes.svg-588x1024-80x140.png 80w, https:\/\/accesia.info\/wp-content\/uploads\/2023\/10\/1200px-Escudo_Caudete_de_las_Fuentes.svg.png 1200w\" sizes=\"auto, (max-width: 71px) 100vw, 71px\" \/>\t\n\t\t<\/div>\n\t<!-- \/image-wrap -->\n    \n    \t<\/div>\n<!-- \/module image --><!-- module image -->\n<div  class=\"module module-image tb_htxu743   image-left tf_mw hide-tablet hide-tablet_landscape hide-mobile\" data-lazy=\"1\">\n        <div class=\"image-wrap tf_rel tf_mw\">\n\t\t    <img loading=\"lazy\" decoding=\"async\" src=\"https:\/\/accesia.info\/wp-content\/uploads\/2023\/10\/1200px-Escudo_Caudete_de_las_Fuentes.svg-588x1024-71x124.png\" width=\"71\" height=\"124\" class=\"wp-post-image wp-image-578\" title=\"Escut de Caudete de las Fuentes\" alt=\"Escudo de Caudete de las Fuentes\" srcset=\"https:\/\/accesia.info\/wp-content\/uploads\/2023\/10\/1200px-Escudo_Caudete_de_las_Fuentes.svg-588x1024-71x124.png 71w, https:\/\/accesia.info\/wp-content\/uploads\/2023\/10\/1200px-Escudo_Caudete_de_las_Fuentes.svg-172x300.png 172w, https:\/\/accesia.info\/wp-content\/uploads\/2023\/10\/1200px-Escudo_Caudete_de_las_Fuentes.svg-588x1024.png 588w, https:\/\/accesia.info\/wp-content\/uploads\/2023\/10\/1200px-Escudo_Caudete_de_las_Fuentes.svg-768x1338.png 768w, https:\/\/accesia.info\/wp-content\/uploads\/2023\/10\/1200px-Escudo_Caudete_de_las_Fuentes.svg-882x1536.png 882w, https:\/\/accesia.info\/wp-content\/uploads\/2023\/10\/1200px-Escudo_Caudete_de_las_Fuentes.svg-1176x2048.png 1176w, https:\/\/accesia.info\/wp-content\/uploads\/2023\/10\/1200px-Escudo_Caudete_de_las_Fuentes.svg-588x1024-79x138.png 79w, https:\/\/accesia.info\/wp-content\/uploads\/2023\/10\/1200px-Escudo_Caudete_de_las_Fuentes.svg-588x1024-98x171.png 98w, https:\/\/accesia.info\/wp-content\/uploads\/2023\/10\/1200px-Escudo_Caudete_de_las_Fuentes.svg-588x1024-80x140.png 80w, https:\/\/accesia.info\/wp-content\/uploads\/2023\/10\/1200px-Escudo_Caudete_de_las_Fuentes.svg.png 1200w\" sizes=\"auto, (max-width: 71px) 100vw, 71px\" \/>\t\n\t\t<\/div>\n\t<!-- \/image-wrap -->\n    \n    \t<\/div>\n<!-- \/module image --><!-- module text -->\n<div  class=\"module module-text tb_dvt1743\" data-lazy=\"1\">\n        <div  class=\"tb_text_wrap\">\n    <h2>Ajuntament de Caudete de las Fuentes<\/h2>\n<p><span style=\"font-weight: bold;\"><br>Hem creat la nova p\u00e0gina web<\/span>. Des del disseny inicial, <span style=\"font-weight: bold;\">s<\/span>eguim estrictament les pautes d&#039;accessibilitat vigents per garantir una experi\u00e8ncia inclusiva per a tots els usuaris.&nbsp;<\/p><p>A m\u00e9s, <span style=\"font-weight: bold;\">implementem el nostre innovador <a href=\"\/asistente-accesibilidad\/\">Assistent d&#039;accessibilitat<\/a><\/span>, assegurant que el vostre lloc ofereixi una accessibilitat completa i sense barreres.<\/p><div><br><\/div>    <\/div>\n<\/div>\n<!-- \/module text --><!-- module image -->\n<div  class=\"module module-image tb_8tiy743 rounded  image-center tf_mw hide-desktop hide-tablet_landscape\" data-lazy=\"1\">\n        <div class=\"image-wrap tf_rel tf_mw\">\n\t\t    <a href=\"https:\/\/caudetedelasfuentes.es\/\"\n\t        rel=\"noopener\" target=\"_blank\"\t       >\n\t\t   \t\t<img loading=\"lazy\" decoding=\"async\" src=\"https:\/\/accesia.info\/wp-content\/uploads\/2023\/10\/60cbbffdb1b8e3acea932f59c086cd5c-1-1024x508-639x490.jpg\" width=\"639\" height=\"490\" class=\"wp-post-image wp-image-562\" title=\"Captura de Pantalla del Lloc web de l&#039;Ajuntament de Caudete de las Fuentes, realitzat per Accesia Soluciones.\" alt=\"Captura de Pantalla del Sitio web del Ayuntamiento de Caudete de las Fuentes, realizado por Accesia Soluciones.\">\t    <\/a>\n\t\n\t\t<\/div>\n\t<!-- \/image-wrap -->\n    \n    \t<\/div>\n<!-- \/module image -->                    <\/div><!-- .tb-column-inner -->\n                            <\/div><!-- .module_column -->\n            \t    <\/div><!-- .subrow_inner -->\n\t<\/div><!-- .themify_builder_sub_row -->\n\t\t<div  data-lazy=\"1\" class=\"module_subrow themify_builder_sub_row tb_8p9c710 tf_w tf_clearfix\" data-tb_link=\"#acpv\">\n\t    \t\t\t<div class=\"subrow_inner col_align_middle tb_col_count_2 tf_box tf_w\">\n\t\t            <div  data-lazy=\"1\" class=\"module_column sub_column col4-2 tb_zngz710 first\">\n                                                        <div class=\"tb-column-inner tf_box tf_w\">\n                        <!-- module image -->\n<div  class=\"module module-image tb_77vj635   image-left tf_mw hide-tablet hide-tablet_landscape hide-mobile\" data-lazy=\"1\">\n        <div class=\"image-wrap tf_rel tf_mw\">\n\t\t    <img loading=\"lazy\" decoding=\"async\" src=\"https:\/\/accesia.info\/wp-content\/uploads\/2024\/06\/didania-logo-1024x472-329x99.png\" width=\"329\" height=\"99\" class=\"wp-post-image wp-image-1434\" title=\"Logo Didania\" alt=\"Logo Didania\">\t\n\t\t<\/div>\n\t<!-- \/image-wrap -->\n    \n    \t<\/div>\n<!-- \/module image --><!-- module image -->\n<div  class=\"module module-image tb_lxsv407   image-center tf_mw hide-desktop\" data-lazy=\"1\">\n        <div class=\"image-wrap tf_rel tf_mw\">\n\t\t    <img loading=\"lazy\" decoding=\"async\" src=\"https:\/\/accesia.info\/wp-content\/uploads\/2024\/06\/didania-logo-1024x472-336x115.png\" width=\"336\" height=\"115\" class=\"wp-post-image wp-image-1434\" title=\"Logo Didania\" alt=\"Logo Didania\">\t\n\t\t<\/div>\n\t<!-- \/image-wrap -->\n    \n    \t<\/div>\n<!-- \/module image --><!-- module text -->\n<div  class=\"module module-text tb_bqi1710\" data-lazy=\"1\">\n        <div  class=\"tb_text_wrap\">\n    <h2>Didania<\/h2>\n<p><span style=\"font-weight: bold;\"><br>DIDANIA \u00e9s una federaci\u00f3 d&#039;entitats cristianes de lleure<\/span>, la missi\u00f3 del qual \u00e9s coordinar i potenciar el treball en el lleure educatiu, l&#039;animaci\u00f3 sociocultural i el voluntariat, teixint xarxa per intervenir en la societat amb un estil i valors cr\u00edtics i transformadors.<\/p><p><span style=\"font-weight: bold;\">Hem implementat el nostre innovador<a href=\"\/asistente-accesibilidad\/\"> Assistent d&#039;accessibilitat<\/a>&nbsp;a la seva web<\/span>, assegurant que el vostre lloc ofereixi una accessibilitat completa i sense barreres.<\/p>    <\/div>\n<\/div>\n<!-- \/module text --><!-- module image -->\n<div  class=\"module module-image tb_7kdx129 rounded  image-center tf_mw hide-desktop hide-tablet_landscape\" data-lazy=\"1\">\n        <div class=\"image-wrap tf_rel tf_mw\">\n\t\t    <a href=\"http:\/\/didania.org\"\n\t        rel=\"noopener\" target=\"_blank\"\t       >\n\t\t   \t\t<img loading=\"lazy\" decoding=\"async\" src=\"https:\/\/accesia.info\/wp-content\/uploads\/2024\/06\/4406336a74021658a9b4d6d6ea8ed44d-1024x607-767x447.jpg\" width=\"767\" height=\"447\" class=\"wp-post-image wp-image-1453\" title=\"Web de Didania, Federaci\u00f3 d&#039;entitats cristianes de lleure\" alt=\"Web de Didania, Federaci\u00f3n de entidades cristianas de tiempo libre\">\t    <\/a>\n\t\n\t\t<\/div>\n\t<!-- \/image-wrap -->\n    \n    \t<\/div>\n<!-- \/module image -->                    <\/div><!-- .tb-column-inner -->\n                            <\/div><!-- .module_column -->\n                        <div  data-lazy=\"1\" class=\"module_column sub_column col4-2 tb_t9nr710 last\">\n                                                        <div class=\"tb-column-inner tf_box tf_w\">\n                        <!-- module image -->\n<div  class=\"module module-image tb_groj710 rounded  image-center tf_mw hide-tablet hide-mobile\" data-lazy=\"1\">\n        <div class=\"image-wrap tf_rel tf_mw\">\n\t\t    <a href=\"http:\/\/didania.org\"\n\t        rel=\"noopener\" target=\"_blank\"\t       >\n\t\t   \t\t<img loading=\"lazy\" decoding=\"async\" src=\"https:\/\/accesia.info\/wp-content\/uploads\/2024\/06\/4406336a74021658a9b4d6d6ea8ed44d-1024x607-777x447.jpg\" width=\"777\" height=\"447\" class=\"wp-post-image wp-image-1453\" title=\"Web de Didania, Federaci\u00f3 d&#039;entitats cristianes de lleure\" alt=\"Web de Didania, Federaci\u00f3n de entidades cristianas de tiempo libre\">\t    <\/a>\n\t\n\t\t<\/div>\n\t<!-- \/image-wrap -->\n    \n    \t<\/div>\n<!-- \/module image -->                    <\/div><!-- .tb-column-inner -->\n                            <\/div><!-- .module_column -->\n            \t    <\/div><!-- .subrow_inner -->\n\t<\/div><!-- .themify_builder_sub_row -->\n\t\t<div  data-lazy=\"1\" class=\"module_subrow themify_builder_sub_row tb_3ap380 tf_w tf_clearfix\">\n\t    \t\t\t<div class=\"subrow_inner col_align_middle tb_col_count_2 tf_box tf_w\">\n\t\t            <div  data-lazy=\"1\" class=\"module_column sub_column col4-2 tb_k7xa80 first\">\n                                                        <div class=\"tb-column-inner tf_box tf_w\">\n                        <!-- module image -->\n<div  class=\"module module-image tb_v7h680 rounded  image-center tf_mw hide-tablet hide-mobile\" data-lazy=\"1\">\n        <div class=\"image-wrap tf_rel tf_mw\">\n\t\t    <a href=\"https:\/\/plenainclusioncv.org\/\"\n\t        rel=\"noopener\" target=\"_blank\"\t       >\n\t\t   \t\t<img loading=\"lazy\" decoding=\"async\" src=\"https:\/\/accesia.info\/wp-content\/uploads\/2024\/06\/1557140859_1g-639x490.jpg\" width=\"639\" height=\"490\" class=\"wp-post-image wp-image-1489\" title=\"En aquesta imatge s&#039;observa un grup de persones unint les mans al centre, formant una pila de mans. Estan en un entorn exterior amb una superf\u00edcie de fusta com a fons. Sembla que les persones estan col\u00b7laborant o celebrant un moment d&#039;uni\u00f3 i treball en equip, destacant un sentit de camaraderia i cooperaci\u00f3.\" alt=\"En esta imagen se observa un grupo de personas uniendo sus manos en el centro, formando una pila de manos. Est\u00e1n en un entorno al aire libre con una superficie de madera como fondo. Las personas parecen estar colaborando o celebrando un momento de uni\u00f3n y trabajo en equipo, destacando un sentido de camarader\u00eda y cooperaci\u00f3n.\">\t    <\/a>\n\t\n\t\t<\/div>\n\t<!-- \/image-wrap -->\n    \n    \t<\/div>\n<!-- \/module image -->                    <\/div><!-- .tb-column-inner -->\n                            <\/div><!-- .module_column -->\n                        <div  data-lazy=\"1\" class=\"module_column sub_column col4-2 tb_a3zi80 last\">\n                                                        <div class=\"tb-column-inner tf_box tf_w\">\n                        <!-- module image -->\n<div  class=\"module module-image tb_ewh280   image-center tf_mw hide-desktop\" data-lazy=\"1\">\n        <div class=\"image-wrap tf_rel tf_mw\">\n\t\t    <a href=\"https:\/\/plenainclusioncv.org\/\"\n\t        rel=\"noopener\" target=\"_blank\"\t       >\n\t\t   \t\t<img loading=\"lazy\" decoding=\"async\" src=\"https:\/\/accesia.info\/wp-content\/uploads\/2024\/06\/plenacvsinfondo-1024x636-205x123.png\" width=\"205\" height=\"123\" class=\"wp-post-image wp-image-1439\" title=\"Logo de Plena Inclusi\u00f3 Comunitat Valenciana\" alt=\"Logo de Plena Inclusi\u00f3n Comunidad Valenciana\" srcset=\"https:\/\/accesia.info\/wp-content\/uploads\/2024\/06\/plenacvsinfondo-1024x636-205x123.png 205w, https:\/\/accesia.info\/wp-content\/uploads\/2024\/06\/plenacvsinfondo-18x12.png 18w\" sizes=\"auto, (max-width: 205px) 100vw, 205px\" \/>\t    <\/a>\n\t\n\t\t<\/div>\n\t<!-- \/image-wrap -->\n    \n    \t<\/div>\n<!-- \/module image --><!-- module image -->\n<div  class=\"module module-image tb_zby780   image-left tf_mw hide-tablet hide-tablet_landscape hide-mobile\" data-lazy=\"1\">\n        <div class=\"image-wrap tf_rel tf_mw\">\n\t\t    <a href=\"https:\/\/plenainclusioncv.org\/\"\n\t        rel=\"noopener\" target=\"_blank\"\t       >\n\t\t   \t\t<img loading=\"lazy\" decoding=\"async\" src=\"https:\/\/accesia.info\/wp-content\/uploads\/2024\/06\/plenacvsinfondo-1024x636-199x123.png\" width=\"199\" height=\"123\" class=\"wp-post-image wp-image-1439\" title=\"Logo de Plena Inclusi\u00f3 Comunitat Valenciana\" alt=\"Logo de Plena Inclusi\u00f3n Comunidad Valenciana\" srcset=\"https:\/\/accesia.info\/wp-content\/uploads\/2024\/06\/plenacvsinfondo-1024x636-199x123.png 199w, https:\/\/accesia.info\/wp-content\/uploads\/2024\/06\/plenacvsinfondo-300x186.png 300w, https:\/\/accesia.info\/wp-content\/uploads\/2024\/06\/plenacvsinfondo-1024x636.png 1024w, https:\/\/accesia.info\/wp-content\/uploads\/2024\/06\/plenacvsinfondo-768x477.png 768w, https:\/\/accesia.info\/wp-content\/uploads\/2024\/06\/plenacvsinfondo-18x12.png 18w, https:\/\/accesia.info\/wp-content\/uploads\/2024\/06\/plenacvsinfondo-1024x636-226x140.png 226w, https:\/\/accesia.info\/wp-content\/uploads\/2024\/06\/plenacvsinfondo.png 1176w\" sizes=\"auto, (max-width: 199px) 100vw, 199px\" \/>\t    <\/a>\n\t\n\t\t<\/div>\n\t<!-- \/image-wrap -->\n    \n    \t<\/div>\n<!-- \/module image --><!-- module text -->\n<div  class=\"module module-text tb_4vac80\" data-lazy=\"1\">\n        <div  class=\"tb_text_wrap\">\n    <h2>Plena Inclusi\u00f3 Comunitat Valenciana<\/h2>\n<p><span style=\"font-weight: bold;\"><br>ONG sense \u00e0nim de lucre, membre del CERMI-CV, patr\u00f3 de Fundaci\u00f3 ONCE <\/span>i amb <span style=\"font-weight: bold;\">aliances amb diferents universitats i organitzacions<\/span>.<br><br><span style=\"font-weight: bold;\">Treballen amb associacions de persones amb discapacitat intel\u00b7lectual i del desenvolupament<\/span>. Amb elles, per a elles i per a les fam\u00edlies, perqu\u00e8 tinguin una vida millor. A m\u00e9s, s\u00f3n una <span style=\"font-weight: bold;\">entitat d&#039;Utilitat P\u00fablica<\/span>.<\/p><p>A causa de la naturalesa dels seus fins <span style=\"font-weight: bold;\">la nostra relaci\u00f3 amb Plena Inclusi\u00f3 \u00e9s de col\u00b7laboraci\u00f3 a diversos nivells<\/span>. No nom\u00e9s anem a <span style=\"font-weight: bold;\">implementar les nostres eines a la seva web, <\/span>sin\u00f3 que<span style=\"font-weight: bold;\">&nbsp;<\/span>a m\u00e9s <span style=\"font-weight: bold;\">hem comen\u00e7at a treballar perqu\u00e8 els usuaris validin les nostres eines<\/span> de manera que siguin realment \u00fatils. Esperem que aquesta col\u00b7laboraci\u00f3 segueixi creixent.<\/p>    <\/div>\n<\/div>\n<!-- \/module text --><!-- module image -->\n<div  class=\"module module-image tb_noey80 rounded  image-center tf_mw hide-desktop hide-tablet_landscape\" data-lazy=\"1\">\n        <div class=\"image-wrap tf_rel tf_mw\">\n\t\t    <a href=\"https:\/\/plenainclusioncv.org\/\"\n\t        rel=\"noopener\" target=\"_blank\"\t       >\n\t\t   \t\t<img loading=\"lazy\" decoding=\"async\" src=\"https:\/\/accesia.info\/wp-content\/uploads\/2024\/06\/1557140859_1g-639x490.jpg\" width=\"639\" height=\"490\" class=\"wp-post-image wp-image-1489\" title=\"En aquesta imatge s&#039;observa un grup de persones unint les mans al centre, formant una pila de mans. Estan en un entorn exterior amb una superf\u00edcie de fusta com a fons. Sembla que les persones estan col\u00b7laborant o celebrant un moment d&#039;uni\u00f3 i treball en equip, destacant un sentit de camaraderia i cooperaci\u00f3.\" alt=\"En esta imagen se observa un grupo de personas uniendo sus manos en el centro, formando una pila de manos. Est\u00e1n en un entorno al aire libre con una superficie de madera como fondo. Las personas parecen estar colaborando o celebrando un momento de uni\u00f3n y trabajo en equipo, destacando un sentido de camarader\u00eda y cooperaci\u00f3n.\">\t    <\/a>\n\t\n\t\t<\/div>\n\t<!-- \/image-wrap -->\n    \n    \t<\/div>\n<!-- \/module image -->                    <\/div><!-- .tb-column-inner -->\n                            <\/div><!-- .module_column -->\n            \t    <\/div><!-- .subrow_inner -->\n\t<\/div><!-- .themify_builder_sub_row -->\n\t\t<div  data-lazy=\"1\" class=\"module_subrow themify_builder_sub_row tb_xyry115 tf_w tf_clearfix\">\n\t    \t\t\t<div class=\"subrow_inner col_align_middle tb_col_count_2 tf_box tf_w\">\n\t\t            <div  data-lazy=\"1\" class=\"module_column sub_column col4-2 tb_8u0x115 first\">\n                                                        <div class=\"tb-column-inner tf_box tf_w\">\n                        <!-- module image -->\n<div  class=\"module module-image tb_rnue115   image-left tf_mw hide-tablet hide-tablet_landscape hide-mobile\" data-lazy=\"1\">\n        <div class=\"image-wrap tf_rel tf_mw\">\n\t\t    <img loading=\"lazy\" decoding=\"async\" src=\"https:\/\/accesia.info\/wp-content\/uploads\/2023\/11\/Sin-titulo-2.svg\" width=\"369\" height=\"120\" class=\"wp-post-image wp-image-1016\" title=\"Logo Facultat de dret - Universitat de Val\u00e8ncia\" alt=\"Logo Facultat de dret - Universitat de Valencia\">\t\n\t\t<\/div>\n\t<!-- \/image-wrap -->\n    \n    \t<\/div>\n<!-- \/module image --><!-- module image -->\n<div  class=\"module module-image tb_l5l6115   image-center tf_mw hide-desktop\" data-lazy=\"1\">\n        <div class=\"image-wrap tf_rel tf_mw\">\n\t\t    <img loading=\"lazy\" decoding=\"async\" src=\"https:\/\/accesia.info\/wp-content\/uploads\/2023\/11\/Sin-titulo-2.svg\" width=\"369\" height=\"115\" class=\"wp-post-image wp-image-1016\" title=\"Logo Facultat de dret - Universitat de Val\u00e8ncia\" alt=\"Logo Facultat de dret - Universitat de Valencia\">\t\n\t\t<\/div>\n\t<!-- \/image-wrap -->\n    \n    \t<\/div>\n<!-- \/module image --><!-- module text -->\n<div  class=\"module module-text tb_j86o115\" data-lazy=\"1\">\n        <div  class=\"tb_text_wrap\">\n    <h2>Universitat de Val\u00e8ncia<\/h2>\n<p><br>A la nostra m\u00e9s recent <span style=\"font-weight: bold;\">col\u00b7laboraci\u00f3 amb la Universitat de Val\u00e8ncia<\/span>, duem a terme una xerrada enfocada a la <b>import\u00e0ncia de l&#039;accessibilitat web<\/b>, aplicada a les normatives i lleis actuals, aix\u00ed com al dret d&#039;acc\u00e9s a la informaci\u00f3 de tota la poblaci\u00f3.<\/p>    <\/div>\n<\/div>\n<!-- \/module text --><!-- module image -->\n<div  class=\"module module-image tb_smpw115 rounded  image-center tf_mw hide-desktop hide-tablet_landscape\" data-lazy=\"1\">\n        <div class=\"image-wrap tf_rel tf_mw\">\n\t\t    <img loading=\"lazy\" decoding=\"async\" src=\"https:\/\/accesia.info\/wp-content\/uploads\/2023\/11\/Imagen-de-WhatsApp-2023-11-08-a-las-17.22.41_ebc84d92-614x490.jpg\" width=\"614\" height=\"490\" class=\"wp-post-image wp-image-998\" title=\"Xerrada d&#039;Accessia Solucions a la Facultat de Dret sobre Accessibilitat Web\" alt=\"Charla de Accesia Soluciones en la Facultad de Derecho sobre Accesibilidad Web\">\t\n\t\t<\/div>\n\t<!-- \/image-wrap -->\n    \n    \t<\/div>\n<!-- \/module image -->                    <\/div><!-- .tb-column-inner -->\n                            <\/div><!-- .module_column -->\n                        <div  data-lazy=\"1\" class=\"module_column sub_column col4-2 tb_dvb9115 last\">\n                                                        <div class=\"tb-column-inner tf_box tf_w\">\n                        <!-- module image -->\n<div  class=\"module module-image tb_yyro115 rounded  image-center tf_mw hide-tablet hide-mobile\" data-lazy=\"1\">\n        <div class=\"image-wrap tf_rel tf_mw\">\n\t\t    <img loading=\"lazy\" decoding=\"async\" src=\"https:\/\/accesia.info\/wp-content\/uploads\/2023\/11\/Imagen-de-WhatsApp-2023-11-08-a-las-17.22.41_ebc84d92-614x490.jpg\" width=\"614\" height=\"490\" class=\"wp-post-image wp-image-998\" title=\"Xerrada d&#039;Accessia Solucions a la Facultat de Dret sobre Accessibilitat Web\" alt=\"Charla de Accesia Soluciones en la Facultad de Derecho sobre Accesibilidad Web\">\t\n\t\t<\/div>\n\t<!-- \/image-wrap -->\n    \n    \t<\/div>\n<!-- \/module image -->                    <\/div><!-- .tb-column-inner -->\n                            <\/div><!-- .module_column -->\n            \t    <\/div><!-- .subrow_inner -->\n\t<\/div><!-- .themify_builder_sub_row -->\n\t\t<div  data-lazy=\"1\" class=\"module_subrow themify_builder_sub_row tb_x3jq316 tf_w tf_clearfix\" data-tb_link=\"#acpv\">\n\t    \t\t\t<div class=\"subrow_inner col_align_middle tb_col_count_2 tf_box tf_w\">\n\t\t            <div  data-lazy=\"1\" class=\"module_column sub_column col4-2 tb_tv37317 first\">\n                                                        <div class=\"tb-column-inner tf_box tf_w\">\n                        <!-- module image -->\n<div  class=\"module module-image tb_p1t5317 rounded  image-center tf_mw hide-tablet hide-mobile\" data-lazy=\"1\">\n        <div class=\"image-wrap tf_rel tf_mw\">\n\t\t    <img loading=\"lazy\" decoding=\"async\" src=\"https:\/\/accesia.info\/wp-content\/uploads\/2024\/06\/acb313aa11d2481952ccc20e4cd74220-1024x634-724x447.jpg\" width=\"724\" height=\"447\" class=\"wp-post-image wp-image-1456\" title=\"Lloc web de Fock, grup musical\" alt=\"Sitio web de Fock, grupo musical\" srcset=\"https:\/\/accesia.info\/wp-content\/uploads\/2024\/06\/acb313aa11d2481952ccc20e4cd74220-1024x634-724x447.jpg 724w, https:\/\/accesia.info\/wp-content\/uploads\/2024\/06\/acb313aa11d2481952ccc20e4cd74220-300x186.jpg 300w, https:\/\/accesia.info\/wp-content\/uploads\/2024\/06\/acb313aa11d2481952ccc20e4cd74220-1024x634.jpg 1024w, https:\/\/accesia.info\/wp-content\/uploads\/2024\/06\/acb313aa11d2481952ccc20e4cd74220-18x12.jpg 18w, https:\/\/accesia.info\/wp-content\/uploads\/2024\/06\/acb313aa11d2481952ccc20e4cd74220-1024x634-722x447.jpg 722w, https:\/\/accesia.info\/wp-content\/uploads\/2024\/06\/acb313aa11d2481952ccc20e4cd74220.jpg 1300w\" sizes=\"auto, (max-width: 724px) 100vw, 724px\" \/>\t\n\t\t<\/div>\n\t<!-- \/image-wrap -->\n    \n    \t<\/div>\n<!-- \/module image -->                    <\/div><!-- .tb-column-inner -->\n                            <\/div><!-- .module_column -->\n                        <div  data-lazy=\"1\" class=\"module_column sub_column col4-2 tb_u66m317 last\">\n                                                        <div class=\"tb-column-inner tf_box tf_w\">\n                        <!-- module image -->\n<div  class=\"module module-image tb_stjq317   image-left tf_mw hide-tablet hide-tablet_landscape hide-mobile\" data-lazy=\"1\">\n        <div class=\"image-wrap tf_rel tf_mw\">\n\t\t    <img loading=\"lazy\" decoding=\"async\" src=\"https:\/\/accesia.info\/wp-content\/uploads\/2024\/06\/fock-the-rock-band-logo-261x116.png\" width=\"261\" height=\"116\" class=\"wp-post-image wp-image-1441\" title=\"Logo de Fock, grup de m\u00fasica\" alt=\"Logo de Fock, grupo de m\u00fasica\" srcset=\"https:\/\/accesia.info\/wp-content\/uploads\/2024\/06\/fock-the-rock-band-logo-261x116.png 261w, https:\/\/accesia.info\/wp-content\/uploads\/2024\/06\/fock-the-rock-band-logo-18x8.png 18w\" sizes=\"auto, (max-width: 261px) 100vw, 261px\" \/>\t\n\t\t<\/div>\n\t<!-- \/image-wrap -->\n    \n    \t<\/div>\n<!-- \/module image --><!-- module image -->\n<div  class=\"module module-image tb_vosy317   image-center tf_mw hide-desktop\" data-lazy=\"1\">\n        <div class=\"image-wrap tf_rel tf_mw\">\n\t\t    <img loading=\"lazy\" decoding=\"async\" src=\"https:\/\/accesia.info\/wp-content\/uploads\/2024\/06\/fock-the-rock-band-logo-275x116.png\" width=\"275\" height=\"116\" class=\"wp-post-image wp-image-1441\" title=\"Logo de Fock, grup de m\u00fasica\" alt=\"Logo de Fock, grupo de m\u00fasica\" srcset=\"https:\/\/accesia.info\/wp-content\/uploads\/2024\/06\/fock-the-rock-band-logo-275x116.png 275w, https:\/\/accesia.info\/wp-content\/uploads\/2024\/06\/fock-the-rock-band-logo-18x8.png 18w\" sizes=\"auto, (max-width: 275px) 100vw, 275px\" \/>\t\n\t\t<\/div>\n\t<!-- \/image-wrap -->\n    \n    \t<\/div>\n<!-- \/module image --><!-- module text -->\n<div  class=\"module module-text tb_6qjf317\" data-lazy=\"1\">\n        <div  class=\"tb_text_wrap\">\n    <h2>Fock, grup musical<\/h2>\n<p><br>Treballem amb el grup musical <b>Fock, <\/b><span style=\"font-weight: bold;\">implementant el nostre <a href=\"\/asistente-accesibilidad\/\">Assistent d&#039;accessibilitat<\/a> a la seva p\u00e0gina web<\/span>, dotant-la d&#039;una accessibilitat m\u00e9s completa per als visitants<span style=\"background-color: initial; font-size: 1em;\">.<\/span><\/p>    <\/div>\n<\/div>\n<!-- \/module text --><!-- module image -->\n<div  class=\"module module-image tb_u0kn317 rounded  image-center tf_mw hide-desktop hide-tablet_landscape\" data-lazy=\"1\">\n        <div class=\"image-wrap tf_rel tf_mw\">\n\t\t    <img loading=\"lazy\" decoding=\"async\" src=\"https:\/\/accesia.info\/wp-content\/uploads\/2024\/06\/acb313aa11d2481952ccc20e4cd74220-1024x634-722x447.jpg\" width=\"722\" height=\"447\" class=\"wp-post-image wp-image-1456\" title=\"Lloc web de Fock, grup musical\" alt=\"Sitio web de Fock, grupo musical\" srcset=\"https:\/\/accesia.info\/wp-content\/uploads\/2024\/06\/acb313aa11d2481952ccc20e4cd74220-1024x634-722x447.jpg 722w, https:\/\/accesia.info\/wp-content\/uploads\/2024\/06\/acb313aa11d2481952ccc20e4cd74220-300x186.jpg 300w, https:\/\/accesia.info\/wp-content\/uploads\/2024\/06\/acb313aa11d2481952ccc20e4cd74220-1024x634.jpg 1024w, https:\/\/accesia.info\/wp-content\/uploads\/2024\/06\/acb313aa11d2481952ccc20e4cd74220-768x476.jpg 768w, https:\/\/accesia.info\/wp-content\/uploads\/2024\/06\/acb313aa11d2481952ccc20e4cd74220-18x12.jpg 18w, https:\/\/accesia.info\/wp-content\/uploads\/2024\/06\/acb313aa11d2481952ccc20e4cd74220-1024x634-724x447.jpg 724w, https:\/\/accesia.info\/wp-content\/uploads\/2024\/06\/acb313aa11d2481952ccc20e4cd74220.jpg 1300w\" sizes=\"auto, (max-width: 722px) 100vw, 722px\" \/>\t\n\t\t<\/div>\n\t<!-- \/image-wrap -->\n    \n    \t<\/div>\n<!-- \/module image -->                    <\/div><!-- .tb-column-inner -->\n                            <\/div><!-- .module_column -->\n            \t    <\/div><!-- .subrow_inner -->\n\t<\/div><!-- .themify_builder_sub_row -->\n\t\t<div  data-lazy=\"1\" class=\"module_subrow themify_builder_sub_row tb_r4uq72 tf_w tf_clearfix\" data-tb_link=\"#acpv\">\n\t    \t\t\t<div class=\"subrow_inner col_align_middle tb_col_count_2 tf_box tf_w\">\n\t\t            <div  data-lazy=\"1\" class=\"module_column sub_column col4-2 tb_l8hb72 first\">\n                                                        <div class=\"tb-column-inner tf_box tf_w\">\n                        <!-- module image -->\n<div  class=\"module module-image tb_2wew72   image-left tf_mw hide-tablet hide-tablet_landscape hide-mobile\" data-lazy=\"1\">\n        <div class=\"image-wrap tf_rel tf_mw\">\n\t\t    <img loading=\"lazy\" decoding=\"async\" src=\"https:\/\/accesia.info\/wp-content\/uploads\/2023\/10\/800px-Escudo_de_Villargordo_del_Cabriel.svg-88x116.png\" width=\"88\" height=\"116\" class=\"wp-post-image wp-image-577\" title=\"Escut de Villargordo del Cabriel\" alt=\"Escudo de Villargordo del Cabriel\" srcset=\"https:\/\/accesia.info\/wp-content\/uploads\/2023\/10\/800px-Escudo_de_Villargordo_del_Cabriel.svg-88x116.png 88w, https:\/\/accesia.info\/wp-content\/uploads\/2023\/10\/800px-Escudo_de_Villargordo_del_Cabriel.svg-124x164.png 124w\" sizes=\"auto, (max-width: 88px) 100vw, 88px\" \/>\t\n\t\t<\/div>\n\t<!-- \/image-wrap -->\n    \n    \t<\/div>\n<!-- \/module image --><!-- module image -->\n<div  class=\"module module-image tb_c50f73   image-center tf_mw hide-desktop\" data-lazy=\"1\">\n        <div class=\"image-wrap tf_rel tf_mw\">\n\t\t    <img loading=\"lazy\" decoding=\"async\" src=\"https:\/\/accesia.info\/wp-content\/uploads\/2023\/10\/800px-Escudo_de_Villargordo_del_Cabriel.svg-88x116.png\" width=\"88\" height=\"116\" class=\"wp-post-image wp-image-577\" title=\"Escut de Villargordo del Cabriel\" alt=\"Escudo de Villargordo del Cabriel\" srcset=\"https:\/\/accesia.info\/wp-content\/uploads\/2023\/10\/800px-Escudo_de_Villargordo_del_Cabriel.svg-88x116.png 88w, https:\/\/accesia.info\/wp-content\/uploads\/2023\/10\/800px-Escudo_de_Villargordo_del_Cabriel.svg-124x164.png 124w\" sizes=\"auto, (max-width: 88px) 100vw, 88px\" \/>\t\n\t\t<\/div>\n\t<!-- \/image-wrap -->\n    \n    \t<\/div>\n<!-- \/module image --><!-- module text -->\n<div  class=\"module module-text tb_w4kb73\" data-lazy=\"1\">\n        <div  class=\"tb_text_wrap\">\n    <h2>Ajuntament de Villargordo del Cabriel<\/h2>\n<p><br>Hem creat la nova p\u00e0gina web. Des del disseny inicial, seguim estrictament les pautes d\u201faccessibilitat vigents per garantir una experi\u00e8ncia inclusiva per a tots els usuaris.&nbsp;<br><\/p>\n<p>A m\u00e9s, implementem el nostre innovador&nbsp;<b><a href=\"\/asistente-accesibilidad\/\">Assistent d&#039;accessibilitat<\/a><\/b>, assegurant que el vostre lloc ofereixi una accessibilitat completa i sense barreres.<\/p>    <\/div>\n<\/div>\n<!-- \/module text --><!-- module image -->\n<div  class=\"module module-image tb_gynq73 rounded  image-center tf_mw hide-desktop hide-tablet_landscape\" data-lazy=\"1\">\n        <div class=\"image-wrap tf_rel tf_mw\">\n\t\t    <img loading=\"lazy\" decoding=\"async\" src=\"https:\/\/accesia.info\/wp-content\/uploads\/2023\/10\/241e06c7d5598effb5e0cf1b229b3837-1024x631-614x490.jpg\" width=\"614\" height=\"490\" class=\"wp-post-image wp-image-874\" title=\"Captura de Pantalla del Lloc web de l&#039;Ajuntament de Villarogordo del Cabriel, realitzat per Accesia Soluciones.\" alt=\"Captura de Pantalla del Sitio web del Ayuntamiento de Villarogordo del Cabriel, realizado por Accesia Soluciones.\">\t\n\t\t<\/div>\n\t<!-- \/image-wrap -->\n    \n    \t<\/div>\n<!-- \/module image -->                    <\/div><!-- .tb-column-inner -->\n                            <\/div><!-- .module_column -->\n                        <div  data-lazy=\"1\" class=\"module_column sub_column col4-2 tb_wpnw73 last\">\n                                                        <div class=\"tb-column-inner tf_box tf_w\">\n                        <!-- module image -->\n<div  class=\"module module-image tb_e4b873 rounded  image-center tf_mw hide-tablet hide-mobile\" data-lazy=\"1\">\n        <div class=\"image-wrap tf_rel tf_mw\">\n\t\t    <img loading=\"lazy\" decoding=\"async\" src=\"https:\/\/accesia.info\/wp-content\/uploads\/2023\/10\/241e06c7d5598effb5e0cf1b229b3837-1024x631-614x490.jpg\" width=\"614\" height=\"490\" class=\"wp-post-image wp-image-874\" title=\"Captura de Pantalla del Lloc web de l&#039;Ajuntament de Villarogordo del Cabriel, realitzat per Accesia Soluciones.\" alt=\"Captura de Pantalla del Sitio web del Ayuntamiento de Villarogordo del Cabriel, realizado por Accesia Soluciones.\">\t\n\t\t<\/div>\n\t<!-- \/image-wrap -->\n    \n    \t<\/div>\n<!-- \/module image -->                    <\/div><!-- .tb-column-inner -->\n                            <\/div><!-- .module_column -->\n            \t    <\/div><!-- .subrow_inner -->\n\t<\/div><!-- .themify_builder_sub_row -->\n\t\t<div  data-lazy=\"1\" class=\"module_subrow themify_builder_sub_row tb_r4b0542 tf_w tf_clearfix\">\n\t    \t\t\t<div class=\"subrow_inner col_align_middle tb_col_count_2 tf_box tf_w\">\n\t\t            <div  data-lazy=\"1\" class=\"module_column sub_column col4-2 tb_l6pt542 first\">\n                                                        <div class=\"tb-column-inner tf_box tf_w\">\n                        <!-- module image -->\n<div  class=\"module module-image tb_knkj542 rounded  image-center tf_mw hide-tablet hide-mobile\" data-lazy=\"1\">\n        <div class=\"image-wrap tf_rel tf_mw\">\n\t\t    <img loading=\"lazy\" decoding=\"async\" src=\"https:\/\/accesia.info\/wp-content\/uploads\/2024\/06\/3094b14b0dc54cc979e756f87040068e-1024x750-558x404.jpg\" width=\"558\" height=\"404\" class=\"wp-post-image wp-image-1493\" title=\"Captura de Pantalla del Lloc web de l&#039;Associaci\u00f3 Acci\u00f3 Cultural del Pa\u00eds Valenci\u00e0, amb l&#039;Assistent d&#039;Accessibilitat d&#039;Accessia Soluciones.\" alt=\"Captura de Pantalla del Sitio web de la Asociaci\u00f3 Acci\u00f3 Cultural del Pa\u00eds Valenci\u00e0, con el Asistente de Accesibilidad de Accesia Soluciones.\" srcset=\"https:\/\/accesia.info\/wp-content\/uploads\/2024\/06\/3094b14b0dc54cc979e756f87040068e-1024x750-558x404.jpg 558w, https:\/\/accesia.info\/wp-content\/uploads\/2024\/06\/3094b14b0dc54cc979e756f87040068e-16x12.jpg 16w\" sizes=\"auto, (max-width: 558px) 100vw, 558px\" \/>\t\n\t\t<\/div>\n\t<!-- \/image-wrap -->\n    \n    \t<\/div>\n<!-- \/module image -->                    <\/div><!-- .tb-column-inner -->\n                            <\/div><!-- .module_column -->\n                        <div  data-lazy=\"1\" class=\"module_column sub_column col4-2 tb_feie542 last\">\n                                                        <div class=\"tb-column-inner tf_box tf_w\">\n                        <!-- module image -->\n<div  class=\"module module-image tb_ogxu501   image-left tf_mw hide-tablet hide-tablet_landscape hide-mobile\" data-lazy=\"1\">\n        <div class=\"image-wrap tf_rel tf_mw\">\n\t\t    <img loading=\"lazy\" decoding=\"async\" src=\"https:\/\/accesia.info\/wp-content\/uploads\/2023\/10\/1200px-Logotip_dACPV.svg-1024x1024-100x91.png\" width=\"100\" height=\"91\" class=\"wp-post-image wp-image-579\" title=\"Logo d&#039;Acci\u00f3 Cultural Pa\u00eds Valenci\u00e0\" alt=\"Logo d&#039;Acci\u00f3 Cultural Pa\u00eds Valenci\u00e0\" srcset=\"https:\/\/accesia.info\/wp-content\/uploads\/2023\/10\/1200px-Logotip_dACPV.svg-1024x1024-100x91.png 100w, https:\/\/accesia.info\/wp-content\/uploads\/2023\/10\/1200px-Logotip_dACPV.svg-1024x1024-120x110.png 120w\" sizes=\"auto, (max-width: 100px) 100vw, 100px\" \/>\t\n\t\t<\/div>\n\t<!-- \/image-wrap -->\n    \n    \t<\/div>\n<!-- \/module image --><!-- module image -->\n<div  class=\"module module-image tb_mzwc260   image-center tf_mw hide-desktop\" data-lazy=\"1\">\n        <div class=\"image-wrap tf_rel tf_mw\">\n\t\t    <img loading=\"lazy\" decoding=\"async\" src=\"https:\/\/accesia.info\/wp-content\/uploads\/2023\/10\/1200px-Logotip_dACPV.svg-1024x1024-100x91.png\" width=\"100\" height=\"91\" class=\"wp-post-image wp-image-579\" title=\"Logo d&#039;Acci\u00f3 Cultural Pa\u00eds Valenci\u00e0\" alt=\"Logo d&#039;Acci\u00f3 Cultural Pa\u00eds Valenci\u00e0\" srcset=\"https:\/\/accesia.info\/wp-content\/uploads\/2023\/10\/1200px-Logotip_dACPV.svg-1024x1024-100x91.png 100w, https:\/\/accesia.info\/wp-content\/uploads\/2023\/10\/1200px-Logotip_dACPV.svg-1024x1024-120x110.png 120w\" sizes=\"auto, (max-width: 100px) 100vw, 100px\" \/>\t\n\t\t<\/div>\n\t<!-- \/image-wrap -->\n    \n    \t<\/div>\n<!-- \/module image --><!-- module text -->\n<div  class=\"module module-text tb_5cgq542\" data-lazy=\"1\">\n        <div  class=\"tb_text_wrap\">\n    <h2>Acci\u00f3 Cultural Pa\u00eds Valenci\u00e0<\/h2>\n<p><span style=\"font-weight: 700;\"><br>Acci\u00f3 Cultural \u00e9s una associaci\u00f3 c\u00edvica creada l&#039;any 1971. <\/span>El seu objectiu \u00e9s la promoci\u00f3 de la llengua i la cultura pr\u00f2pies del Pa\u00eds Valenci\u00e0. Va ser fundada per Joan Fuster, Manuel Sanchis Guarner, Andreu Alfaro, Eliseu Climent i Joan Francesc Mira, entre d&#039;altres.<br><\/p><p>La nostra col\u00b7laboraci\u00f3 amb<span style=\"font-weight: bold;\"> Acci\u00f3 Cultural Pa\u00eds Valenci\u00e0<\/span>, es va centrar en <span style=\"font-weight: bold;\">potenciar l&#039;accessibilitat del vostre lloc web.<\/span><\/p><p><span style=\"font-weight: bold;\">Implementem amb \u00e8xit el nostre potent Assistent d&#039;Accessibilitat<\/span>, el que va resultar en una millora notable en laccessibilitat del lloc.<\/p>    <\/div>\n<\/div>\n<!-- \/module text --><!-- module image -->\n<div  class=\"module module-image tb_zu4b848 rounded  image-center tf_mw hide-desktop hide-tablet_landscape\" data-lazy=\"1\">\n        <div class=\"image-wrap tf_rel tf_mw\">\n\t\t    <img loading=\"lazy\" decoding=\"async\" src=\"https:\/\/accesia.info\/wp-content\/uploads\/2024\/06\/3094b14b0dc54cc979e756f87040068e-1024x750-612x448.jpg\" width=\"612\" height=\"448\" class=\"wp-post-image wp-image-1493\" title=\"Captura de Pantalla del Lloc web de l&#039;Associaci\u00f3 Acci\u00f3 Cultural del Pa\u00eds Valenci\u00e0, amb l&#039;Assistent d&#039;Accessibilitat d&#039;Accessia Soluciones.\" alt=\"Captura de Pantalla del Sitio web de la Asociaci\u00f3 Acci\u00f3 Cultural del Pa\u00eds Valenci\u00e0, con el Asistente de Accesibilidad de Accesia Soluciones.\" srcset=\"https:\/\/accesia.info\/wp-content\/uploads\/2024\/06\/3094b14b0dc54cc979e756f87040068e-1024x750-612x448.jpg 612w, https:\/\/accesia.info\/wp-content\/uploads\/2024\/06\/3094b14b0dc54cc979e756f87040068e-300x220.jpg 300w, https:\/\/accesia.info\/wp-content\/uploads\/2024\/06\/3094b14b0dc54cc979e756f87040068e-1024x750.jpg 1024w, https:\/\/accesia.info\/wp-content\/uploads\/2024\/06\/3094b14b0dc54cc979e756f87040068e-768x563.jpg 768w, https:\/\/accesia.info\/wp-content\/uploads\/2024\/06\/3094b14b0dc54cc979e756f87040068e-16x12.jpg 16w, https:\/\/accesia.info\/wp-content\/uploads\/2024\/06\/3094b14b0dc54cc979e756f87040068e.jpg 1216w\" sizes=\"auto, (max-width: 612px) 100vw, 612px\" \/>\t\n\t\t<\/div>\n\t<!-- \/image-wrap -->\n    \n    \t<\/div>\n<!-- \/module image -->                    <\/div><!-- .tb-column-inner -->\n                            <\/div><!-- .module_column -->\n            \t    <\/div><!-- .subrow_inner -->\n\t<\/div><!-- .themify_builder_sub_row -->\n\t\t<div  data-lazy=\"1\" class=\"module_subrow themify_builder_sub_row tb_z7io354 tf_w tf_clearfix\">\n\t    \t\t\t<div class=\"subrow_inner col_align_middle tb_col_count_2 tf_box tf_w\">\n\t\t            <div  data-lazy=\"1\" class=\"module_column sub_column col4-2 tb_6ppu354 first\">\n                                                        <div class=\"tb-column-inner tf_box tf_w\">\n                        <!-- module image -->\n<div  class=\"module module-image tb_5zvh354   image-left tf_mw hide-tablet hide-tablet_landscape hide-mobile\" data-lazy=\"1\">\n        <div class=\"image-wrap tf_rel tf_mw\">\n\t\t    <img loading=\"lazy\" decoding=\"async\" src=\"https:\/\/accesia.info\/wp-content\/uploads\/2023\/10\/tirantlogo.svg\" width=\"156\" height=\"78\" class=\"wp-post-image wp-image-869\" title=\"Tirant Avant Logo\" alt=\"Tirant Avant Logo\">\t\n\t\t<\/div>\n\t<!-- \/image-wrap -->\n    \n    \t<\/div>\n<!-- \/module image --><!-- module image -->\n<div  class=\"module module-image tb_flv8354   image-center tf_mw hide-desktop\" data-lazy=\"1\">\n        <div class=\"image-wrap tf_rel tf_mw\">\n\t\t    <img loading=\"lazy\" decoding=\"async\" src=\"https:\/\/accesia.info\/wp-content\/uploads\/2023\/10\/tirantlogo.svg\" width=\"151\" height=\"75\" class=\"wp-post-image wp-image-869\" title=\"Tirant Avant Logo\" alt=\"Tirant Avant Logo\">\t\n\t\t<\/div>\n\t<!-- \/image-wrap -->\n    \n    \t<\/div>\n<!-- \/module image --><!-- module text -->\n<div  class=\"module module-text tb_fgo5354\" data-lazy=\"1\">\n        <div  class=\"tb_text_wrap\">\n    <h2>Tirant Avant d&#039;AIFFA<\/h2>\n<p><br>Treballem conjuntament amb l&#039;associaci\u00f3&nbsp;<span style=\"font-weight: bold;\">AIFFA <\/span>per desenvolupar la nova web accessible pel seu Festival <b>Tirant Avant.<\/b><\/p>\n<p>A m\u00e9s, per dotar la web d&#039;un nivell d&#039;accessibilitat encara m\u00e9s gran, implementem el nostre <span style=\"font-weight: bold;\"><a href=\"\/asistente-accesibilidad\/\">Assistent d&#039;accessibilitat<\/a><\/span>.<\/p>    <\/div>\n<\/div>\n<!-- \/module text --><!-- module image -->\n<div  class=\"module module-image tb_b29w646 rounded  image-center auto_fullwidth tf_mw hide-desktop hide-tablet_landscape\" data-lazy=\"1\">\n        <div class=\"image-wrap tf_rel tf_mw\">\n\t\t    <img loading=\"lazy\" decoding=\"async\" width=\"1105\" height=\"795\" src=\"https:\/\/accesia.info\/wp-content\/uploads\/2024\/04\/39eb297f8eaeb447853697ee0494f6d6.png\" class=\"wp-post-image wp-image-1360\" title=\"Captura de Pantalla del Lloc web de Tirant Avant, dissenyat i desenvolupat per Accesia Soluciones.\" alt=\"Captura de Pantalla del Sitio web de Tirant Avant, dise\u00f1ado y desarrollado por Accesia Soluciones.\" srcset=\"https:\/\/accesia.info\/wp-content\/uploads\/2024\/04\/39eb297f8eaeb447853697ee0494f6d6.png 1105w, https:\/\/accesia.info\/wp-content\/uploads\/2024\/04\/39eb297f8eaeb447853697ee0494f6d6-300x216.png 300w, https:\/\/accesia.info\/wp-content\/uploads\/2024\/04\/39eb297f8eaeb447853697ee0494f6d6-1024x737.png 1024w, https:\/\/accesia.info\/wp-content\/uploads\/2024\/04\/39eb297f8eaeb447853697ee0494f6d6-768x553.png 768w, https:\/\/accesia.info\/wp-content\/uploads\/2024\/04\/39eb297f8eaeb447853697ee0494f6d6-18x12.png 18w\" sizes=\"auto, (max-width: 1105px) 100vw, 1105px\" \/>\t\n\t\t<\/div>\n\t<!-- \/image-wrap -->\n    \n    \t<\/div>\n<!-- \/module image -->                    <\/div><!-- .tb-column-inner -->\n                            <\/div><!-- .module_column -->\n                        <div  data-lazy=\"1\" class=\"module_column sub_column col4-2 tb_vs0x354 last\">\n                                                        <div class=\"tb-column-inner tf_box tf_w\">\n                        <!-- module image -->\n<div  class=\"module module-image tb_pak2354 rounded  image-center auto_fullwidth tf_mw hide-tablet hide-mobile\" data-lazy=\"1\">\n        <div class=\"image-wrap tf_rel tf_mw\">\n\t\t    <img loading=\"lazy\" decoding=\"async\" width=\"1105\" height=\"795\" src=\"https:\/\/accesia.info\/wp-content\/uploads\/2024\/04\/39eb297f8eaeb447853697ee0494f6d6.png\" class=\"wp-post-image wp-image-1360\" title=\"Captura de Pantalla del Lloc web de Tirant Avant, dissenyat i desenvolupat per Accesia Soluciones.\" alt=\"Captura de Pantalla del Sitio web de Tirant Avant, dise\u00f1ado y desarrollado por Accesia Soluciones.\" srcset=\"https:\/\/accesia.info\/wp-content\/uploads\/2024\/04\/39eb297f8eaeb447853697ee0494f6d6.png 1105w, https:\/\/accesia.info\/wp-content\/uploads\/2024\/04\/39eb297f8eaeb447853697ee0494f6d6-300x216.png 300w, https:\/\/accesia.info\/wp-content\/uploads\/2024\/04\/39eb297f8eaeb447853697ee0494f6d6-1024x737.png 1024w, https:\/\/accesia.info\/wp-content\/uploads\/2024\/04\/39eb297f8eaeb447853697ee0494f6d6-768x553.png 768w, https:\/\/accesia.info\/wp-content\/uploads\/2024\/04\/39eb297f8eaeb447853697ee0494f6d6-18x12.png 18w\" sizes=\"auto, (max-width: 1105px) 100vw, 1105px\" \/>\t\n\t\t<\/div>\n\t<!-- \/image-wrap -->\n    \n    \t<\/div>\n<!-- \/module image -->                    <\/div><!-- .tb-column-inner -->\n                            <\/div><!-- .module_column -->\n            \t    <\/div><!-- .subrow_inner -->\n\t<\/div><!-- .themify_builder_sub_row -->\n\t\t<div  data-lazy=\"1\" class=\"module_subrow themify_builder_sub_row tb_0ky90 tf_w tf_clearfix\">\n\t    \t\t\t<div class=\"subrow_inner col_align_middle tb_col_count_2 tf_box tf_w\">\n\t\t            <div  data-lazy=\"1\" class=\"module_column sub_column col4-2 tb_6m6r1 first\">\n                                                        <div class=\"tb-column-inner tf_box tf_w\">\n                        <!-- module image -->\n<div  class=\"module module-image tb_ha0c929 rounded  image-center tf_mw hide-tablet hide-mobile\" data-lazy=\"1\">\n        <div class=\"image-wrap tf_rel tf_mw\">\n\t\t    <a href=\"https:\/\/museros.org\/\"\n\t        rel=\"noopener\" target=\"_blank\"\t       >\n\t\t   \t\t<img loading=\"lazy\" decoding=\"async\" src=\"https:\/\/accesia.info\/wp-content\/uploads\/2023\/10\/e9fbdb5fae14e41db9ee97e89c9e4fc6-1-1024x692-614x490.png\" width=\"614\" height=\"490\" class=\"wp-post-image wp-image-576\" title=\"Captura de Pantalla del Lloc web de l&#039;Ajuntament de Museros, amb l&#039;Assistent d&#039;Accessibilitat d&#039;Accessia Soluciones.\" alt=\"Captura de Pantalla del Sitio web del Ayuntamiento de Museros, con el Asistente de Accesibilidad de Accesia Soluciones.\">\t    <\/a>\n\t\n\t\t<\/div>\n\t<!-- \/image-wrap -->\n    \n    \t<\/div>\n<!-- \/module image -->                    <\/div><!-- .tb-column-inner -->\n                            <\/div><!-- .module_column -->\n                        <div  data-lazy=\"1\" class=\"module_column sub_column col4-2 tb_hnka1 last\">\n                                                        <div class=\"tb-column-inner tf_box tf_w\">\n                        <!-- module image -->\n<div  class=\"module module-image tb_uuec172   image-left tf_mw hide-tablet hide-tablet_landscape hide-mobile\" data-lazy=\"1\">\n        <div class=\"image-wrap tf_rel tf_mw\">\n\t\t    <img loading=\"lazy\" decoding=\"async\" src=\"https:\/\/accesia.info\/wp-content\/uploads\/2023\/10\/museros-970-369x89.png\" width=\"369\" height=\"89\" class=\"wp-post-image wp-image-581\" title=\"Logo de Museros\" alt=\"Logo de Museros\">\t\n\t\t<\/div>\n\t<!-- \/image-wrap -->\n    \n    \t<\/div>\n<!-- \/module image --><!-- module image -->\n<div  class=\"module module-image tb_ljsb265   image-center tf_mw hide-desktop\" data-lazy=\"1\">\n        <div class=\"image-wrap tf_rel tf_mw\">\n\t\t    <img loading=\"lazy\" decoding=\"async\" src=\"https:\/\/accesia.info\/wp-content\/uploads\/2023\/10\/museros-970-369x89.png\" width=\"369\" height=\"89\" class=\"wp-post-image wp-image-581\" title=\"Logo de Museros\" alt=\"Logo de Museros\">\t\n\t\t<\/div>\n\t<!-- \/image-wrap -->\n    \n    \t<\/div>\n<!-- \/module image --><!-- module text -->\n<div  class=\"module module-text tb_31wg1\" data-lazy=\"1\">\n        <div  class=\"tb_text_wrap\">\n    <h2>Ajuntament de Museros<\/h2>\n<p><br>Juntament amb el <span style=\"font-weight: bold;\">Ajuntament de Museros<\/span> el nostre objectiu es va centrar a millorar laccessibilitat de lloc web. Implementem amb \u00e8xit el nostre <span style=\"font-weight: bold;\"><a href=\"\/asistente-accesibilidad\/\">Assistent d&#039;accessibilitat<\/a><\/span>, el que va culminar en una significativa millora en laccessibilitat del lloc web.<\/p>    <\/div>\n<\/div>\n<!-- \/module text --><!-- module image -->\n<div  class=\"module module-image tb_m1ac1 rounded  image-center tf_mw hide-desktop hide-tablet_landscape\" data-lazy=\"1\">\n        <div class=\"image-wrap tf_rel tf_mw\">\n\t\t    <a href=\"https:\/\/museros.org\/\"\n\t        rel=\"noopener\" target=\"_blank\"\t       >\n\t\t   \t\t<img loading=\"lazy\" decoding=\"async\" src=\"https:\/\/accesia.info\/wp-content\/uploads\/2023\/10\/e9fbdb5fae14e41db9ee97e89c9e4fc6-1-1024x692-614x490.png\" width=\"614\" height=\"490\" class=\"wp-post-image wp-image-576\" title=\"Captura de Pantalla del Lloc web de l&#039;Ajuntament de Museros, amb l&#039;Assistent d&#039;Accessibilitat d&#039;Accessia Soluciones.\" alt=\"Captura de Pantalla del Sitio web del Ayuntamiento de Museros, con el Asistente de Accesibilidad de Accesia Soluciones.\">\t    <\/a>\n\t\n\t\t<\/div>\n\t<!-- \/image-wrap -->\n    \n    \t<\/div>\n<!-- \/module image -->                    <\/div><!-- .tb-column-inner -->\n                            <\/div><!-- .module_column -->\n            \t    <\/div><!-- .subrow_inner -->\n\t<\/div><!-- .themify_builder_sub_row -->\n\t\t<div  data-lazy=\"1\" class=\"module_subrow themify_builder_sub_row tb_zwaz715 tf_w tf_clearfix\">\n\t    \t\t\t<div class=\"subrow_inner col_align_middle tb_col_count_2 tf_box tf_w\">\n\t\t            <div  data-lazy=\"1\" class=\"module_column sub_column col4-2 tb_0h48715 first\">\n                                                        <div class=\"tb-column-inner tf_box tf_w\">\n                        <!-- module image -->\n<div  class=\"module module-image tb_qo35715   image-left tf_mw hide-tablet hide-tablet_landscape hide-mobile\" data-lazy=\"1\">\n        <div class=\"image-wrap tf_rel tf_mw\">\n\t\t    <img loading=\"lazy\" decoding=\"async\" src=\"https:\/\/accesia.info\/wp-content\/uploads\/2024\/06\/images-removebg-preview-207x123.png\" width=\"207\" height=\"123\" class=\"wp-post-image wp-image-1464\" title=\"Logo d&#039;Igtel Comunicacions\" alt=\"Logo de Igtel Comunicaciones\" srcset=\"https:\/\/accesia.info\/wp-content\/uploads\/2024\/06\/images-removebg-preview-207x123.png 207w, https:\/\/accesia.info\/wp-content\/uploads\/2024\/06\/images-removebg-preview-18x12.png 18w\" sizes=\"auto, (max-width: 207px) 100vw, 207px\" \/>\t\n\t\t<\/div>\n\t<!-- \/image-wrap -->\n    \n    \t<\/div>\n<!-- \/module image --><!-- module image -->\n<div  class=\"module module-image tb_gfhv715   image-center tf_mw hide-desktop\" data-lazy=\"1\">\n        <div class=\"image-wrap tf_rel tf_mw\">\n\t\t    <img loading=\"lazy\" decoding=\"async\" src=\"https:\/\/accesia.info\/wp-content\/uploads\/2024\/06\/images-removebg-preview-177x103.png\" width=\"177\" height=\"103\" class=\"wp-post-image wp-image-1464\" title=\"Logo d&#039;Igtel Comunicacions\" alt=\"Logo de Igtel Comunicaciones\">\t\n\t\t<\/div>\n\t<!-- \/image-wrap -->\n    \n    \t<\/div>\n<!-- \/module image --><!-- module text -->\n<div  class=\"module module-text tb_jgck715\" data-lazy=\"1\">\n        <div  class=\"tb_text_wrap\">\n    <h2>Igtel Telecomunicacions<\/h2>\n<p><span style=\"font-weight: bold;\"><br>Igtel, Solucions integrals a Telecomunicacions<\/span>, \u00e9s una empresa especialitzada en ajudar empreses, proporcionant serveis de disseny, implantaci\u00f3 i de gesti\u00f3 de sistemes de telecomunicacions.<\/p><p><span style=\"font-weight: bold;\"><span style=\"background-color: initial; font-size: 1em;\">Implementem amb \u00e8xit el nostre <\/span><span style=\"background-color: initial; font-size: 1em;\"><a href=\"\/asistente-accesibilidad\/\" style=\"\">Assistent d&#039;accessibilitat<\/a><\/span><\/span><span style=\"background-color: initial; font-size: 1em;\">, el que va culminar en una significativa millora en laccessibilitat del lloc web.<\/span><br><\/p>    <\/div>\n<\/div>\n<!-- \/module text --><!-- module image -->\n<div  class=\"module module-image tb_moaz715 rounded  image-center tf_mw hide-desktop hide-tablet_landscape\" data-lazy=\"1\">\n        <div class=\"image-wrap tf_rel tf_mw\">\n\t\t    <a href=\"https:\/\/igtel.es\/\"\n\t        rel=\"noopener\" target=\"_blank\"\t       >\n\t\t   \t\t<img loading=\"lazy\" decoding=\"async\" src=\"https:\/\/accesia.info\/wp-content\/uploads\/2024\/06\/5f37df44f3010ccd25a2676baec55c16-1024x636-666x448.png\" width=\"666\" height=\"448\" class=\"wp-post-image wp-image-1462\" title=\"Web d&#039;Igtel Comunicacions\" alt=\"Web de Igtel Comunicaciones\" srcset=\"https:\/\/accesia.info\/wp-content\/uploads\/2024\/06\/5f37df44f3010ccd25a2676baec55c16-1024x636-666x448.png 666w, https:\/\/accesia.info\/wp-content\/uploads\/2024\/06\/5f37df44f3010ccd25a2676baec55c16-18x12.png 18w\" sizes=\"auto, (max-width: 666px) 100vw, 666px\" \/>\t    <\/a>\n\t\n\t\t<\/div>\n\t<!-- \/image-wrap -->\n    \n    \t<\/div>\n<!-- \/module image -->                    <\/div><!-- .tb-column-inner -->\n                            <\/div><!-- .module_column -->\n                        <div  data-lazy=\"1\" class=\"module_column sub_column col4-2 tb_syl8715 last\">\n                                                        <div class=\"tb-column-inner tf_box tf_w\">\n                        <!-- module image -->\n<div  class=\"module module-image tb_ncui715 rounded  image-center tf_mw hide-tablet hide-mobile\" data-lazy=\"1\">\n        <div class=\"image-wrap tf_rel tf_mw\">\n\t\t    <a href=\"https:\/\/igtel.es\/\"\n\t        rel=\"noopener\" target=\"_blank\"\t       >\n\t\t   \t\t<img loading=\"lazy\" decoding=\"async\" src=\"https:\/\/accesia.info\/wp-content\/uploads\/2024\/06\/5f37df44f3010ccd25a2676baec55c16-1024x636-642x448.png\" width=\"642\" height=\"448\" class=\"wp-post-image wp-image-1462\" title=\"Web d&#039;Igtel Comunicacions\" alt=\"Web de Igtel Comunicaciones\" srcset=\"https:\/\/accesia.info\/wp-content\/uploads\/2024\/06\/5f37df44f3010ccd25a2676baec55c16-1024x636-642x448.png 642w, https:\/\/accesia.info\/wp-content\/uploads\/2024\/06\/5f37df44f3010ccd25a2676baec55c16-18x12.png 18w\" sizes=\"auto, (max-width: 642px) 100vw, 642px\" \/>\t    <\/a>\n\t\n\t\t<\/div>\n\t<!-- \/image-wrap -->\n    \n    \t<\/div>\n<!-- \/module image -->                    <\/div><!-- .tb-column-inner -->\n                            <\/div><!-- .module_column -->\n            \t    <\/div><!-- .subrow_inner -->\n\t<\/div><!-- .themify_builder_sub_row -->\n\t\t<div  data-lazy=\"1\" class=\"module_subrow themify_builder_sub_row tb_rlge881 tf_w tf_clearfix\">\n\t    \t\t\t<div class=\"subrow_inner col_align_middle tb_col_count_2 tf_box tf_w\">\n\t\t            <div  data-lazy=\"1\" class=\"module_column sub_column col4-2 tb_cmut881 first\">\n                                                        <div class=\"tb-column-inner tf_box tf_w\">\n                        <!-- module image -->\n<div  class=\"module module-image tb_4ygg881 rounded  image-center tf_mw hide-tablet hide-mobile\" data-lazy=\"1\">\n        <div class=\"image-wrap tf_rel tf_mw\">\n\t\t    <a href=\"http:\/\/www.latrattoriadellupo.com\/\"\n\t        rel=\"noopener\" target=\"_blank\"\t       >\n\t\t   \t\t<img loading=\"lazy\" decoding=\"async\" src=\"https:\/\/accesia.info\/wp-content\/uploads\/2024\/06\/f3079d66b21ad9941c1dcbb02d6f5276-1024x610-673x391.jpg\" width=\"673\" height=\"391\" class=\"wp-post-image wp-image-1469\" title=\"Lloc web de La Trattoria del Lupo\" alt=\"Sitio web de La Trattoria del Lupo\">\t    <\/a>\n\t\n\t\t<\/div>\n\t<!-- \/image-wrap -->\n    \n    \t<\/div>\n<!-- \/module image -->                    <\/div><!-- .tb-column-inner -->\n                            <\/div><!-- .module_column -->\n                        <div  data-lazy=\"1\" class=\"module_column sub_column col4-2 tb_gqpz881 last\">\n                                                        <div class=\"tb-column-inner tf_box tf_w\">\n                        <!-- module image -->\n<div  class=\"module module-image tb_zfln881   image-left tf_mw hide-tablet hide-tablet_landscape hide-mobile\" data-lazy=\"1\">\n        <div class=\"image-wrap tf_rel tf_mw\">\n\t\t    <img loading=\"lazy\" decoding=\"async\" src=\"https:\/\/accesia.info\/wp-content\/uploads\/2024\/06\/logo-latrattoria-191x190.png\" width=\"191\" height=\"190\" class=\"wp-post-image wp-image-1470\" title=\"Logo de La Trattoria del Lupo\" alt=\"Logo de La Trattoria del Lupo\" srcset=\"https:\/\/accesia.info\/wp-content\/uploads\/2024\/06\/logo-latrattoria-191x190.png 191w, https:\/\/accesia.info\/wp-content\/uploads\/2024\/06\/logo-latrattoria-150x150.png 150w, https:\/\/accesia.info\/wp-content\/uploads\/2024\/06\/logo-latrattoria-12x12.png 12w, https:\/\/accesia.info\/wp-content\/uploads\/2024\/06\/logo-latrattoria-177x177.png 177w\" sizes=\"auto, (max-width: 191px) 100vw, 191px\" \/>\t\n\t\t<\/div>\n\t<!-- \/image-wrap -->\n    \n    \t<\/div>\n<!-- \/module image --><!-- module image -->\n<div  class=\"module module-image tb_epki881   image-center tf_mw hide-desktop\" data-lazy=\"1\">\n        <div class=\"image-wrap tf_rel tf_mw\">\n\t\t    <img loading=\"lazy\" decoding=\"async\" src=\"https:\/\/accesia.info\/wp-content\/uploads\/2024\/06\/logo-latrattoria-177x177.png\" width=\"177\" height=\"177\" class=\"wp-post-image wp-image-1470\" title=\"Logo de La Trattoria del Lupo\" alt=\"Logo de La Trattoria del Lupo\" srcset=\"https:\/\/accesia.info\/wp-content\/uploads\/2024\/06\/logo-latrattoria-177x177.png 177w, https:\/\/accesia.info\/wp-content\/uploads\/2024\/06\/logo-latrattoria-150x150.png 150w, https:\/\/accesia.info\/wp-content\/uploads\/2024\/06\/logo-latrattoria-12x12.png 12w, https:\/\/accesia.info\/wp-content\/uploads\/2024\/06\/logo-latrattoria-191x190.png 191w\" sizes=\"auto, (max-width: 177px) 100vw, 177px\" \/>\t\n\t\t<\/div>\n\t<!-- \/image-wrap -->\n    \n    \t<\/div>\n<!-- \/module image --><!-- module text -->\n<div  class=\"module module-text tb_cl9r881\" data-lazy=\"1\">\n        <div  class=\"tb_text_wrap\">\n    <h2>La Trattoria del Lupo<\/h2>\n<p><span style=\"font-weight: bold;\"><br>La Trattoria del Lupo<\/span><span style=\"background-color: initial; font-size: 1em;\">, una pizzeria italiana amb toc internacional que es troba ubicat al preci\u00f3s marc del parc del Llac de Sanabria a Zamora, Castella i Lle\u00f3, lloc ideal per al turisme rural.<\/span><\/p>\n<p><span style=\"font-weight: bold;\"><span style=\"background-color: initial; font-size: 1em;\">Implementem amb \u00e8xit el nostre <\/span><span style=\"background-color: initial; font-size: 1em;\"><a href=\"\/asistente-accesibilidad\/\" style=\"\">Assistent d&#039;accessibilitat<\/a><\/span><\/span><span style=\"background-color: initial; font-size: 1em;\">, el que va resultar en una significativa millora en laccessibilitat del lloc web.<\/span><\/p>    <\/div>\n<\/div>\n<!-- \/module text --><!-- module image -->\n<div  class=\"module module-image tb_nrnq881 rounded  image-center tf_mw hide-desktop hide-tablet_landscape\" data-lazy=\"1\">\n        <div class=\"image-wrap tf_rel tf_mw\">\n\t\t    <a href=\"http:\/\/www.latrattoriadellupo.com\/\"\n\t        rel=\"noopener\" target=\"_blank\"\t       >\n\t\t   \t\t<img loading=\"lazy\" decoding=\"async\" src=\"https:\/\/accesia.info\/wp-content\/uploads\/2024\/06\/f3079d66b21ad9941c1dcbb02d6f5276-1024x610-561x338.jpg\" width=\"561\" height=\"338\" class=\"wp-post-image wp-image-1469\" title=\"Lloc web de La Trattoria del Lupo\" alt=\"Sitio web de La Trattoria del Lupo\" srcset=\"https:\/\/accesia.info\/wp-content\/uploads\/2024\/06\/f3079d66b21ad9941c1dcbb02d6f5276-1024x610-561x338.jpg 561w, https:\/\/accesia.info\/wp-content\/uploads\/2024\/06\/f3079d66b21ad9941c1dcbb02d6f5276-18x12.jpg 18w\" sizes=\"auto, (max-width: 561px) 100vw, 561px\" \/>\t    <\/a>\n\t\n\t\t<\/div>\n\t<!-- \/image-wrap -->\n    \n    \t<\/div>\n<!-- \/module image -->                    <\/div><!-- .tb-column-inner -->\n                            <\/div><!-- .module_column -->\n            \t    <\/div><!-- .subrow_inner -->\n\t<\/div><!-- .themify_builder_sub_row -->\n\t\t<div  data-lazy=\"1\" class=\"module_subrow themify_builder_sub_row tb_umrw356 tf_w tf_clearfix\">\n\t    \t\t\t<div class=\"subrow_inner col_align_middle tb_col_count_2 tf_box tf_w\">\n\t\t            <div  data-lazy=\"1\" class=\"module_column sub_column col4-2 tb_cjpc356 first\">\n                                                        <div class=\"tb-column-inner tf_box tf_w\">\n                        <!-- module image -->\n<div  class=\"module module-image tb_c7yt356   image-left tf_mw hide-tablet hide-tablet_landscape hide-mobile\" data-lazy=\"1\">\n        <div class=\"image-wrap tf_rel tf_mw\">\n\t\t    <img loading=\"lazy\" decoding=\"async\" src=\"https:\/\/accesia.info\/wp-content\/uploads\/2024\/06\/pagina01-3__2_-removebg-1024x328-309x97.png\" width=\"309\" height=\"97\" class=\"wp-post-image wp-image-1474\" title=\"Logo de Haztluz\" alt=\"Logo de Haztluz\" srcset=\"https:\/\/accesia.info\/wp-content\/uploads\/2024\/06\/pagina01-3__2_-removebg-1024x328-309x97.png 309w, https:\/\/accesia.info\/wp-content\/uploads\/2024\/06\/pagina01-3__2_-removebg-18x6.png 18w\" sizes=\"auto, (max-width: 309px) 100vw, 309px\" \/>\t\n\t\t<\/div>\n\t<!-- \/image-wrap -->\n    \n    \t<\/div>\n<!-- \/module image --><!-- module image -->\n<div  class=\"module module-image tb_xlhm356   image-center tf_mw hide-desktop\" data-lazy=\"1\">\n        <div class=\"image-wrap tf_rel tf_mw\">\n\t\t    <img loading=\"lazy\" decoding=\"async\" src=\"https:\/\/accesia.info\/wp-content\/uploads\/2024\/06\/pagina01-3__2_-removebg-1024x328-285x85.png\" width=\"285\" height=\"85\" class=\"wp-post-image wp-image-1474\" title=\"Logo de Haztluz\" alt=\"Logo de Haztluz\" srcset=\"https:\/\/accesia.info\/wp-content\/uploads\/2024\/06\/pagina01-3__2_-removebg-1024x328-285x85.png 285w, https:\/\/accesia.info\/wp-content\/uploads\/2024\/06\/pagina01-3__2_-removebg-18x6.png 18w\" sizes=\"auto, (max-width: 285px) 100vw, 285px\" \/>\t\n\t\t<\/div>\n\t<!-- \/image-wrap -->\n    \n    \t<\/div>\n<!-- \/module image --><!-- module text -->\n<div  class=\"module module-text tb_m179356\" data-lazy=\"1\">\n        <div  class=\"tb_text_wrap\">\n    <h2>Haztluz<\/h2>\n<p><br>Dissenyem i desenvolupem el lloc web de <strong>Haztluz.<\/strong><\/p>\n<p><span style=\"background-color: initial; font-size: 1em;\">A m\u00e9s<span style=\"font-weight: bold;\"> implementem amb \u00e8xit nostre <\/span><\/span><span style=\"background-color: initial; font-size: 1em; font-weight: bold;\"><a href=\"\/asistente-accesibilidad\/\" style=\"\">Assistent d&#039;accessibilitat<\/a><\/span><span style=\"background-color: initial; font-size: 1em;\">, el que va culminar en una significativa millora en laccessibilitat del lloc web.<\/span><\/p>    <\/div>\n<\/div>\n<!-- \/module text --><!-- module image -->\n<div  class=\"module module-image tb_bpzw356 rounded  image-center tf_mw hide-desktop hide-tablet_landscape\" data-lazy=\"1\">\n        <div class=\"image-wrap tf_rel tf_mw\">\n\t\t    <a href=\"https:\/\/haztluz.com\/\"\n\t        rel=\"noopener\" target=\"_blank\"\t       >\n\t\t   \t\t<img loading=\"lazy\" decoding=\"async\" src=\"https:\/\/accesia.info\/wp-content\/uploads\/2024\/06\/29c15df54a20da7aab008a81e0e6001f-1024x660-586x377.png\" width=\"586\" height=\"377\" class=\"wp-post-image wp-image-1473\" title=\"Lloc web de Haztluz\" alt=\"Sitio web de Haztluz\" srcset=\"https:\/\/accesia.info\/wp-content\/uploads\/2024\/06\/29c15df54a20da7aab008a81e0e6001f-1024x660-586x377.png 586w, https:\/\/accesia.info\/wp-content\/uploads\/2024\/06\/29c15df54a20da7aab008a81e0e6001f-300x193.png 300w, https:\/\/accesia.info\/wp-content\/uploads\/2024\/06\/29c15df54a20da7aab008a81e0e6001f-1024x660.png 1024w, https:\/\/accesia.info\/wp-content\/uploads\/2024\/06\/29c15df54a20da7aab008a81e0e6001f-768x495.png 768w, https:\/\/accesia.info\/wp-content\/uploads\/2024\/06\/29c15df54a20da7aab008a81e0e6001f-18x12.png 18w, https:\/\/accesia.info\/wp-content\/uploads\/2024\/06\/29c15df54a20da7aab008a81e0e6001f.png 1322w\" sizes=\"auto, (max-width: 586px) 100vw, 586px\" \/>\t    <\/a>\n\t\n\t\t<\/div>\n\t<!-- \/image-wrap -->\n    \n    \t<\/div>\n<!-- \/module image -->                    <\/div><!-- .tb-column-inner -->\n                            <\/div><!-- .module_column -->\n                        <div  data-lazy=\"1\" class=\"module_column sub_column col4-2 tb_h3u6356 last\">\n                                                        <div class=\"tb-column-inner tf_box tf_w\">\n                        <!-- module image -->\n<div  class=\"module module-image tb_6yz5356 rounded  image-center tf_mw hide-tablet hide-mobile\" data-lazy=\"1\">\n        <div class=\"image-wrap tf_rel tf_mw\">\n\t\t    <a href=\"https:\/\/haztluz.com\/\"\n\t        rel=\"noopener\" target=\"_blank\"\t       >\n\t\t   \t\t<img loading=\"lazy\" decoding=\"async\" src=\"https:\/\/accesia.info\/wp-content\/uploads\/2024\/06\/29c15df54a20da7aab008a81e0e6001f-1024x660-612x391.png\" width=\"612\" height=\"391\" class=\"wp-post-image wp-image-1473\" title=\"Lloc web de Haztluz\" alt=\"Sitio web de Haztluz\" srcset=\"https:\/\/accesia.info\/wp-content\/uploads\/2024\/06\/29c15df54a20da7aab008a81e0e6001f-1024x660-612x391.png 612w, https:\/\/accesia.info\/wp-content\/uploads\/2024\/06\/29c15df54a20da7aab008a81e0e6001f-300x193.png 300w, https:\/\/accesia.info\/wp-content\/uploads\/2024\/06\/29c15df54a20da7aab008a81e0e6001f-18x12.png 18w\" sizes=\"auto, (max-width: 612px) 100vw, 612px\" \/>\t    <\/a>\n\t\n\t\t<\/div>\n\t<!-- \/image-wrap -->\n    \n    \t<\/div>\n<!-- \/module image -->                    <\/div><!-- .tb-column-inner -->\n                            <\/div><!-- .module_column -->\n            \t    <\/div><!-- .subrow_inner -->\n\t<\/div><!-- .themify_builder_sub_row -->\n\t\t<div  data-lazy=\"1\" class=\"module_subrow themify_builder_sub_row tb_2n03282 tf_w tf_clearfix\">\n\t    \t\t\t<div class=\"subrow_inner col_align_middle tb_col_count_2 tf_box tf_w\">\n\t\t            <div  data-lazy=\"1\" class=\"module_column sub_column col4-2 tb_2c7s282 first\">\n                                                        <div class=\"tb-column-inner tf_box tf_w\">\n                        <!-- module image -->\n<div  class=\"module module-image tb_1bea282 rounded  image-center tf_mw hide-tablet hide-mobile\" data-lazy=\"1\">\n        <div class=\"image-wrap tf_rel tf_mw\">\n\t\t    <a href=\"https:\/\/trellat.net\/\"\n\t        rel=\"noopener\" target=\"_blank\"\t       >\n\t\t   \t\t<img loading=\"lazy\" decoding=\"async\" src=\"https:\/\/accesia.info\/wp-content\/uploads\/2024\/06\/2de22141ce9771ae745592933c2cc746-1024x661-543x326.png\" width=\"543\" height=\"326\" class=\"wp-post-image wp-image-1476\" title=\"Lloc web de Trellat\" alt=\"Sitio web de Trellat\" srcset=\"https:\/\/accesia.info\/wp-content\/uploads\/2024\/06\/2de22141ce9771ae745592933c2cc746-1024x661-543x326.png 543w, https:\/\/accesia.info\/wp-content\/uploads\/2024\/06\/2de22141ce9771ae745592933c2cc746-18x12.png 18w, https:\/\/accesia.info\/wp-content\/uploads\/2024\/06\/2de22141ce9771ae745592933c2cc746-1024x661-561x338.png 561w\" sizes=\"auto, (max-width: 543px) 100vw, 543px\" \/>\t    <\/a>\n\t\n\t\t<\/div>\n\t<!-- \/image-wrap -->\n    \n    \t<\/div>\n<!-- \/module image -->                    <\/div><!-- .tb-column-inner -->\n                            <\/div><!-- .module_column -->\n                        <div  data-lazy=\"1\" class=\"module_column sub_column col4-2 tb_g7gj282 last\">\n                                                        <div class=\"tb-column-inner tf_box tf_w\">\n                        <!-- module image -->\n<div  class=\"module module-image tb_q63l282   image-left tf_mw hide-tablet hide-tablet_landscape hide-mobile\" data-lazy=\"1\">\n        <div class=\"image-wrap tf_rel tf_mw\">\n\t\t    <img loading=\"lazy\" decoding=\"async\" src=\"https:\/\/accesia.info\/wp-content\/uploads\/2024\/06\/1.Trellat-solucions-COLOR-1024x801-206x141-1-208x152.png\" width=\"208\" height=\"152\" class=\"wp-post-image wp-image-1477\" title=\"Logo de Trellat Solucions\" alt=\"Logo de Trellat Solucions\" srcset=\"https:\/\/accesia.info\/wp-content\/uploads\/2024\/06\/1.Trellat-solucions-COLOR-1024x801-206x141-1-208x152.png 208w, https:\/\/accesia.info\/wp-content\/uploads\/2024\/06\/1.Trellat-solucions-COLOR-1024x801-206x141-1-18x12.png 18w\" sizes=\"auto, (max-width: 208px) 100vw, 208px\" \/>\t\n\t\t<\/div>\n\t<!-- \/image-wrap -->\n    \n    \t<\/div>\n<!-- \/module image --><!-- module image -->\n<div  class=\"module module-image tb_khi3282   image-center tf_mw hide-desktop\" data-lazy=\"1\">\n        <div class=\"image-wrap tf_rel tf_mw\">\n\t\t    <img loading=\"lazy\" decoding=\"async\" src=\"https:\/\/accesia.info\/wp-content\/uploads\/2024\/06\/1.Trellat-solucions-COLOR-1024x801-206x141-1-216x150.png\" width=\"216\" height=\"150\" class=\"wp-post-image wp-image-1477\" title=\"Logo de Trellat Solucions\" alt=\"Logo de Trellat Solucions\" srcset=\"https:\/\/accesia.info\/wp-content\/uploads\/2024\/06\/1.Trellat-solucions-COLOR-1024x801-206x141-1-216x150.png 216w, https:\/\/accesia.info\/wp-content\/uploads\/2024\/06\/1.Trellat-solucions-COLOR-1024x801-206x141-1-18x12.png 18w\" sizes=\"auto, (max-width: 216px) 100vw, 216px\" \/>\t\n\t\t<\/div>\n\t<!-- \/image-wrap -->\n    \n    \t<\/div>\n<!-- \/module image --><!-- module text -->\n<div  class=\"module module-text tb_2rie282\" data-lazy=\"1\">\n        <div  class=\"tb_text_wrap\">\n    <h2>Trellat Solucions<br><\/h2>\n<p><br>Trellat Solucions \u00e9s una consultora de l&#039;\u00e0mbit de la Innovaci\u00f3 Social.&nbsp;<br><br><span style=\"font-weight: bold;\">Gestionem la seva infraestructura tecnol\u00f2gica i<\/span><span style=\"font-weight: bold; background-color: initial; font-size: 1em;\">implementem el nostre <\/span><span style=\"font-weight: bold; background-color: initial; font-size: 1em;\"><a href=\"\/asistente-accesibilidad\/\">Assistent d&#039;accessibilitat<\/a><\/span><span style=\"background-color: initial; font-size: 1em;\"><span style=\"font-weight: bold;\">,<\/span> el que va resultar en una significativa millora en laccessibilitat del lloc web.<\/span><\/p>    <\/div>\n<\/div>\n<!-- \/module text --><!-- module image -->\n<div  class=\"module module-image tb_0w0x282 rounded  image-center tf_mw hide-desktop hide-tablet_landscape\" data-lazy=\"1\">\n        <div class=\"image-wrap tf_rel tf_mw\">\n\t\t    <a href=\"https:\/\/trellat.net\/\"\n\t        rel=\"noopener\" target=\"_blank\"\t       >\n\t\t   \t\t<img loading=\"lazy\" decoding=\"async\" src=\"https:\/\/accesia.info\/wp-content\/uploads\/2024\/06\/2de22141ce9771ae745592933c2cc746-1024x661-561x338.png\" width=\"561\" height=\"338\" class=\"wp-post-image wp-image-1476\" title=\"Lloc web de Trellat\" alt=\"Sitio web de Trellat\" srcset=\"https:\/\/accesia.info\/wp-content\/uploads\/2024\/06\/2de22141ce9771ae745592933c2cc746-1024x661-561x338.png 561w, https:\/\/accesia.info\/wp-content\/uploads\/2024\/06\/2de22141ce9771ae745592933c2cc746-18x12.png 18w, https:\/\/accesia.info\/wp-content\/uploads\/2024\/06\/2de22141ce9771ae745592933c2cc746-1024x661-543x326.png 543w\" sizes=\"auto, (max-width: 561px) 100vw, 561px\" \/>\t    <\/a>\n\t\n\t\t<\/div>\n\t<!-- \/image-wrap -->\n    \n    \t<\/div>\n<!-- \/module image -->                    <\/div><!-- .tb-column-inner -->\n                            <\/div><!-- .module_column -->\n            \t    <\/div><!-- .subrow_inner -->\n\t<\/div><!-- .themify_builder_sub_row -->\n\t                    <\/div><!-- .tb-column-inner -->\n                            <\/div><!-- .module_column -->\n            \t    <\/div><!-- .row_inner -->\n\t<\/div><!-- .module_row -->\n\t\t\t\t<!-- module_row -->\n\t<div  data-lazy=\"1\" class=\"module_row themify_builder_row tb_zwj3867 tf_w tf_clearfix\">\n\t    \t\t\t<div class=\"row_inner col_align_top tb_col_count_1 tf_box tf_rel\">\n\t\t            <div  data-lazy=\"1\" class=\"module_column tb-column col-full tb_6pll867 first\">\n                                                        <div class=\"tb-column-inner tf_box tf_w\">\n                        <!-- module text -->\n<div  class=\"module module-text tb_5h51685\" data-lazy=\"1\">\n        <div  class=\"tb_text_wrap\">\n    <p style=\"text-align: center;\">Si desitges <b>millorar l&#039;accessibilitat del vostre lloc web i fer-lo m\u00e9s inclusiu<\/b>, no dubtis a posar-te en contacte amb nosaltres.<\/p>\n<p style=\"text-align: center;\"><span style=\"background-color: initial; font-size: 1em;\">Fes clic al bot\u00f3 de contacte a continuaci\u00f3 i <b>comencem a treballar plegats per crear un espai digital m\u00e9s accessible i amigable per a tots.<\/b><\/span><\/p>    <\/div>\n<\/div>\n<!-- \/module text --><!-- module buttons -->\n<div  class=\"module module-buttons tb_vy3r85 buttons-horizontal solid  rounded\" data-lazy=\"1\">\n    \t<div class=\"module-buttons-item tf_inline_b\">\n\t\t\t\t\t\t\t<a href=\"\/contacto\" class=\"ui builder_button tb_default_color\"  id=\"boton11\">\n\t\t\t\t\t\t\t\t\t\t\t<span class=\"tf_inline_b tf_vmiddle\">Contactar<\/span>\n\t\t\t\t\t\t\t\t\t\t\t<\/a>\n\t\t\t    \t<\/div>\n    <\/div>\n<!-- \/module buttons -->\n                    <\/div><!-- .tb-column-inner -->\n                            <\/div><!-- .module_column -->\n            \t    <\/div><!-- .row_inner -->\n\t<\/div><!-- .module_row -->\n\t<\/div>\n<!--\/themify_builder_content-->","protected":false},"excerpt":{"rendered":"<p>Clients i col\u00b7laboradors<\/p>","protected":false},"author":2,"featured_media":0,"parent":0,"menu_order":0,"comment_status":"closed","ping_status":"closed","template":"","meta":{"footnotes":""},"class_list":["post-555","page","type-page","status-publish","hentry","has-post-title","has-post-date","has-post-category","has-post-tag","has-post-comment","has-post-author",""],"yoast_head":"<!-- This site is optimized with the Yoast SEO plugin v27.1.1 - https:\/\/yoast.com\/product\/yoast-seo-wordpress\/ -->\n<title>Clientes - Accesia<\/title>\n<meta name=\"robots\" content=\"index, follow, max-snippet:-1, max-image-preview:large, max-video-preview:-1\" \/>\n<link rel=\"canonical\" href=\"https:\/\/accesia.info\/va\/clientes-colaboradores\/\" \/>\n<meta property=\"og:locale\" content=\"ca_ES\" \/>\n<meta property=\"og:type\" content=\"article\" \/>\n<meta property=\"og:title\" content=\"Clientes - Accesia\" \/>\n<meta property=\"og:description\" content=\"Clientes y colaboradores\" \/>\n<meta property=\"og:url\" content=\"https:\/\/accesia.info\/va\/clientes-colaboradores\/\" \/>\n<meta property=\"og:site_name\" content=\"Accesia\" \/>\n<meta property=\"article:publisher\" content=\"https:\/\/www.facebook.com\/people\/Accesia-Soluciones\/100093845105950\/?_rdr\" \/>\n<meta property=\"article:modified_time\" content=\"2025-02-26T18:26:44+00:00\" \/>\n<meta name=\"twitter:card\" content=\"summary_large_image\" \/>\n<meta name=\"twitter:site\" content=\"@Accesia_\" \/>\n<script type=\"application\/ld+json\" class=\"yoast-schema-graph\">{\"@context\":\"https:\/\/schema.org\",\"@graph\":[{\"@type\":\"WebPage\",\"@id\":\"https:\/\/accesia.info\/clientes-colaboradores\/\",\"url\":\"https:\/\/accesia.info\/clientes-colaboradores\/\",\"name\":\"Clientes - Accesia\",\"isPartOf\":{\"@id\":\"https:\/\/accesia.info\/#website\"},\"datePublished\":\"2023-10-17T16:57:55+00:00\",\"dateModified\":\"2025-02-26T18:26:44+00:00\",\"breadcrumb\":{\"@id\":\"https:\/\/accesia.info\/clientes-colaboradores\/#breadcrumb\"},\"inLanguage\":\"ca\",\"potentialAction\":[{\"@type\":\"ReadAction\",\"target\":[\"https:\/\/accesia.info\/clientes-colaboradores\/\"]}]},{\"@type\":\"BreadcrumbList\",\"@id\":\"https:\/\/accesia.info\/clientes-colaboradores\/#breadcrumb\",\"itemListElement\":[{\"@type\":\"ListItem\",\"position\":1,\"name\":\"Portada\",\"item\":\"https:\/\/accesia.info\/\"},{\"@type\":\"ListItem\",\"position\":2,\"name\":\"Clientes\"}]},{\"@type\":\"WebSite\",\"@id\":\"https:\/\/accesia.info\/#website\",\"url\":\"https:\/\/accesia.info\/\",\"name\":\"Accesia Soluciones\",\"description\":\"\",\"publisher\":{\"@id\":\"https:\/\/accesia.info\/#organization\"},\"potentialAction\":[{\"@type\":\"SearchAction\",\"target\":{\"@type\":\"EntryPoint\",\"urlTemplate\":\"https:\/\/accesia.info\/?s={search_term_string}\"},\"query-input\":{\"@type\":\"PropertyValueSpecification\",\"valueRequired\":true,\"valueName\":\"search_term_string\"}}],\"inLanguage\":\"ca\"},{\"@type\":\"Organization\",\"@id\":\"https:\/\/accesia.info\/#organization\",\"name\":\"Accesia Soluciones\",\"url\":\"https:\/\/accesia.info\/\",\"logo\":{\"@type\":\"ImageObject\",\"inLanguage\":\"ca\",\"@id\":\"https:\/\/accesia.info\/#\/schema\/logo\/image\/\",\"url\":\"https:\/\/accesia.info\/wp-content\/uploads\/2023\/07\/cropped-Diseno-sin-titulo-15.png\",\"contentUrl\":\"https:\/\/accesia.info\/wp-content\/uploads\/2023\/07\/cropped-Diseno-sin-titulo-15.png\",\"width\":512,\"height\":512,\"caption\":\"Accesia Soluciones\"},\"image\":{\"@id\":\"https:\/\/accesia.info\/#\/schema\/logo\/image\/\"},\"sameAs\":[\"https:\/\/www.facebook.com\/people\/Accesia-Soluciones\/100093845105950\/?_rdr\",\"https:\/\/x.com\/Accesia_\",\"https:\/\/www.instagram.com\/accesiasoluciones\/\",\"https:\/\/es.linkedin.com\/company\/accesia-soluciones\"]}]}<\/script>\n<!-- \/ Yoast SEO plugin. -->","yoast_head_json":{"title":"Clientes - Accesia","robots":{"index":"index","follow":"follow","max-snippet":"max-snippet:-1","max-image-preview":"max-image-preview:large","max-video-preview":"max-video-preview:-1"},"canonical":"https:\/\/accesia.info\/va\/clientes-colaboradores\/","og_locale":"ca_ES","og_type":"article","og_title":"Clientes - Accesia","og_description":"Clientes y colaboradores","og_url":"https:\/\/accesia.info\/va\/clientes-colaboradores\/","og_site_name":"Accesia","article_publisher":"https:\/\/www.facebook.com\/people\/Accesia-Soluciones\/100093845105950\/?_rdr","article_modified_time":"2025-02-26T18:26:44+00:00","twitter_card":"summary_large_image","twitter_site":"@Accesia_","schema":{"@context":"https:\/\/schema.org","@graph":[{"@type":"WebPage","@id":"https:\/\/accesia.info\/clientes-colaboradores\/","url":"https:\/\/accesia.info\/clientes-colaboradores\/","name":"Clientes - Accesia","isPartOf":{"@id":"https:\/\/accesia.info\/#website"},"datePublished":"2023-10-17T16:57:55+00:00","dateModified":"2025-02-26T18:26:44+00:00","breadcrumb":{"@id":"https:\/\/accesia.info\/clientes-colaboradores\/#breadcrumb"},"inLanguage":"ca","potentialAction":[{"@type":"ReadAction","target":["https:\/\/accesia.info\/clientes-colaboradores\/"]}]},{"@type":"BreadcrumbList","@id":"https:\/\/accesia.info\/clientes-colaboradores\/#breadcrumb","itemListElement":[{"@type":"ListItem","position":1,"name":"Portada","item":"https:\/\/accesia.info\/"},{"@type":"ListItem","position":2,"name":"Clientes"}]},{"@type":"WebSite","@id":"https:\/\/accesia.info\/#website","url":"https:\/\/accesia.info\/","name":"Accessia Solucions","description":"","publisher":{"@id":"https:\/\/accesia.info\/#organization"},"potentialAction":[{"@type":"SearchAction","target":{"@type":"EntryPoint","urlTemplate":"https:\/\/accesia.info\/?s={search_term_string}"},"query-input":{"@type":"PropertyValueSpecification","valueRequired":true,"valueName":"search_term_string"}}],"inLanguage":"ca"},{"@type":"Organization","@id":"https:\/\/accesia.info\/#organization","name":"Accessia Solucions","url":"https:\/\/accesia.info\/","logo":{"@type":"ImageObject","inLanguage":"ca","@id":"https:\/\/accesia.info\/#\/schema\/logo\/image\/","url":"https:\/\/accesia.info\/wp-content\/uploads\/2023\/07\/cropped-Diseno-sin-titulo-15.png","contentUrl":"https:\/\/accesia.info\/wp-content\/uploads\/2023\/07\/cropped-Diseno-sin-titulo-15.png","width":512,"height":512,"caption":"Accesia Soluciones"},"image":{"@id":"https:\/\/accesia.info\/#\/schema\/logo\/image\/"},"sameAs":["https:\/\/www.facebook.com\/people\/Accesia-Soluciones\/100093845105950\/?_rdr","https:\/\/x.com\/Accesia_","https:\/\/www.instagram.com\/accesiasoluciones\/","https:\/\/es.linkedin.com\/company\/accesia-soluciones"]}]}},"builder_content":"<h1 style=\"text-align: center;\"><strong>Clientes y colaboradores<\/strong><\/h1>\n<p>En <strong>Accesia Soluciones<\/strong>, nuestro compromiso con la satisfacci\u00f3n del cliente es esencial.<\/p> <p>Hemos tenido el privilegio de trabajar con una amplia gama de clientes que han confiado en nosotros para mejorar la accesibilidad y usabilidad de sus sitios web. Estamos orgullosos de compartir sus experiencias y testimonios, que reflejan el impacto positivo que hemos logrado juntos<\/p>\n<img src=\"https:\/\/accesia.info\/wp-content\/uploads\/2024\/02\/logo-fxj1-1024x891-154x133.png\" width=\"154\" height=\"133\" title=\"Logo de Fundaci\u00f3n por la Justicia\" alt=\"Logo de Fundaci\u00f3n por la Justicia\" srcset=\"https:\/\/accesia.info\/wp-content\/uploads\/2024\/02\/logo-fxj1-1024x891-154x133.png 154w, https:\/\/accesia.info\/wp-content\/uploads\/2024\/02\/logo-fxj1-300x261.png 300w, https:\/\/accesia.info\/wp-content\/uploads\/2024\/02\/logo-fxj1-1024x891.png 1024w, https:\/\/accesia.info\/wp-content\/uploads\/2024\/02\/logo-fxj1-768x668.png 768w, https:\/\/accesia.info\/wp-content\/uploads\/2024\/02\/logo-fxj1-14x12.png 14w, https:\/\/accesia.info\/wp-content\/uploads\/2024\/02\/logo-fxj1-1024x891-163x141.png 163w, https:\/\/accesia.info\/wp-content\/uploads\/2024\/02\/logo-fxj1-1024x891-161x140.png 161w, https:\/\/accesia.info\/wp-content\/uploads\/2024\/02\/logo-fxj1.png 1531w\" sizes=\"(max-width: 154px) 100vw, 154px\" \/>\n<img src=\"https:\/\/accesia.info\/wp-content\/uploads\/2024\/02\/logo-fxj1-1024x891-161x140.png\" width=\"161\" height=\"140\" title=\"Logo de Fundaci\u00f3n por la Justicia\" alt=\"Logo de Fundaci\u00f3n por la Justicia\" srcset=\"https:\/\/accesia.info\/wp-content\/uploads\/2024\/02\/logo-fxj1-1024x891-161x140.png 161w, https:\/\/accesia.info\/wp-content\/uploads\/2024\/02\/logo-fxj1-300x261.png 300w, https:\/\/accesia.info\/wp-content\/uploads\/2024\/02\/logo-fxj1-1024x891.png 1024w, https:\/\/accesia.info\/wp-content\/uploads\/2024\/02\/logo-fxj1-768x668.png 768w, https:\/\/accesia.info\/wp-content\/uploads\/2024\/02\/logo-fxj1-14x12.png 14w, https:\/\/accesia.info\/wp-content\/uploads\/2024\/02\/logo-fxj1-1024x891-163x141.png 163w, https:\/\/accesia.info\/wp-content\/uploads\/2024\/02\/logo-fxj1-1024x891-154x133.png 154w, https:\/\/accesia.info\/wp-content\/uploads\/2024\/02\/logo-fxj1.png 1531w\" sizes=\"(max-width: 161px) 100vw, 161px\" \/>\n<h2>Fundaci\u00f3n por la Justicia<\/h2><br> <p><b>Fundaci\u00f3n por la Justicia<\/b> es una <b>organizaci\u00f3n sin \u00e1nimo de lucro que trabaja en favor de los Derechos Humanos y de la justicia social<\/b>, en aras de alcanzar una sociedad en paz, m\u00e1s justa, y m\u00e1s solidaria. Adem\u00e1s, organizan el Festival de DDHH, HumansFest.<br><\/p> <p>La colaboraci\u00f3n no ha dejado de crecer. Comenzamos <b>auditando sus webs en materia de accesibilidad<\/b> y <b>realizando los cambios necesarios para cumplir con los est\u00e1ndares<\/b>.<\/p><p>En la actualidad <b>gestionamos y mantenemos su infraestructura tecnol\u00f3gica<\/b>.<\/p><br>\n<a href=\"https:\/\/fundacionporlajusticia.org\/\" rel=\"noopener\" target=\"_blank\" > <img src=\"https:\/\/accesia.info\/wp-content\/uploads\/2024\/04\/unnamed-file.jpg\" title=\"Web de Fundaci\u00f3n por la Justicia\" alt=\"Web de Fundaci\u00f3n por la Justicia\" srcset=\"https:\/\/accesia.info\/wp-content\/uploads\/2024\/04\/unnamed-file.jpg 1233w, https:\/\/accesia.info\/wp-content\/uploads\/2024\/04\/unnamed-file-300x195.jpg 300w, https:\/\/accesia.info\/wp-content\/uploads\/2024\/04\/unnamed-file-1024x667.jpg 1024w, https:\/\/accesia.info\/wp-content\/uploads\/2024\/04\/unnamed-file-768x500.jpg 768w, https:\/\/accesia.info\/wp-content\/uploads\/2024\/04\/unnamed-file-18x12.jpg 18w\" sizes=\"(max-width: 1233px) 100vw, 1233px\" \/> <\/a>\n\n<a href=\"https:\/\/fundacionporlajusticia.org\/\" rel=\"noopener\" target=\"_blank\" > <img src=\"https:\/\/accesia.info\/wp-content\/uploads\/2024\/04\/unnamed-file.jpg\" title=\"Web de Fundaci\u00f3n por la Justicia\" alt=\"Web de Fundaci\u00f3n por la Justicia\" srcset=\"https:\/\/accesia.info\/wp-content\/uploads\/2024\/04\/unnamed-file.jpg 1233w, https:\/\/accesia.info\/wp-content\/uploads\/2024\/04\/unnamed-file-300x195.jpg 300w, https:\/\/accesia.info\/wp-content\/uploads\/2024\/04\/unnamed-file-1024x667.jpg 1024w, https:\/\/accesia.info\/wp-content\/uploads\/2024\/04\/unnamed-file-768x500.jpg 768w, https:\/\/accesia.info\/wp-content\/uploads\/2024\/04\/unnamed-file-18x12.jpg 18w\" sizes=\"(max-width: 1233px) 100vw, 1233px\" \/> <\/a>\n<a href=\"http:\/\/lazona.eu\" rel=\"noopener\" target=\"_blank\" > <img src=\"https:\/\/accesia.info\/wp-content\/uploads\/2024\/06\/ea099293fbafc528865613b0dc1883c9-1024x631-561x342.png\" width=\"561\" height=\"342\" title=\"LaZona Producciones AdA\" alt=\"LaZona Producciones Web\" srcset=\"https:\/\/accesia.info\/wp-content\/uploads\/2024\/06\/ea099293fbafc528865613b0dc1883c9-1024x631-561x342.png 561w, https:\/\/accesia.info\/wp-content\/uploads\/2024\/06\/ea099293fbafc528865613b0dc1883c9-18x12.png 18w\" sizes=\"(max-width: 561px) 100vw, 561px\" \/> <\/a>\n<img src=\"https:\/\/accesia.info\/wp-content\/uploads\/2024\/06\/lazona_logo-removebg-preview-194x162.png\" width=\"194\" height=\"162\" title=\"LaZona Producciones Logo\" alt=\"LaZona Producciones Logo\">\n<img src=\"https:\/\/accesia.info\/wp-content\/uploads\/2024\/06\/lazona_logo-removebg-preview-194x162.png\" width=\"194\" height=\"162\" title=\"LaZona Producciones Logo\" alt=\"LaZona Producciones Logo\">\n<h2>LaZona Producciones<\/h2> <p><b><br>LaZona es una productora<\/b> (cine, teatro, series, pictures) que desde su creaci\u00f3n en el a\u00f1o 2003 ha producido <b>14 largometrajes y m\u00e1s de 50 obras teatrales<\/b>, combinando tanto \u00e9xitos de taquilla como de cr\u00edtica y premios.<\/p><p>Hemos implementando nuestro innovador <a href=\"\/asistente-accesibilidad\/\">Asistente de Accesibilidad<\/a>, en su web, asegurando que su sitio ofrezca una accesibilidad completa y sin barreras.<\/p><br>\n<a href=\"http:\/\/lazona.eu\" rel=\"noopener\" target=\"_blank\" > <img src=\"https:\/\/accesia.info\/wp-content\/uploads\/2024\/06\/ea099293fbafc528865613b0dc1883c9-1024x631-673x430.png\" width=\"673\" height=\"430\" title=\"LaZona Producciones AdA\" alt=\"LaZona Producciones Web\" srcset=\"https:\/\/accesia.info\/wp-content\/uploads\/2024\/06\/ea099293fbafc528865613b0dc1883c9-1024x631-673x430.png 673w, https:\/\/accesia.info\/wp-content\/uploads\/2024\/06\/ea099293fbafc528865613b0dc1883c9-18x12.png 18w\" sizes=\"(max-width: 673px) 100vw, 673px\" \/> <\/a>\n\n<img src=\"https:\/\/accesia.info\/wp-content\/uploads\/2023\/11\/1-VLC-1024x273-599x115.png\" width=\"599\" height=\"115\" title=\"Logo de Missions Valencia 2030 y del Ayuntamiento de Valencia\" alt=\"Logo de Missions Valencia 2030 y del Ayuntamiento de Valencia\">\n<img src=\"https:\/\/accesia.info\/wp-content\/uploads\/2023\/11\/1-VLC-1024x273-582x115.png\" width=\"582\" height=\"115\" title=\"Logo de Missions Valencia 2030 y del Ayuntamiento de Valencia\" alt=\"Logo de Missions Valencia 2030 y del Ayuntamiento de Valencia\">\n<h2>Missions 2030<\/h2> <p><br>Accesia Soluciones SL es <b>Organizaci\u00f3n&nbsp;Embajadora de Missions Valencia 2030 en colaboraci\u00f3n con el Ayuntamiento de Valencia.<\/b><\/p> <p>En 2020, Valencia tom\u00f3 la decisi\u00f3n audaz de participar activamente en <b>Missions 2030<\/b>, un innovador sistema de gobernanza que busca no solo transformar la ciudad, sino tambi\u00e9n mejorar la calidad de vida de sus habitantes. <b>En este ambicioso compromiso por el progreso y el bienestar, uno de los aspectos clave que Val\u00e8ncia ha abrazado con firmeza es la accesibilidad digital.<\/b><\/p> <p>Este <b>compromiso con la accesibilidad digital <\/b>dentro de Missions 2030 refleja la visi\u00f3n de Val\u00e8ncia de <b>construir una ciudad inclusiva y tecnol\u00f3gicamente avanzada.&nbsp;<\/b><\/p>\n<a href=\"https:\/\/www.missionsvalencia.eu\/?lang=es\" rel=\"noopener\" target=\"_blank\" > <img src=\"https:\/\/accesia.info\/wp-content\/uploads\/2023\/11\/ddf-614x490.png\" width=\"614\" height=\"490\" title=\"Cartel de Missions Valencia 2030\" alt=\"Cartel de Missions Valencia 2030\"> <\/a>\n\n<a href=\"https:\/\/www.missionsvalencia.eu\/?lang=es\" rel=\"noopener\" target=\"_blank\" > <img src=\"https:\/\/accesia.info\/wp-content\/uploads\/2023\/11\/ddf-614x490.png\" width=\"614\" height=\"490\" title=\"Cartel de Missions Valencia 2030\" alt=\"Cartel de Missions Valencia 2030\"> <\/a>\n<a href=\"https:\/\/caudetedelasfuentes.es\/\" rel=\"noopener\" target=\"_blank\" > <img src=\"https:\/\/accesia.info\/wp-content\/uploads\/2023\/10\/60cbbffdb1b8e3acea932f59c086cd5c-1-1024x508-639x490.jpg\" width=\"639\" height=\"490\" title=\"Captura de Pantalla del Sitio web del Ayuntamiento de Caudete de las Fuentes, realizado por Accesia Soluciones.\" alt=\"Captura de Pantalla del Sitio web del Ayuntamiento de Caudete de las Fuentes, realizado por Accesia Soluciones.\"> <\/a>\n<img src=\"https:\/\/accesia.info\/wp-content\/uploads\/2023\/10\/1200px-Escudo_Caudete_de_las_Fuentes.svg-588x1024-71x124.png\" width=\"71\" height=\"124\" title=\"Escudo de Caudete de las Fuentes\" alt=\"Escudo de Caudete de las Fuentes\" srcset=\"https:\/\/accesia.info\/wp-content\/uploads\/2023\/10\/1200px-Escudo_Caudete_de_las_Fuentes.svg-588x1024-71x124.png 71w, https:\/\/accesia.info\/wp-content\/uploads\/2023\/10\/1200px-Escudo_Caudete_de_las_Fuentes.svg-172x300.png 172w, https:\/\/accesia.info\/wp-content\/uploads\/2023\/10\/1200px-Escudo_Caudete_de_las_Fuentes.svg-588x1024.png 588w, https:\/\/accesia.info\/wp-content\/uploads\/2023\/10\/1200px-Escudo_Caudete_de_las_Fuentes.svg-768x1338.png 768w, https:\/\/accesia.info\/wp-content\/uploads\/2023\/10\/1200px-Escudo_Caudete_de_las_Fuentes.svg-882x1536.png 882w, https:\/\/accesia.info\/wp-content\/uploads\/2023\/10\/1200px-Escudo_Caudete_de_las_Fuentes.svg-1176x2048.png 1176w, https:\/\/accesia.info\/wp-content\/uploads\/2023\/10\/1200px-Escudo_Caudete_de_las_Fuentes.svg-588x1024-79x138.png 79w, https:\/\/accesia.info\/wp-content\/uploads\/2023\/10\/1200px-Escudo_Caudete_de_las_Fuentes.svg-588x1024-98x171.png 98w, https:\/\/accesia.info\/wp-content\/uploads\/2023\/10\/1200px-Escudo_Caudete_de_las_Fuentes.svg-588x1024-80x140.png 80w, https:\/\/accesia.info\/wp-content\/uploads\/2023\/10\/1200px-Escudo_Caudete_de_las_Fuentes.svg.png 1200w\" sizes=\"(max-width: 71px) 100vw, 71px\" \/>\n<img src=\"https:\/\/accesia.info\/wp-content\/uploads\/2023\/10\/1200px-Escudo_Caudete_de_las_Fuentes.svg-588x1024-71x124.png\" width=\"71\" height=\"124\" title=\"Escudo de Caudete de las Fuentes\" alt=\"Escudo de Caudete de las Fuentes\" srcset=\"https:\/\/accesia.info\/wp-content\/uploads\/2023\/10\/1200px-Escudo_Caudete_de_las_Fuentes.svg-588x1024-71x124.png 71w, https:\/\/accesia.info\/wp-content\/uploads\/2023\/10\/1200px-Escudo_Caudete_de_las_Fuentes.svg-172x300.png 172w, https:\/\/accesia.info\/wp-content\/uploads\/2023\/10\/1200px-Escudo_Caudete_de_las_Fuentes.svg-588x1024.png 588w, https:\/\/accesia.info\/wp-content\/uploads\/2023\/10\/1200px-Escudo_Caudete_de_las_Fuentes.svg-768x1338.png 768w, https:\/\/accesia.info\/wp-content\/uploads\/2023\/10\/1200px-Escudo_Caudete_de_las_Fuentes.svg-882x1536.png 882w, https:\/\/accesia.info\/wp-content\/uploads\/2023\/10\/1200px-Escudo_Caudete_de_las_Fuentes.svg-1176x2048.png 1176w, https:\/\/accesia.info\/wp-content\/uploads\/2023\/10\/1200px-Escudo_Caudete_de_las_Fuentes.svg-588x1024-79x138.png 79w, https:\/\/accesia.info\/wp-content\/uploads\/2023\/10\/1200px-Escudo_Caudete_de_las_Fuentes.svg-588x1024-98x171.png 98w, https:\/\/accesia.info\/wp-content\/uploads\/2023\/10\/1200px-Escudo_Caudete_de_las_Fuentes.svg-588x1024-80x140.png 80w, https:\/\/accesia.info\/wp-content\/uploads\/2023\/10\/1200px-Escudo_Caudete_de_las_Fuentes.svg.png 1200w\" sizes=\"(max-width: 71px) 100vw, 71px\" \/>\n<h2>Ayuntamiento de Caudete de las Fuentes<\/h2> <p><br>Hemos creado su nueva p\u00e1gina web. Desde el dise\u00f1o inicial, seguimos estrictamente las pautas de accesibilidad vigentes para garantizar una experiencia inclusiva para todos los usuarios.&nbsp;<\/p><p>Adem\u00e1s, implementamos nuestro innovador <a href=\"\/asistente-accesibilidad\/\">Asistente de Accesibilidad<\/a>, asegurando que su sitio ofrezca una accesibilidad completa y sin barreras.<\/p><br>\n<a href=\"https:\/\/caudetedelasfuentes.es\/\" rel=\"noopener\" target=\"_blank\" > <img src=\"https:\/\/accesia.info\/wp-content\/uploads\/2023\/10\/60cbbffdb1b8e3acea932f59c086cd5c-1-1024x508-639x490.jpg\" width=\"639\" height=\"490\" title=\"Captura de Pantalla del Sitio web del Ayuntamiento de Caudete de las Fuentes, realizado por Accesia Soluciones.\" alt=\"Captura de Pantalla del Sitio web del Ayuntamiento de Caudete de las Fuentes, realizado por Accesia Soluciones.\"> <\/a>\n\n<img src=\"https:\/\/accesia.info\/wp-content\/uploads\/2024\/06\/didania-logo-1024x472-329x99.png\" width=\"329\" height=\"99\" title=\"Logo Didania\" alt=\"Logo Didania\">\n<img src=\"https:\/\/accesia.info\/wp-content\/uploads\/2024\/06\/didania-logo-1024x472-336x115.png\" width=\"336\" height=\"115\" title=\"Logo Didania\" alt=\"Logo Didania\">\n<h2>Didania<\/h2> <p><br>DIDANIA es una federaci\u00f3n de entidades cristianas de tiempo libre, cuya misi\u00f3n es coordinar y potenciar el trabajo en el tiempo libre educativo, la animaci\u00f3n sociocultural y el voluntariado, tejiendo red para intervenir en la sociedad con un estilo y valores cr\u00edticos y transformadores.<\/p><p>Hemos implementado nuestro innovador<a href=\"\/asistente-accesibilidad\/\"> Asistente de Accesibilidad<\/a>&nbsp;en su web, asegurando que su sitio ofrezca una accesibilidad completa y sin barreras.<\/p>\n<a href=\"http:\/\/didania.org\" rel=\"noopener\" target=\"_blank\" > <img src=\"https:\/\/accesia.info\/wp-content\/uploads\/2024\/06\/4406336a74021658a9b4d6d6ea8ed44d-1024x607-767x447.jpg\" width=\"767\" height=\"447\" title=\"Web de Didania, Federaci\u00f3n de entidades cristianas de tiempo libre\" alt=\"Web de Didania, Federaci\u00f3n de entidades cristianas de tiempo libre\"> <\/a>\n\n<a href=\"http:\/\/didania.org\" rel=\"noopener\" target=\"_blank\" > <img src=\"https:\/\/accesia.info\/wp-content\/uploads\/2024\/06\/4406336a74021658a9b4d6d6ea8ed44d-1024x607-777x447.jpg\" width=\"777\" height=\"447\" title=\"Web de Didania, Federaci\u00f3n de entidades cristianas de tiempo libre\" alt=\"Web de Didania, Federaci\u00f3n de entidades cristianas de tiempo libre\"> <\/a>\n<a href=\"https:\/\/plenainclusioncv.org\/\" rel=\"noopener\" target=\"_blank\" > <img src=\"https:\/\/accesia.info\/wp-content\/uploads\/2024\/06\/1557140859_1g-639x490.jpg\" width=\"639\" height=\"490\" title=\"En esta imagen se observa un grupo de personas uniendo sus manos en el centro, formando una pila de manos. Est\u00e1n en un entorno al aire libre con una superficie de madera como fondo. Las personas parecen estar colaborando o celebrando un momento de uni\u00f3n y trabajo en equipo, destacando un sentido de camarader\u00eda y cooperaci\u00f3n.\" alt=\"En esta imagen se observa un grupo de personas uniendo sus manos en el centro, formando una pila de manos. Est\u00e1n en un entorno al aire libre con una superficie de madera como fondo. Las personas parecen estar colaborando o celebrando un momento de uni\u00f3n y trabajo en equipo, destacando un sentido de camarader\u00eda y cooperaci\u00f3n.\"> <\/a>\n<a href=\"https:\/\/plenainclusioncv.org\/\" rel=\"noopener\" target=\"_blank\" > <img src=\"https:\/\/accesia.info\/wp-content\/uploads\/2024\/06\/plenacvsinfondo-1024x636-205x123.png\" width=\"205\" height=\"123\" title=\"Logo de Plena Inclusi\u00f3n Comunidad Valenciana\" alt=\"Logo de Plena Inclusi\u00f3n Comunidad Valenciana\" srcset=\"https:\/\/accesia.info\/wp-content\/uploads\/2024\/06\/plenacvsinfondo-1024x636-205x123.png 205w, https:\/\/accesia.info\/wp-content\/uploads\/2024\/06\/plenacvsinfondo-18x12.png 18w\" sizes=\"(max-width: 205px) 100vw, 205px\" \/> <\/a>\n<a href=\"https:\/\/plenainclusioncv.org\/\" rel=\"noopener\" target=\"_blank\" > <img src=\"https:\/\/accesia.info\/wp-content\/uploads\/2024\/06\/plenacvsinfondo-1024x636-199x123.png\" width=\"199\" height=\"123\" title=\"Logo de Plena Inclusi\u00f3n Comunidad Valenciana\" alt=\"Logo de Plena Inclusi\u00f3n Comunidad Valenciana\" srcset=\"https:\/\/accesia.info\/wp-content\/uploads\/2024\/06\/plenacvsinfondo-1024x636-199x123.png 199w, https:\/\/accesia.info\/wp-content\/uploads\/2024\/06\/plenacvsinfondo-300x186.png 300w, https:\/\/accesia.info\/wp-content\/uploads\/2024\/06\/plenacvsinfondo-1024x636.png 1024w, https:\/\/accesia.info\/wp-content\/uploads\/2024\/06\/plenacvsinfondo-768x477.png 768w, https:\/\/accesia.info\/wp-content\/uploads\/2024\/06\/plenacvsinfondo-18x12.png 18w, https:\/\/accesia.info\/wp-content\/uploads\/2024\/06\/plenacvsinfondo-1024x636-226x140.png 226w, https:\/\/accesia.info\/wp-content\/uploads\/2024\/06\/plenacvsinfondo.png 1176w\" sizes=\"(max-width: 199px) 100vw, 199px\" \/> <\/a>\n<h2>Plena Inclusi\u00f3n Comunidad Valenciana<\/h2> <p><br>ONG sin \u00e1nimo de lucro, miembro del CERMI-CV, patrono de Fundaci\u00f3n ONCE y con alianzas con distintas universidades y organizaciones.<br><br>Trabajan con asociaciones de personas con discapacidad intelectual y del desarrollo. Con ellas, para ellas y para sus familias, para que tengan una vida mejor. Adem\u00e1s, son una entidad de Utilidad P\u00fablica.<\/p><p>Debido a la naturaleza de sus fines nuestra relaci\u00f3n con Plena Inclusi\u00f3n es de colaboraci\u00f3n a varios niveles. No s\u00f3lo vamos a implementar nuestras herramientas en su web, sino que&nbsp;adem\u00e1s hemos comenzado a trabajar para que sus usuarios validen nuestras herramientas de tal forma que sean realmente \u00fatiles. Esperamos que esta colaboraci\u00f3n siga creciendo.<\/p>\n<a href=\"https:\/\/plenainclusioncv.org\/\" rel=\"noopener\" target=\"_blank\" > <img src=\"https:\/\/accesia.info\/wp-content\/uploads\/2024\/06\/1557140859_1g-639x490.jpg\" width=\"639\" height=\"490\" title=\"En esta imagen se observa un grupo de personas uniendo sus manos en el centro, formando una pila de manos. Est\u00e1n en un entorno al aire libre con una superficie de madera como fondo. Las personas parecen estar colaborando o celebrando un momento de uni\u00f3n y trabajo en equipo, destacando un sentido de camarader\u00eda y cooperaci\u00f3n.\" alt=\"En esta imagen se observa un grupo de personas uniendo sus manos en el centro, formando una pila de manos. Est\u00e1n en un entorno al aire libre con una superficie de madera como fondo. Las personas parecen estar colaborando o celebrando un momento de uni\u00f3n y trabajo en equipo, destacando un sentido de camarader\u00eda y cooperaci\u00f3n.\"> <\/a>\n\n<img src=\"https:\/\/accesia.info\/wp-content\/uploads\/2023\/11\/Sin-titulo-2.svg\" width=\"369\" height=\"120\" title=\"Logo Facultat de dret - Universitat de Valencia\" alt=\"Logo Facultat de dret - Universitat de Valencia\">\n<img src=\"https:\/\/accesia.info\/wp-content\/uploads\/2023\/11\/Sin-titulo-2.svg\" width=\"369\" height=\"115\" title=\"Logo Facultat de dret - Universitat de Valencia\" alt=\"Logo Facultat de dret - Universitat de Valencia\">\n<h2>Universitat de Val\u00e8ncia<\/h2> <p><br>En nuestra m\u00e1s reciente colaboraci\u00f3n con la Universidad de Valencia, llevamos a cabo una charla enfocada en la <b>importancia de la accesibilidad web<\/b>, aplicada a las normativas y leyes actuales, as\u00ed como al derecho de Acceso a la Informaci\u00f3n de toda la poblaci\u00f3n.<\/p>\n<img src=\"https:\/\/accesia.info\/wp-content\/uploads\/2023\/11\/Imagen-de-WhatsApp-2023-11-08-a-las-17.22.41_ebc84d92-614x490.jpg\" width=\"614\" height=\"490\" title=\"Charla de Accesia Soluciones en la Facultad de Derecho sobre Accesibilidad Web\" alt=\"Charla de Accesia Soluciones en la Facultad de Derecho sobre Accesibilidad Web\">\n<img src=\"https:\/\/accesia.info\/wp-content\/uploads\/2023\/11\/Imagen-de-WhatsApp-2023-11-08-a-las-17.22.41_ebc84d92-614x490.jpg\" width=\"614\" height=\"490\" title=\"Charla de Accesia Soluciones en la Facultad de Derecho sobre Accesibilidad Web\" alt=\"Charla de Accesia Soluciones en la Facultad de Derecho sobre Accesibilidad Web\">\n<img src=\"https:\/\/accesia.info\/wp-content\/uploads\/2024\/06\/acb313aa11d2481952ccc20e4cd74220-1024x634-724x447.jpg\" width=\"724\" height=\"447\" title=\"Sitio web de Fock, grupo musical\" alt=\"Sitio web de Fock, grupo musical\" srcset=\"https:\/\/accesia.info\/wp-content\/uploads\/2024\/06\/acb313aa11d2481952ccc20e4cd74220-1024x634-724x447.jpg 724w, https:\/\/accesia.info\/wp-content\/uploads\/2024\/06\/acb313aa11d2481952ccc20e4cd74220-300x186.jpg 300w, https:\/\/accesia.info\/wp-content\/uploads\/2024\/06\/acb313aa11d2481952ccc20e4cd74220-1024x634.jpg 1024w, https:\/\/accesia.info\/wp-content\/uploads\/2024\/06\/acb313aa11d2481952ccc20e4cd74220-18x12.jpg 18w, https:\/\/accesia.info\/wp-content\/uploads\/2024\/06\/acb313aa11d2481952ccc20e4cd74220-1024x634-722x447.jpg 722w, https:\/\/accesia.info\/wp-content\/uploads\/2024\/06\/acb313aa11d2481952ccc20e4cd74220.jpg 1300w\" sizes=\"(max-width: 724px) 100vw, 724px\" \/>\n<img src=\"https:\/\/accesia.info\/wp-content\/uploads\/2024\/06\/fock-the-rock-band-logo-261x116.png\" width=\"261\" height=\"116\" title=\"Logo de Fock, grupo de m\u00fasica\" alt=\"Logo de Fock, grupo de m\u00fasica\" srcset=\"https:\/\/accesia.info\/wp-content\/uploads\/2024\/06\/fock-the-rock-band-logo-261x116.png 261w, https:\/\/accesia.info\/wp-content\/uploads\/2024\/06\/fock-the-rock-band-logo-18x8.png 18w\" sizes=\"(max-width: 261px) 100vw, 261px\" \/>\n<img src=\"https:\/\/accesia.info\/wp-content\/uploads\/2024\/06\/fock-the-rock-band-logo-275x116.png\" width=\"275\" height=\"116\" title=\"Logo de Fock, grupo de m\u00fasica\" alt=\"Logo de Fock, grupo de m\u00fasica\" srcset=\"https:\/\/accesia.info\/wp-content\/uploads\/2024\/06\/fock-the-rock-band-logo-275x116.png 275w, https:\/\/accesia.info\/wp-content\/uploads\/2024\/06\/fock-the-rock-band-logo-18x8.png 18w\" sizes=\"(max-width: 275px) 100vw, 275px\" \/>\n<h2>Fock, grupo musical<\/h2> <p><br>Trabajamos con el grupo musical <b>Fock, <\/b>implementando nuestro <a href=\"\/asistente-accesibilidad\/\">Asistente de Accesibilidad<\/a> en su p\u00e1gina web, dot\u00e1ndola de una accesibilidad m\u00e1s completa para sus visitantes.<\/p>\n<img src=\"https:\/\/accesia.info\/wp-content\/uploads\/2024\/06\/acb313aa11d2481952ccc20e4cd74220-1024x634-722x447.jpg\" width=\"722\" height=\"447\" title=\"Sitio web de Fock, grupo musical\" alt=\"Sitio web de Fock, grupo musical\" srcset=\"https:\/\/accesia.info\/wp-content\/uploads\/2024\/06\/acb313aa11d2481952ccc20e4cd74220-1024x634-722x447.jpg 722w, https:\/\/accesia.info\/wp-content\/uploads\/2024\/06\/acb313aa11d2481952ccc20e4cd74220-300x186.jpg 300w, https:\/\/accesia.info\/wp-content\/uploads\/2024\/06\/acb313aa11d2481952ccc20e4cd74220-1024x634.jpg 1024w, https:\/\/accesia.info\/wp-content\/uploads\/2024\/06\/acb313aa11d2481952ccc20e4cd74220-768x476.jpg 768w, https:\/\/accesia.info\/wp-content\/uploads\/2024\/06\/acb313aa11d2481952ccc20e4cd74220-18x12.jpg 18w, https:\/\/accesia.info\/wp-content\/uploads\/2024\/06\/acb313aa11d2481952ccc20e4cd74220-1024x634-724x447.jpg 724w, https:\/\/accesia.info\/wp-content\/uploads\/2024\/06\/acb313aa11d2481952ccc20e4cd74220.jpg 1300w\" sizes=\"(max-width: 722px) 100vw, 722px\" \/>\n\n<img src=\"https:\/\/accesia.info\/wp-content\/uploads\/2023\/10\/800px-Escudo_de_Villargordo_del_Cabriel.svg-88x116.png\" width=\"88\" height=\"116\" title=\"Escudo de Villargordo del Cabriel\" alt=\"Escudo de Villargordo del Cabriel\" srcset=\"https:\/\/accesia.info\/wp-content\/uploads\/2023\/10\/800px-Escudo_de_Villargordo_del_Cabriel.svg-88x116.png 88w, https:\/\/accesia.info\/wp-content\/uploads\/2023\/10\/800px-Escudo_de_Villargordo_del_Cabriel.svg-124x164.png 124w\" sizes=\"(max-width: 88px) 100vw, 88px\" \/>\n<img src=\"https:\/\/accesia.info\/wp-content\/uploads\/2023\/10\/800px-Escudo_de_Villargordo_del_Cabriel.svg-88x116.png\" width=\"88\" height=\"116\" title=\"Escudo de Villargordo del Cabriel\" alt=\"Escudo de Villargordo del Cabriel\" srcset=\"https:\/\/accesia.info\/wp-content\/uploads\/2023\/10\/800px-Escudo_de_Villargordo_del_Cabriel.svg-88x116.png 88w, https:\/\/accesia.info\/wp-content\/uploads\/2023\/10\/800px-Escudo_de_Villargordo_del_Cabriel.svg-124x164.png 124w\" sizes=\"(max-width: 88px) 100vw, 88px\" \/>\n<h2>Ayuntamiento de Villargordo del Cabriel<\/h2> <p><br>Hemos creado su nueva p\u00e1gina web. Desde el dise\u00f1o inicial, seguimos estrictamente las pautas de accesibilidad vigentes para garantizar una experiencia inclusiva para todos los usuarios.&nbsp;<br><\/p> <p>Adem\u00e1s, implementamos nuestro innovador&nbsp;<b><a href=\"\/asistente-accesibilidad\/\">Asistente de Accesibilidad<\/a><\/b>, asegurando que su sitio ofrezca una accesibilidad completa y sin barreras.<\/p>\n<img src=\"https:\/\/accesia.info\/wp-content\/uploads\/2023\/10\/241e06c7d5598effb5e0cf1b229b3837-1024x631-614x490.jpg\" width=\"614\" height=\"490\" title=\"Captura de Pantalla del Sitio web del Ayuntamiento de Villarogordo del Cabriel, realizado por Accesia Soluciones.\" alt=\"Captura de Pantalla del Sitio web del Ayuntamiento de Villarogordo del Cabriel, realizado por Accesia Soluciones.\">\n\n<img src=\"https:\/\/accesia.info\/wp-content\/uploads\/2023\/10\/241e06c7d5598effb5e0cf1b229b3837-1024x631-614x490.jpg\" width=\"614\" height=\"490\" title=\"Captura de Pantalla del Sitio web del Ayuntamiento de Villarogordo del Cabriel, realizado por Accesia Soluciones.\" alt=\"Captura de Pantalla del Sitio web del Ayuntamiento de Villarogordo del Cabriel, realizado por Accesia Soluciones.\">\n<img src=\"https:\/\/accesia.info\/wp-content\/uploads\/2024\/06\/3094b14b0dc54cc979e756f87040068e-1024x750-558x404.jpg\" width=\"558\" height=\"404\" title=\"Captura de Pantalla del Sitio web de la Asociaci\u00f3 Acci\u00f3 Cultural del Pa\u00eds Valenci\u00e0, con el Asistente de Accesibilidad de Accesia Soluciones.\" alt=\"Captura de Pantalla del Sitio web de la Asociaci\u00f3 Acci\u00f3 Cultural del Pa\u00eds Valenci\u00e0, con el Asistente de Accesibilidad de Accesia Soluciones.\" srcset=\"https:\/\/accesia.info\/wp-content\/uploads\/2024\/06\/3094b14b0dc54cc979e756f87040068e-1024x750-558x404.jpg 558w, https:\/\/accesia.info\/wp-content\/uploads\/2024\/06\/3094b14b0dc54cc979e756f87040068e-16x12.jpg 16w\" sizes=\"(max-width: 558px) 100vw, 558px\" \/>\n<img src=\"https:\/\/accesia.info\/wp-content\/uploads\/2023\/10\/1200px-Logotip_dACPV.svg-1024x1024-100x91.png\" width=\"100\" height=\"91\" title=\"Logo d&#039;Acci\u00f3 Cultural Pa\u00eds Valenci\u00e0\" alt=\"Logo d&#039;Acci\u00f3 Cultural Pa\u00eds Valenci\u00e0\" srcset=\"https:\/\/accesia.info\/wp-content\/uploads\/2023\/10\/1200px-Logotip_dACPV.svg-1024x1024-100x91.png 100w, https:\/\/accesia.info\/wp-content\/uploads\/2023\/10\/1200px-Logotip_dACPV.svg-1024x1024-120x110.png 120w\" sizes=\"(max-width: 100px) 100vw, 100px\" \/>\n<img src=\"https:\/\/accesia.info\/wp-content\/uploads\/2023\/10\/1200px-Logotip_dACPV.svg-1024x1024-100x91.png\" width=\"100\" height=\"91\" title=\"Logo d&#039;Acci\u00f3 Cultural Pa\u00eds Valenci\u00e0\" alt=\"Logo d&#039;Acci\u00f3 Cultural Pa\u00eds Valenci\u00e0\" srcset=\"https:\/\/accesia.info\/wp-content\/uploads\/2023\/10\/1200px-Logotip_dACPV.svg-1024x1024-100x91.png 100w, https:\/\/accesia.info\/wp-content\/uploads\/2023\/10\/1200px-Logotip_dACPV.svg-1024x1024-120x110.png 120w\" sizes=\"(max-width: 100px) 100vw, 100px\" \/>\n<h2>Acci\u00f3 Cultural Pa\u00eds Valenci\u00e0<\/h2> <p><br>Acci\u00f3 Cultural es una asociaci\u00f3n c\u00edvica creada en el a\u00f1o 1971. Su objetivo es la promoci\u00f3n de la lengua y la cultura propias del Pa\u00eds Valenciano. Fue fundada por Joan Fuster, Manuel Sanchis Guarner, Andreu Alfaro, Eliseu Climent y Joan Francesc Mira, entre otros.<br><\/p><p>Nuestra colaboraci\u00f3n con Acci\u00f3 Cultural Pa\u00eds Valenci\u00e0, se centr\u00f3 en potenciar la accesibilidad de su sitio web.<\/p><p>Implementamos con \u00e9xito nuestro potente Asistente de Accesibilidad, lo que result\u00f3 en una mejora notable en la accesibilidad del sitio.<\/p>\n<img src=\"https:\/\/accesia.info\/wp-content\/uploads\/2024\/06\/3094b14b0dc54cc979e756f87040068e-1024x750-612x448.jpg\" width=\"612\" height=\"448\" title=\"Captura de Pantalla del Sitio web de la Asociaci\u00f3 Acci\u00f3 Cultural del Pa\u00eds Valenci\u00e0, con el Asistente de Accesibilidad de Accesia Soluciones.\" alt=\"Captura de Pantalla del Sitio web de la Asociaci\u00f3 Acci\u00f3 Cultural del Pa\u00eds Valenci\u00e0, con el Asistente de Accesibilidad de Accesia Soluciones.\" srcset=\"https:\/\/accesia.info\/wp-content\/uploads\/2024\/06\/3094b14b0dc54cc979e756f87040068e-1024x750-612x448.jpg 612w, https:\/\/accesia.info\/wp-content\/uploads\/2024\/06\/3094b14b0dc54cc979e756f87040068e-300x220.jpg 300w, https:\/\/accesia.info\/wp-content\/uploads\/2024\/06\/3094b14b0dc54cc979e756f87040068e-1024x750.jpg 1024w, https:\/\/accesia.info\/wp-content\/uploads\/2024\/06\/3094b14b0dc54cc979e756f87040068e-768x563.jpg 768w, https:\/\/accesia.info\/wp-content\/uploads\/2024\/06\/3094b14b0dc54cc979e756f87040068e-16x12.jpg 16w, https:\/\/accesia.info\/wp-content\/uploads\/2024\/06\/3094b14b0dc54cc979e756f87040068e.jpg 1216w\" sizes=\"(max-width: 612px) 100vw, 612px\" \/>\n\n<img src=\"https:\/\/accesia.info\/wp-content\/uploads\/2023\/10\/tirantlogo.svg\" width=\"156\" height=\"78\" title=\"Tirant Avant Logo\" alt=\"Tirant Avant Logo\">\n<img src=\"https:\/\/accesia.info\/wp-content\/uploads\/2023\/10\/tirantlogo.svg\" width=\"151\" height=\"75\" title=\"Tirant Avant Logo\" alt=\"Tirant Avant Logo\">\n<h2>Tirant Avant d'AIFFA<\/h2> <p><br>Trabajamos conjuntamente con la asociaci\u00f3n&nbsp;AIFFA para desarrollar la nueva web accesible para su Festival <b>Tirant Avant.<\/b><\/p> <p>Adem\u00e1s, para dotar a la web de un nivel de accesibilidad todav\u00eda mayor, implementamos nuestro <a href=\"\/asistente-accesibilidad\/\">Asistente de Accesibilidad<\/a>.<\/p>\n<img src=\"https:\/\/accesia.info\/wp-content\/uploads\/2024\/04\/39eb297f8eaeb447853697ee0494f6d6.png\" title=\"Captura de Pantalla del Sitio web de Tirant Avant, dise\u00f1ado y desarrollado por Accesia Soluciones.\" alt=\"Captura de Pantalla del Sitio web de Tirant Avant, dise\u00f1ado y desarrollado por Accesia Soluciones.\" srcset=\"https:\/\/accesia.info\/wp-content\/uploads\/2024\/04\/39eb297f8eaeb447853697ee0494f6d6.png 1105w, https:\/\/accesia.info\/wp-content\/uploads\/2024\/04\/39eb297f8eaeb447853697ee0494f6d6-300x216.png 300w, https:\/\/accesia.info\/wp-content\/uploads\/2024\/04\/39eb297f8eaeb447853697ee0494f6d6-1024x737.png 1024w, https:\/\/accesia.info\/wp-content\/uploads\/2024\/04\/39eb297f8eaeb447853697ee0494f6d6-768x553.png 768w, https:\/\/accesia.info\/wp-content\/uploads\/2024\/04\/39eb297f8eaeb447853697ee0494f6d6-18x12.png 18w\" sizes=\"(max-width: 1105px) 100vw, 1105px\" \/>\n\n<img src=\"https:\/\/accesia.info\/wp-content\/uploads\/2024\/04\/39eb297f8eaeb447853697ee0494f6d6.png\" title=\"Captura de Pantalla del Sitio web de Tirant Avant, dise\u00f1ado y desarrollado por Accesia Soluciones.\" alt=\"Captura de Pantalla del Sitio web de Tirant Avant, dise\u00f1ado y desarrollado por Accesia Soluciones.\" srcset=\"https:\/\/accesia.info\/wp-content\/uploads\/2024\/04\/39eb297f8eaeb447853697ee0494f6d6.png 1105w, https:\/\/accesia.info\/wp-content\/uploads\/2024\/04\/39eb297f8eaeb447853697ee0494f6d6-300x216.png 300w, https:\/\/accesia.info\/wp-content\/uploads\/2024\/04\/39eb297f8eaeb447853697ee0494f6d6-1024x737.png 1024w, https:\/\/accesia.info\/wp-content\/uploads\/2024\/04\/39eb297f8eaeb447853697ee0494f6d6-768x553.png 768w, https:\/\/accesia.info\/wp-content\/uploads\/2024\/04\/39eb297f8eaeb447853697ee0494f6d6-18x12.png 18w\" sizes=\"(max-width: 1105px) 100vw, 1105px\" \/>\n<a href=\"https:\/\/museros.org\/\" rel=\"noopener\" target=\"_blank\" > <img src=\"https:\/\/accesia.info\/wp-content\/uploads\/2023\/10\/e9fbdb5fae14e41db9ee97e89c9e4fc6-1-1024x692-614x490.png\" width=\"614\" height=\"490\" title=\"Captura de Pantalla del Sitio web del Ayuntamiento de Museros, con el Asistente de Accesibilidad de Accesia Soluciones.\" alt=\"Captura de Pantalla del Sitio web del Ayuntamiento de Museros, con el Asistente de Accesibilidad de Accesia Soluciones.\"> <\/a>\n<img src=\"https:\/\/accesia.info\/wp-content\/uploads\/2023\/10\/museros-970-369x89.png\" width=\"369\" height=\"89\" title=\"Logo de Museros\" alt=\"Logo de Museros\">\n<img src=\"https:\/\/accesia.info\/wp-content\/uploads\/2023\/10\/museros-970-369x89.png\" width=\"369\" height=\"89\" title=\"Logo de Museros\" alt=\"Logo de Museros\">\n<h2>Ayuntamiento de Museros<\/h2> <p><br>Junto con el Ayuntamiento de Museros nuestro objetivo se centr\u00f3 en mejorar la accesibilidad de sitio web. Implementamos con \u00e9xito nuestro <a href=\"\/asistente-accesibilidad\/\">Asistente de Accesibilidad<\/a>, lo que culmin\u00f3 en una significativa mejora en la accesibilidad del sitio web.<\/p>\n<a href=\"https:\/\/museros.org\/\" rel=\"noopener\" target=\"_blank\" > <img src=\"https:\/\/accesia.info\/wp-content\/uploads\/2023\/10\/e9fbdb5fae14e41db9ee97e89c9e4fc6-1-1024x692-614x490.png\" width=\"614\" height=\"490\" title=\"Captura de Pantalla del Sitio web del Ayuntamiento de Museros, con el Asistente de Accesibilidad de Accesia Soluciones.\" alt=\"Captura de Pantalla del Sitio web del Ayuntamiento de Museros, con el Asistente de Accesibilidad de Accesia Soluciones.\"> <\/a>\n\n<img src=\"https:\/\/accesia.info\/wp-content\/uploads\/2024\/06\/images-removebg-preview-207x123.png\" width=\"207\" height=\"123\" title=\"Logo de Igtel Comunicaciones\" alt=\"Logo de Igtel Comunicaciones\" srcset=\"https:\/\/accesia.info\/wp-content\/uploads\/2024\/06\/images-removebg-preview-207x123.png 207w, https:\/\/accesia.info\/wp-content\/uploads\/2024\/06\/images-removebg-preview-18x12.png 18w\" sizes=\"(max-width: 207px) 100vw, 207px\" \/>\n<img src=\"https:\/\/accesia.info\/wp-content\/uploads\/2024\/06\/images-removebg-preview-177x103.png\" width=\"177\" height=\"103\" title=\"Logo de Igtel Comunicaciones\" alt=\"Logo de Igtel Comunicaciones\">\n<h2>Igtel Telecomunicaciones<\/h2> <p><br>Igtel, Soluciones integrales en Telecomunicaciones, es una empresa especializada en ayudar a empresas, proporcionando servicios de dise\u00f1o, implantaci\u00f3n y de gesti\u00f3n de sistemas de telecomunicaciones.<\/p><p>Implementamos con \u00e9xito nuestro <a href=\"\/asistente-accesibilidad\/\" style=\"\">Asistente de Accesibilidad<\/a>, lo que culmin\u00f3 en una significativa mejora en la accesibilidad del sitio web.<br><\/p>\n<a href=\"https:\/\/igtel.es\/\" rel=\"noopener\" target=\"_blank\" > <img src=\"https:\/\/accesia.info\/wp-content\/uploads\/2024\/06\/5f37df44f3010ccd25a2676baec55c16-1024x636-666x448.png\" width=\"666\" height=\"448\" title=\"Web de Igtel Comunicaciones\" alt=\"Web de Igtel Comunicaciones\" srcset=\"https:\/\/accesia.info\/wp-content\/uploads\/2024\/06\/5f37df44f3010ccd25a2676baec55c16-1024x636-666x448.png 666w, https:\/\/accesia.info\/wp-content\/uploads\/2024\/06\/5f37df44f3010ccd25a2676baec55c16-18x12.png 18w\" sizes=\"(max-width: 666px) 100vw, 666px\" \/> <\/a>\n\n<a href=\"https:\/\/igtel.es\/\" rel=\"noopener\" target=\"_blank\" > <img src=\"https:\/\/accesia.info\/wp-content\/uploads\/2024\/06\/5f37df44f3010ccd25a2676baec55c16-1024x636-642x448.png\" width=\"642\" height=\"448\" title=\"Web de Igtel Comunicaciones\" alt=\"Web de Igtel Comunicaciones\" srcset=\"https:\/\/accesia.info\/wp-content\/uploads\/2024\/06\/5f37df44f3010ccd25a2676baec55c16-1024x636-642x448.png 642w, https:\/\/accesia.info\/wp-content\/uploads\/2024\/06\/5f37df44f3010ccd25a2676baec55c16-18x12.png 18w\" sizes=\"(max-width: 642px) 100vw, 642px\" \/> <\/a>\n<a href=\"http:\/\/www.latrattoriadellupo.com\/\" rel=\"noopener\" target=\"_blank\" > <img src=\"https:\/\/accesia.info\/wp-content\/uploads\/2024\/06\/f3079d66b21ad9941c1dcbb02d6f5276-1024x610-673x391.jpg\" width=\"673\" height=\"391\" title=\"Sitio web de La Trattoria del Lupo\" alt=\"Sitio web de La Trattoria del Lupo\"> <\/a>\n<img src=\"https:\/\/accesia.info\/wp-content\/uploads\/2024\/06\/logo-latrattoria-191x190.png\" width=\"191\" height=\"190\" title=\"Logo de La Trattoria del Lupo\" alt=\"Logo de La Trattoria del Lupo\" srcset=\"https:\/\/accesia.info\/wp-content\/uploads\/2024\/06\/logo-latrattoria-191x190.png 191w, https:\/\/accesia.info\/wp-content\/uploads\/2024\/06\/logo-latrattoria-150x150.png 150w, https:\/\/accesia.info\/wp-content\/uploads\/2024\/06\/logo-latrattoria-12x12.png 12w, https:\/\/accesia.info\/wp-content\/uploads\/2024\/06\/logo-latrattoria-177x177.png 177w\" sizes=\"(max-width: 191px) 100vw, 191px\" \/>\n<img src=\"https:\/\/accesia.info\/wp-content\/uploads\/2024\/06\/logo-latrattoria-177x177.png\" width=\"177\" height=\"177\" title=\"Logo de La Trattoria del Lupo\" alt=\"Logo de La Trattoria del Lupo\" srcset=\"https:\/\/accesia.info\/wp-content\/uploads\/2024\/06\/logo-latrattoria-177x177.png 177w, https:\/\/accesia.info\/wp-content\/uploads\/2024\/06\/logo-latrattoria-150x150.png 150w, https:\/\/accesia.info\/wp-content\/uploads\/2024\/06\/logo-latrattoria-12x12.png 12w, https:\/\/accesia.info\/wp-content\/uploads\/2024\/06\/logo-latrattoria-191x190.png 191w\" sizes=\"(max-width: 177px) 100vw, 177px\" \/>\n<h2>La Trattoria del Lupo<\/h2> <p><br>La Trattoria del Lupo, una pizzer\u00eda italiana con toque internacional que se encuentra ubicado en el precioso marco del parque del Lago de Sanabria en Zamora, Castilla y Le\u00f3n, sitio ideal para el turismo rural.<\/p> <p>Implementamos con \u00e9xito nuestro <a href=\"\/asistente-accesibilidad\/\" style=\"\">Asistente de Accesibilidad<\/a>, lo que result\u00f3 en una significativa mejora en la accesibilidad del sitio web.<\/p>\n<a href=\"http:\/\/www.latrattoriadellupo.com\/\" rel=\"noopener\" target=\"_blank\" > <img src=\"https:\/\/accesia.info\/wp-content\/uploads\/2024\/06\/f3079d66b21ad9941c1dcbb02d6f5276-1024x610-561x338.jpg\" width=\"561\" height=\"338\" title=\"Sitio web de La Trattoria del Lupo\" alt=\"Sitio web de La Trattoria del Lupo\" srcset=\"https:\/\/accesia.info\/wp-content\/uploads\/2024\/06\/f3079d66b21ad9941c1dcbb02d6f5276-1024x610-561x338.jpg 561w, https:\/\/accesia.info\/wp-content\/uploads\/2024\/06\/f3079d66b21ad9941c1dcbb02d6f5276-18x12.jpg 18w\" sizes=\"(max-width: 561px) 100vw, 561px\" \/> <\/a>\n\n<img src=\"https:\/\/accesia.info\/wp-content\/uploads\/2024\/06\/pagina01-3__2_-removebg-1024x328-309x97.png\" width=\"309\" height=\"97\" title=\"Logo de Haztluz\" alt=\"Logo de Haztluz\" srcset=\"https:\/\/accesia.info\/wp-content\/uploads\/2024\/06\/pagina01-3__2_-removebg-1024x328-309x97.png 309w, https:\/\/accesia.info\/wp-content\/uploads\/2024\/06\/pagina01-3__2_-removebg-18x6.png 18w\" sizes=\"(max-width: 309px) 100vw, 309px\" \/>\n<img src=\"https:\/\/accesia.info\/wp-content\/uploads\/2024\/06\/pagina01-3__2_-removebg-1024x328-285x85.png\" width=\"285\" height=\"85\" title=\"Logo de Haztluz\" alt=\"Logo de Haztluz\" srcset=\"https:\/\/accesia.info\/wp-content\/uploads\/2024\/06\/pagina01-3__2_-removebg-1024x328-285x85.png 285w, https:\/\/accesia.info\/wp-content\/uploads\/2024\/06\/pagina01-3__2_-removebg-18x6.png 18w\" sizes=\"(max-width: 285px) 100vw, 285px\" \/>\n<h2>Haztluz<\/h2> <p><br>Dise\u00f1amos y desarrollamos el sitio web de <strong>Haztluz.<\/strong><\/p> <p>Adem\u00e1s implementamos con \u00e9xito nuestro <a href=\"\/asistente-accesibilidad\/\" style=\"\">Asistente de Accesibilidad<\/a>, lo que culmin\u00f3 en una significativa mejora en la accesibilidad del sitio web.<\/p>\n<a href=\"https:\/\/haztluz.com\/\" rel=\"noopener\" target=\"_blank\" > <img src=\"https:\/\/accesia.info\/wp-content\/uploads\/2024\/06\/29c15df54a20da7aab008a81e0e6001f-1024x660-586x377.png\" width=\"586\" height=\"377\" title=\"Sitio web de Haztluz\" alt=\"Sitio web de Haztluz\" srcset=\"https:\/\/accesia.info\/wp-content\/uploads\/2024\/06\/29c15df54a20da7aab008a81e0e6001f-1024x660-586x377.png 586w, https:\/\/accesia.info\/wp-content\/uploads\/2024\/06\/29c15df54a20da7aab008a81e0e6001f-300x193.png 300w, https:\/\/accesia.info\/wp-content\/uploads\/2024\/06\/29c15df54a20da7aab008a81e0e6001f-1024x660.png 1024w, https:\/\/accesia.info\/wp-content\/uploads\/2024\/06\/29c15df54a20da7aab008a81e0e6001f-768x495.png 768w, https:\/\/accesia.info\/wp-content\/uploads\/2024\/06\/29c15df54a20da7aab008a81e0e6001f-18x12.png 18w, https:\/\/accesia.info\/wp-content\/uploads\/2024\/06\/29c15df54a20da7aab008a81e0e6001f.png 1322w\" sizes=\"(max-width: 586px) 100vw, 586px\" \/> <\/a>\n\n<a href=\"https:\/\/haztluz.com\/\" rel=\"noopener\" target=\"_blank\" > <img src=\"https:\/\/accesia.info\/wp-content\/uploads\/2024\/06\/29c15df54a20da7aab008a81e0e6001f-1024x660-612x391.png\" width=\"612\" height=\"391\" title=\"Sitio web de Haztluz\" alt=\"Sitio web de Haztluz\" srcset=\"https:\/\/accesia.info\/wp-content\/uploads\/2024\/06\/29c15df54a20da7aab008a81e0e6001f-1024x660-612x391.png 612w, https:\/\/accesia.info\/wp-content\/uploads\/2024\/06\/29c15df54a20da7aab008a81e0e6001f-300x193.png 300w, https:\/\/accesia.info\/wp-content\/uploads\/2024\/06\/29c15df54a20da7aab008a81e0e6001f-18x12.png 18w\" sizes=\"(max-width: 612px) 100vw, 612px\" \/> <\/a>\n<a href=\"https:\/\/trellat.net\/\" rel=\"noopener\" target=\"_blank\" > <img src=\"https:\/\/accesia.info\/wp-content\/uploads\/2024\/06\/2de22141ce9771ae745592933c2cc746-1024x661-543x326.png\" width=\"543\" height=\"326\" title=\"Sitio web de Trellat\" alt=\"Sitio web de Trellat\" srcset=\"https:\/\/accesia.info\/wp-content\/uploads\/2024\/06\/2de22141ce9771ae745592933c2cc746-1024x661-543x326.png 543w, https:\/\/accesia.info\/wp-content\/uploads\/2024\/06\/2de22141ce9771ae745592933c2cc746-18x12.png 18w, https:\/\/accesia.info\/wp-content\/uploads\/2024\/06\/2de22141ce9771ae745592933c2cc746-1024x661-561x338.png 561w\" sizes=\"(max-width: 543px) 100vw, 543px\" \/> <\/a>\n<img src=\"https:\/\/accesia.info\/wp-content\/uploads\/2024\/06\/1.Trellat-solucions-COLOR-1024x801-206x141-1-208x152.png\" width=\"208\" height=\"152\" title=\"Logo de Trellat Solucions\" alt=\"Logo de Trellat Solucions\" srcset=\"https:\/\/accesia.info\/wp-content\/uploads\/2024\/06\/1.Trellat-solucions-COLOR-1024x801-206x141-1-208x152.png 208w, https:\/\/accesia.info\/wp-content\/uploads\/2024\/06\/1.Trellat-solucions-COLOR-1024x801-206x141-1-18x12.png 18w\" sizes=\"(max-width: 208px) 100vw, 208px\" \/>\n<img src=\"https:\/\/accesia.info\/wp-content\/uploads\/2024\/06\/1.Trellat-solucions-COLOR-1024x801-206x141-1-216x150.png\" width=\"216\" height=\"150\" title=\"Logo de Trellat Solucions\" alt=\"Logo de Trellat Solucions\" srcset=\"https:\/\/accesia.info\/wp-content\/uploads\/2024\/06\/1.Trellat-solucions-COLOR-1024x801-206x141-1-216x150.png 216w, https:\/\/accesia.info\/wp-content\/uploads\/2024\/06\/1.Trellat-solucions-COLOR-1024x801-206x141-1-18x12.png 18w\" sizes=\"(max-width: 216px) 100vw, 216px\" \/>\n<h2>Trellat Solucions<br><\/h2> <p><br>Trellat Solucions, es una consultora del \u00e1mbito de la Innovaci\u00f3n Social.&nbsp;<br><br>Gestionamos su infraestructura tecnol\u00f3gica e implementamos nuestro <a href=\"\/asistente-accesibilidad\/\">Asistente de Accesibilidad<\/a>, lo que result\u00f3 en una significativa mejora en la accesibilidad del sitio web.<\/p>\n<a href=\"https:\/\/trellat.net\/\" rel=\"noopener\" target=\"_blank\" > <img src=\"https:\/\/accesia.info\/wp-content\/uploads\/2024\/06\/2de22141ce9771ae745592933c2cc746-1024x661-561x338.png\" width=\"561\" height=\"338\" title=\"Sitio web de Trellat\" alt=\"Sitio web de Trellat\" srcset=\"https:\/\/accesia.info\/wp-content\/uploads\/2024\/06\/2de22141ce9771ae745592933c2cc746-1024x661-561x338.png 561w, https:\/\/accesia.info\/wp-content\/uploads\/2024\/06\/2de22141ce9771ae745592933c2cc746-18x12.png 18w, https:\/\/accesia.info\/wp-content\/uploads\/2024\/06\/2de22141ce9771ae745592933c2cc746-1024x661-543x326.png 543w\" sizes=\"(max-width: 561px) 100vw, 561px\" \/> <\/a>\n\n<p style=\"text-align: center;\">Si deseas <b>mejorar la accesibilidad de tu sitio web y hacerlo m\u00e1s inclusivo<\/b>, no dudes en ponerte en contacto con nosotros.<\/p> <p style=\"text-align: center;\">Haz clic en el bot\u00f3n de contacto a continuaci\u00f3n y <b>comencemos a trabajar juntos para crear un espacio digital m\u00e1s accesible y amigable para todos.<\/b><\/p>\n<a href=\"\/contacto\" id=\"boton11\"> Contactar <\/a>","_links":{"self":[{"href":"https:\/\/accesia.info\/va\/wp-json\/wp\/v2\/pages\/555","targetHints":{"allow":["GET"]}}],"collection":[{"href":"https:\/\/accesia.info\/va\/wp-json\/wp\/v2\/pages"}],"about":[{"href":"https:\/\/accesia.info\/va\/wp-json\/wp\/v2\/types\/page"}],"author":[{"embeddable":true,"href":"https:\/\/accesia.info\/va\/wp-json\/wp\/v2\/users\/2"}],"replies":[{"embeddable":true,"href":"https:\/\/accesia.info\/va\/wp-json\/wp\/v2\/comments?post=555"}],"version-history":[{"count":123,"href":"https:\/\/accesia.info\/va\/wp-json\/wp\/v2\/pages\/555\/revisions"}],"predecessor-version":[{"id":1630,"href":"https:\/\/accesia.info\/va\/wp-json\/wp\/v2\/pages\/555\/revisions\/1630"}],"wp:attachment":[{"href":"https:\/\/accesia.info\/va\/wp-json\/wp\/v2\/media?parent=555"}],"curies":[{"name":"wp","href":"https:\/\/api.w.org\/{rel}","templated":true}]}}